{"id":495,"date":"2025-01-27T12:44:13","date_gmt":"2025-01-27T11:44:13","guid":{"rendered":"https:\/\/festhalle-bayernland-wp.wedeon.it\/?page_id=495"},"modified":"2026-01-22T12:18:54","modified_gmt":"2026-01-22T11:18:54","slug":"festival-de-folk","status":"publish","type":"page","link":"https:\/\/festhalle-bayernland.de\/es\/festival-de-folk\/","title":{"rendered":"Festivales folcl\u00f3ricos"},"content":{"rendered":"<div>\n<p>        <img decoding=\"async\" src=\"\/wp-content\/uploads\/2025\/08\/60_Jubilaeum_Fruehlingsfest_in_Muenchen_Festhalle_Bayernland_Augustiner_Braeu_Theresienwiese_Schoeniger_2026_Bayern.png\" alt=\"60 Jahre Jubil\u00e4um - M\u00fcnchner Fr\u00fchlingsfest 2026 auf der Theresienwiese. Das Festzelt mit Tradition seit 1971 - Festhalle Bayernland - Augustiner Br\u00e4u\"><\/p>\n<h1>Jetzt reservieren!<\/h1>\n<div>\n<p><span>60. M\u00fcnchner Fr\u00fchlingsfest 2026<br \/>17.04.26 bis 10.05.26<br \/><\/span><\/p>\n<\/div>\n<\/div>\n<ul>\n<li>\n<p>\n        <a href=\"\/wp-content\/uploads\/2025\/11\/AGB_Reservierung-und_Bedingungen-Formblatt2026_Festhalle_Bayernland_Fruehlingsfest_Muenchen_20112025.pdf\">DE | AGB f\u00fcr Reservierungen<\/a>\n    <\/p>\n<\/li>\n<li>\n<p>\n        <a href=\"https:\/\/reservierung.festhalle-bayernland.de\/reservierung\">Zur Reservierung<\/a>\n    <\/p>\n<\/li>\n<li>\n<p>\n        <a href=\"https:\/\/reservia.online\/festhalle-bayernland-registration\/\">Benachrichtigung<\/a>\n    <\/p>\n<\/li>\n<\/ul>\n<h2>H\u00e4ufige Fragen zur Reservierung<\/h2>\n<div>\n<p>Hier finden Sie oft gestellte Fragen rundum Ihre Reservierung.<br \/>\nWir freuen uns auf Ihren Besuch!<\/p>\n<\/div>\n<ul>\n<li>\n<h3>Wieviel Personen haben Platz am Tisch im Mittelschiff oder in einer Box?<\/h3>\n<div>Die Tische im Mittelschiff sowie im Boxenbereich bieten immer Platz f\u00fcr maximal 10 Personen.<\/div>\n<\/li>\n<li>\n<h3>Kann ich auch f\u00fcr weniger als 10 Personen reservieren?<\/h3>\n<div>Wir k\u00f6nnen leider nur ganze Tische reservieren, pro Tisch maximal 10 Personen.<\/div>\n<\/li>\n<li>\n<h3>Ist eine ungerade Anzahl an Pl\u00e4tzen reservierbar?<\/h3>\n<div>Wir k\u00f6nnen leider nur ganze Tische reservieren, pro Tisch maximal 10 Personen.<\/div>\n<\/li>\n<li>\n<h3>Wie lange wird meine Reservierung gehalten?<\/h3>\n<div>\n<p><span>Bitte erscheinen Sie p\u00fcnktlich zur Reservierungszeit. Die reservierten Pl\u00e4tze werden\u00a0<\/span><strong>maximal 15 Minuten<\/strong><span>\u00a0nach der reservierten Zeit gehalten. Danach haben Sie keinen Anspruch mehr auf Ihre Reservierung. Falls Sie noch Wertzeichen am Festb\u00fcro abholen m\u00fcssen, bedenken Sie bitte, dass es hier zu Sto\u00dfzeiten kommen kann. Planen Sie daher eine\u00a0<\/span><strong>Vorlaufzeit von 1 Stunde<\/strong><span>\u00a0bis zu Ihrer Reservierungszeit ein.<\/span><\/p>\n<p><span>Sobald Sie Ihren Reservierungsplatz wieder verlassen, sprechen Sie sich bitte mit der Servicekraft ab. Es werden keine Pl\u00e4tze \u00fcber einen l\u00e4ngeren Zeitpunkt freigehalten.<\/span><\/p>\n<\/div>\n<\/li>\n<li>\n<h3>Was erhalte ich f\u00fcr die Wertzeichen?<\/h3>\n<div>\n<p><span>Die Wertzeichen werden mit allen Speisen und Getr\u00e4nken, die Sie aus unserer Speisekarte entnehmen k\u00f6nnen (Freie Auswahl), verrechnet. Die Wertzeichen werden\u00a0<\/span><strong>nicht verrechnet<\/strong><span>\u00a0mit Souvenir-Artikel, sowie an der Festzelt-BAR.<\/span><\/p>\n<\/div>\n<\/li>\n<li>\n<h3>Ist das Bedienungsgeld oder das Trinkgeld in den Wertzeichen bereits enthalten?<\/h3>\n<div>\n<p><span>Die Preise die Sie aus unserer Speisekarte entnehmen k\u00f6nnen, sind inklusive Bedienungsgeld. Die Servicekraft nennt Ihnen ihren Zahlbetrag und Sie k\u00f6nnen diesen mit den Wertzeichen ausgleichen.<\/span><\/p>\n<p><span>Das Trinkgeld bestimmen Sie selber und k\u00f6nnen es in BAR bei Ihrer Servicekraft ausgleichen.<\/span><\/p>\n<\/div>\n<\/li>\n<li>\n<h3>Wie bezahle ich wenn ich mehr verzehren will als ich Wertzeichen habe?<\/h3>\n<div>\n<p><span>Sie k\u00f6nnen gerne den Mehrverzehr in BAR bei der Servicekraft ausgleichen. Firmenbewirtungen k\u00f6nnen ebenso mit EC Karte ausgeglichen werden. Wir akzeptieren keine Kreditkarten. Im Festzelt befindet sich ein Bankomat am Festb\u00fcro, dort k\u00f6nnen Sie auch Bargeld abheben.<\/span><\/p>\n<\/div>\n<\/li>\n<li>\n<h3>Was mache ich mit den nicht aufgebrauchten Wertzeichen?<\/h3>\n<div>\n<p><span>Die Wertzeichen gelten f\u00fcr die ganze Festzeltsaison der Festhalle Bayernland. Auf der R\u00fcckseite der Wertzeichen finden Sie die einzelnen Veranstaltungsorte f\u00fcr die Saison 2025. Auf allen Veranstaltungen k\u00f6nnen Sie die Wertzeichen einl\u00f6sen.<\/span><\/p>\n<p><span>Die Wertzeichen gelten nicht am M\u00fcnchner Oktoberfest.<\/span><\/p>\n<\/div>\n<\/li>\n<li>\n<h3>Darf ich selber Essen und Trinken mit ins Zelt bringen?<\/h3>\n<div>\n<p><span>Nein, mitgebrachte Speisen und Getr\u00e4nke k\u00f6nnen im Festzelt nicht verzehrt werden.<\/span><\/p>\n<\/div>\n<\/li>\n<li>\n<h3>Wen kann ich kontaktieren, wenn ich au\u00dfergew\u00f6hnliche Fragen habe oder meine Online-Reservierung nicht funktioniert hat?<\/h3>\n<div>\n<p><span>Gerne helfen wir Ihnen weiter unter 0172 \/ 8530771 zu den \u00fcblichen B\u00fcrozeiten.<\/span><br \/><span>(09:00 Uhr bis 12:00 Uhr und von 13:00 Uhr bis 17:00 Uhr)<\/span><\/p>\n<\/div>\n<\/li>\n<\/ul>\n<div><a href=\"https:\/\/reservierung.festhalle-bayernland.de\/reservation\/\"><\/p>\n<p>M\u00fcnchner<br \/>Fr\u00fchlingsfest<\/p>\n<p><\/a><\/div>\n<div>\n<h3>Reservierungslink<\/h3>\n<div>\n<p><strong><a href=\"https:\/\/festhalle-bayernland.de\/de\/volksfest\/fruehlingsfest-muenchen-theresienwiese-wiesn\/reservierung\/\">Zur Reservierung<\/a><\/strong><\/p>\n<\/div>\n<p><a href=\"https:\/\/festhalle-bayernland.de\/de\/volksfest\/fruehlingsfest-muenchen-theresienwiese-wiesn\/reservierung\/\">Zur Reservierung<\/a><\/p>\n<\/div>\n<div>\n<p>        <img decoding=\"async\" src=\"\/wp-content\/uploads\/2025\/07\/fruehlingsfest_muenchen_wiesn_theresienwiese_festhalle-bayernland_festzelt_oktoberfest_schoeniger.jpg\" alt=\"60. M\u00fcnchner Fr\u00fchlingsfest auf der Thersienwiese in der Festhalle Bayernland.\"><\/p>\n<p><a href=\"https:\/\/festhalle-bayernland.de\/de\/volksfest\/fruehlingsfest-muenchen-theresienwiese-wiesn\/\"><\/a><\/p>\n<\/div>\n<div><a href=\"https:\/\/festhallebayernland.events.festzelt-os.app\/reservierung\">N\u00f6rdlinger<br \/>Mess\u00b4<\/a><\/div>\n<div>\n<h3>Reservierungslink<\/h3>\n<div>\n<p><strong><a href=\"https:\/\/festhalle-bayernland.de\/de\/volksfest\/noerdlinger-mess\/\" target=\"_blank\">Zur Reservierung<\/a><\/strong><\/p>\n<\/div>\n<\/div>\n<div>\n<p>        <img decoding=\"async\" src=\"\/wp-content\/uploads\/2026\/01\/Feste-Bilder-Augustiner-1200x1000px-webopt.jpg\" alt=\"Reservierung im Festzelt auf der N\u00f6rdlinger Mess\u00b4 in N\u00f6rdlingen\"><\/p>\n<p><a href=\"https:\/\/festhalle-bayernland.de\/de\/volksfest\/noerdlinger-mess\/\"><\/a><\/p>\n<\/div>\n<div><a href=\"\/kontakt\/\">Gillamoos<\/p>\n<div>Abensberg<\/div>\n<p><\/a><\/div>\n<div>\n<h3>Reservierungslink<\/h3>\n<div>\n<p><a href=\"\/volksfest\/\"><strong>Zur Reservierung<\/strong><\/a><\/p>\n<\/div>\n<p><a href=\"\/reservierung\/\">Read more<\/a><\/p>\n<\/div>\n<div>\n<p>        <img decoding=\"async\" src=\"\/wp-content\/uploads\/2025\/03\/Feste-Bilder-1200x1000px-Abensberg.jpg\" alt=\"Reservierung Gillamoos Abensberg\"><\/p>\n<p><a href=\"https:\/\/festhalle-bayernland.de\/de\/\"><\/a><\/p>\n<\/div>\n<div><a href=\"\/kontakt\/\"><\/p>\n<p>Gallimarkt<br \/>Mainburg<\/p>\n<p><\/a><\/div>\n<div>\n<h3>Reservierungslink<\/h3>\n<div>\n<p><strong><a href=\"\/volksfest\/gallimarkt-mainburg\/\">Zur Reservierung<\/a><\/strong><\/p>\n<\/div>\n<p><a href=\"\/reservierung\/\">Read more<\/a><\/p>\n<\/div>\n<div>\n<p>        <img decoding=\"async\" src=\"\/wp-content\/uploads\/2025\/03\/Feste-Bilder-1200x1000px-Mainburg.jpg\" alt=\"Reservierung Gallimarkt Mainburg\"><\/p>\n<p><a href=\"https:\/\/festhalle-bayernland.de\/de\/volksfest\/gallimarkt-mainburg\/\"><\/a><\/p>\n<\/div>\n<p><!--more--><br \/>\n<!-- {\"type\":\"layout\",\"children\":[{\"type\":\"section\",\"props\":{\"image\":\"wp-content\\\/uploads\\\/2025\\\/01\\\/Fond-GrauMuster1-AdobeStock_297899176-dunkel-scharf1-scaled.jpg\",\"image_position\":\"center-center\",\"image_size\":\"cover\",\"media_overlay\":\"rgba(0, 0, 0, 0.5)\",\"padding\":\"large\",\"padding_remove_bottom\":false,\"padding_remove_top\":false,\"style\":\"default\",\"text_color\":\"light\",\"title_breakpoint\":\"xl\",\"title_position\":\"top-left\",\"title_rotation\":\"left\",\"vertical_align\":\"\",\"width\":\"expand\"},\"children\":[{\"type\":\"row\",\"props\":{\"css\":\"@media (min-width: 960px) {\\n    .el-row { height: 50vh; }\\n}\",\"height_offset_top\":false,\"height_viewport\":0,\"margin\":\"default\",\"margin_remove_bottom\":false,\"yooessentials_access_conditions\":[],\"yooessentials_access_mode\":\"AND\"},\"children\":[{\"type\":\"column\",\"props\":{\"image_position\":\"center-center\",\"position_blend\":false,\"position_sticky_breakpoint\":\"s\"},\"children\":[{\"type\":\"panel\",\"props\":{\"animation\":\"none\",\"blend\":false,\"block_align\":\"center\",\"content\":\"\n\n<p><span>60. M\\u00fcnchner Fr\\u00fchlingsfest 2026<br \\\/>17.04.26 bis 10.05.26<br \\\/><\\\/span><\\\/p>\",\"content_column_breakpoint\":\"m\",\"content_style\":\"h2\",\"css\":\".el-element {\\n    width: auto !important;\\n}\",\"icon_width\":80,\"image\":\"wp-content\\\/uploads\\\/2025\\\/08\\\/60_Jubilaeum_Fruehlingsfest_in_Muenchen_Festhalle_Bayernland_Augustiner_Braeu_Theresienwiese_Schoeniger_2026_Bayern.png\",\"image_align\":\"bottom\",\"image_alt\":\"60 Jahre Jubil\\u00e4um - M\\u00fcnchner Fr\\u00fchlingsfest 2026 auf der Theresienwiese. Das Festzelt mit Tradition seit 1971 - Festhalle Bayernland - Augustiner Br\\u00e4u\",\"image_grid_breakpoint\":\"m\",\"image_grid_width\":\"1-2\",\"image_height\":133,\"image_svg_color\":\"emphasis\",\"image_width\":133,\"link_style\":\"default\",\"link_text\":\"Read more\",\"margin\":\"default\",\"margin_remove_bottom\":false,\"margin_remove_top\":false,\"maxwidth\":\"large\",\"meta\":\"\",\"meta_align\":\"below-title\",\"meta_element\":\"div\",\"meta_style\":\"text-meta\",\"parallax_blur\":\"50\",\"parallax_breakpoint\":\"m\",\"parallax_end\":\"45vh\",\"parallax_opacity\":\"1,0\",\"parallax_start\":\"40vh\",\"parallax_target\":\"!.tm-grid-expand>*\",\"position_bottom\":\"0\",\"text_align\":\"center\",\"title\":\"Jetzt reservieren!\",\"title_align\":\"top\",\"title_color\":\"muted\",\"title_element\":\"h1\",\"title_font_family\":\"secondary\",\"title_grid_breakpoint\":\"m\",\"title_grid_width\":\"1-2\",\"title_hover_style\":\"reset\",\"title_style\":\"heading-large\"},\"name\":\"Jetzt reservieren - 60. Jubil\\u00e4ums Fr\\u00fchlingsfest M\\u00fcnchen\"},{\"type\":\"fragment\",\"props\":{\"margin\":\"default\"},\"children\":[{\"type\":\"row\",\"children\":[{\"type\":\"column\",\"props\":{\"image_position\":\"center-center\",\"position_sticky_breakpoint\":\"m\",\"vertical_align\":\"middle\"},\"children\":[{\"type\":\"fragment\",\"props\":{\"margin\":\"default\"},\"children\":[{\"type\":\"row\",\"props\":{\"alignment\":\"center\"},\"children\":[{\"type\":\"column\",\"props\":{\"image_position\":\"center-center\",\"position_sticky_breakpoint\":\"m\"},\"children\":[{\"type\":\"button\",\"props\":{\"grid_column_gap\":\"small\",\"grid_row_gap\":\"small\",\"margin\":\"default\",\"text_align\":\"center\"},\"children\":[{\"type\":\"button_item\",\"props\":{\"button_style\":\"default\",\"content\":\"DE | AGB f\\u00fcr Reservierungen\",\"dialog_layout\":\"modal\",\"dialog_offcanvas_flip\":true,\"icon\":\"chevron-double-right\",\"icon_align\":\"left\",\"link\":\"wp-content\\\/uploads\\\/2025\\\/11\\\/AGB_Reservierung-und_Bedingungen-Formblatt2026_Festhalle_Bayernland_Fruehlingsfest_Muenchen_20112025.pdf\",\"link_target\":\"blank\",\"link_title\":\"Allgemeine Gesch\\u00e4ftsbedingungen\"}},{\"type\":\"button_item\",\"props\":{\"button_style\":\"default\",\"content\":\"Zur Reservierung\",\"dialog_layout\":\"modal\",\"dialog_offcanvas_flip\":true,\"icon\":\"chevron-double-right\",\"icon_align\":\"left\",\"link\":\"https:\\\/\\\/reservierung.festhalle-bayernland.de\\\/reservierung\",\"link_target\":\"blank\",\"link_title\":\"Zur Reservierung M\\u00fcnchner Fr\\u00fchlingfest 2026\"}},{\"type\":\"button_item\",\"props\":{\"button_style\":\"default\",\"content\":\"Benachrichtigung\",\"dialog_layout\":\"modal\",\"dialog_offcanvas_flip\":true,\"icon\":\"chevron-double-right\",\"icon_align\":\"left\",\"link\":\"https:\\\/\\\/reservia.online\\\/festhalle-bayernland-registration\\\/\",\"link_target\":\"blank\",\"link_title\":\"Benachrichtigung aktivieren - Erfahren Sie fr\\u00fchzeitig, wenn Reservierungen freigeschaltet werden.\"}},{\"type\":\"button_item\",\"props\":{\"button_style\":\"default\",\"content\":\"EN | Terms and Condition\",\"dialog_layout\":\"modal\",\"dialog_offcanvas_flip\":true,\"icon\":\"chevron-double-right\",\"icon_align\":\"left\",\"link\":\"wp-content\\\/uploads\\\/2025\\\/03\\\/Terms_Conditions_Reservation-Form_2025_Festhalle_Bayernland_Munich_Springfest_Fruehlingsfest_07012025.pdf\",\"link_title\":\"Terms and Condition\",\"status\":\"disabled\"}}]}]}]}]}]}]}]}]}]}],\"name\":\"Resevierung Fr\\u00fchlingsfest M\\u00fcnchen\"},{\"type\":\"section\",\"props\":{\"image\":\"wp-content\\\/uploads\\\/2025\\\/01\\\/Fond-GrauMuster1-AdobeStock_297899176-dunkel-scharf1-scaled.jpg\",\"image_position\":\"center-center\",\"image_size\":\"cover\",\"media_overlay\":\"rgba(0, 0, 0, 0.5)\",\"padding\":\"large\",\"padding_remove_bottom\":false,\"padding_remove_top\":false,\"status\":\"disabled\",\"style\":\"default\",\"text_color\":\"light\",\"title_breakpoint\":\"xl\",\"title_position\":\"top-left\",\"title_rotation\":\"left\",\"vertical_align\":\"\",\"width\":\"expand\"},\"children\":[{\"type\":\"row\",\"props\":{\"css\":\"@media (min-width: 960px) {\\n    .el-row { height: 30vh; }\\n}\",\"height_offset_top\":false,\"height_viewport\":0,\"margin\":\"default\",\"margin_remove_bottom\":false,\"yooessentials_access_conditions\":[],\"yooessentials_access_mode\":\"AND\"},\"children\":[{\"type\":\"column\",\"props\":{\"image_position\":\"center-center\",\"position_blend\":false,\"position_sticky_breakpoint\":\"s\"},\"children\":[{\"type\":\"panel\",\"props\":{\"animation\":\"none\",\"block_align\":\"center\",\"content\":\"\n\n<p>GILLAMOOS 2025 Abensberg<br \\\/>04.09.25 \\u2013 08.09.25<\\\/p>\",\"content_column_breakpoint\":\"m\",\"content_style\":\"h2\",\"css\":\".el-element {\\n    width: auto !important;\\n}\",\"icon_width\":80,\"image_align\":\"top\",\"image_grid_breakpoint\":\"m\",\"image_grid_width\":\"1-2\",\"image_svg_color\":\"emphasis\",\"link_style\":\"default\",\"link_text\":\"Read more\",\"margin\":\"default\",\"maxwidth\":\"large\",\"meta\":\"\",\"meta_align\":\"below-title\",\"meta_element\":\"div\",\"meta_style\":\"text-meta\",\"parallax_blur\":\"50\",\"parallax_breakpoint\":\"m\",\"parallax_end\":\"45vh\",\"parallax_opacity\":\"1,0\",\"parallax_start\":\"40vh\",\"parallax_target\":\"!.tm-grid-expand>*\",\"text_align\":\"center\",\"title\":\"Jetzt reservieren!\",\"title_align\":\"top\",\"title_color\":\"muted\",\"title_element\":\"h1\",\"title_font_family\":\"secondary\",\"title_grid_breakpoint\":\"m\",\"title_grid_width\":\"1-2\",\"title_hover_style\":\"reset\",\"title_style\":\"heading-large\"}},{\"type\":\"fragment\",\"props\":{\"margin\":\"default\"},\"children\":[{\"type\":\"row\",\"children\":[{\"type\":\"column\",\"props\":{\"image_position\":\"center-center\",\"position_sticky_breakpoint\":\"m\",\"vertical_align\":\"middle\"},\"children\":[{\"type\":\"fragment\",\"props\":{\"margin\":\"default\"},\"children\":[{\"type\":\"row\",\"props\":{\"alignment\":\"center\"},\"children\":[{\"type\":\"column\",\"props\":{\"image_position\":\"center-center\",\"position_sticky_breakpoint\":\"m\"},\"children\":[{\"type\":\"button\",\"props\":{\"css\":\".el-content {\\n    line-height: 18px;\\n    padding: 10px;\\n}\",\"grid_column_gap\":\"small\",\"grid_row_gap\":\"small\",\"margin\":\"default\",\"text_align\":\"center\"},\"children\":[{\"type\":\"button_item\",\"props\":{\"button_style\":\"default\",\"content\":\"DE | AGB f\\u00fcr Reservierungen\",\"dialog_layout\":\"modal\",\"dialog_offcanvas_flip\":true,\"icon\":\"chevron-double-right\",\"icon_align\":\"left\",\"link\":\"wp-content\\\/uploads\\\/2025\\\/07\\\/AGB_Reservierung-und_Bedingungen-2025-Gillamoos.pdf\",\"link_target\":\"blank\",\"link_title\":\"Allgemeine Gesch\\u00e4ftsbedingungen\"}},{\"type\":\"button_item\",\"props\":{\"button_style\":\"default\",\"content\":\"RESERVIERUNG NUR NOCH IM FESTZELT M\\u00d6GLICH\",\"dialog_layout\":\"modal\",\"dialog_offcanvas_flip\":true,\"icon\":\"chevron-double-right\",\"icon_align\":\"left\",\"link\":\"#\",\"link_target\":\"blank\",\"link_title\":\"Zur Reservierung Gillamoos 2025\"}},{\"type\":\"button_item\",\"props\":{\"button_style\":\"default\",\"content\":\"EN | Terms and Condition\",\"dialog_layout\":\"modal\",\"dialog_offcanvas_flip\":true,\"icon\":\"chevron-double-right\",\"icon_align\":\"left\",\"link\":\"wp-content\\\/uploads\\\/2025\\\/03\\\/Terms_Conditions_Reservation-Form_2025_Festhalle_Bayernland_Munich_Springfest_Fruehlingsfest_07012025.pdf\",\"link_title\":\"Terms and Condition\",\"status\":\"disabled\"}}]}]}]}]}]}]}]},{\"type\":\"text\",\"props\":{\"column_breakpoint\":\"m\",\"content\":\"\n\n<p>Das Onlineportal f\\u00fcr die Reservierungen Gillamoos 2025 ist geschlossen.<br \\\/>Ab dem <strong>01.09.25<\\\/strong> sind Reservierungen nur noch vor Ort auf der Gillamooswiese in unserem Festzelt m\\u00f6glich.<\\\/p>\\n\n\n<p>- \\u00d6ffnungszeiten vom Festzeltb\\u00fcro sind von 9:00 - 12:00 und 13:00 - 16:00 Uhr -<\\\/p>\\n\n\n<p><\\\/p>\\n\n\n<p><br \\\/><br \\\/><\\\/p>\",\"margin\":\"default\",\"text_align\":\"center\"}}]}]}],\"name\":\"Volksfeste\"},{\"type\":\"section\",\"props\":{\"css\":\".el-section {\\n    border-top: solid 5px #c0a551;\\n   \\\/* border-bottom: solid 5px #c0a551; *\\\/\\n}\",\"image\":\"wp-content\\\/uploads\\\/2025\\\/01\\\/Fond-GrauMuster1-AdobeStock_297899176-dunkel-scharf1-scaled.jpg\",\"image_position\":\"center-center\",\"image_size\":\"cover\",\"media_overlay\":\"rgba(0, 0, 0, 0.5)\",\"padding\":\"large\",\"padding_remove_bottom\":false,\"padding_remove_top\":false,\"status\":\"disabled\",\"style\":\"default\",\"text_color\":\"light\",\"title_breakpoint\":\"xl\",\"title_position\":\"top-left\",\"title_rotation\":\"left\",\"vertical_align\":\"\",\"width\":\"expand\"},\"children\":[{\"type\":\"row\",\"children\":[{\"type\":\"column\",\"props\":{\"image_position\":\"center-center\",\"position_sticky_breakpoint\":\"m\"},\"children\":[{\"type\":\"headline\",\"props\":{\"content\":\"Allgemeine Hinweise zur Reservierung\",\"margin\":\"xlarge\",\"margin_remove_bottom\":true,\"title_element\":\"h2\",\"title_font_family\":\"secondary\",\"title_style\":\"heading-small\"}},{\"type\":\"text\",\"props\":{\"column_breakpoint\":\"m\",\"content\":\"\n\n<p><span><strong>N\\u00e4chste Festzelt Veranstaltungen 2025:<\\\/strong><\\\/span><\\\/p>\\n\n\n<p><strong>N\\u00f6rdlinger Mess`<\\\/strong><br \\\/>21.06.2025 - 30.06.2025<br \\\/><br \\\/><strong><span class=\\\"blink\\\">Wichtiger Hinweis:<\\\/span><\\\/strong><br \\\/>Reservierungen f\\u00fcr die N\\u00f6rdlinger Mess\\u00b425 sind kostenfrei. Selbstmitgebrachte Speisen oder Getr\\u00e4nke d\\u00fcrfen nicht an reservierten Tischen verzehrt werden. Bei Interesse an einer Reservierung in einer Box, melden Sie sich bitte per E-Mail.\\u00a0<\\\/p>\",\"margin\":\"default\"}},{\"type\":\"headline\",\"props\":{\"content\":\"Reservierungszeiten\",\"status\":\"disabled\",\"title_element\":\"h3\",\"title_style\":\"h2\"}},{\"type\":\"text\",\"props\":{\"column_breakpoint\":\"m\",\"content\":\"\n\n<p>F\\u00fcr folgende Uhrzeiten k\\u00f6nnen Sie Tische reservieren:<\\\/p>\\n\n\n<ul>\\n\n\n<li><strong>Mittagsreservierung<\\\/strong><br \\\/>11:00 \\u2013 16:00 Uhr\\u00a0\\u00a0 \\u00a0Mittelschiff<br \\\/>11:00 \\u2013 17:00 Uhr\\u00a0\\u00a0 \\u00a0Randboxen<\\\/li>\\n\n\n<li><strong>Abendreservierung<\\\/strong><br \\\/>17:00 \\u2013 22:30 Uhr\\u00a0\\u00a0 \\u00a0Mittelschiff<br \\\/>18:00 \\u2013 22:30 Uhr\\u00a0\\u00a0 \\u00a0Randboxen<\\\/li>\\n<\\\/ul>\",\"margin\":\"default\"}},{\"type\":\"headline\",\"props\":{\"content\":\"Wertzeichen \\\/ Mindestabnahme\\\/ Bewirtungsrechnung\",\"title_element\":\"h2\"}},{\"type\":\"text\",\"props\":{\"column_breakpoint\":\"m\",\"content\":\"\n\n<ul>\\n\n\n<li>Als Mindestabnahme pro Tisch werden 60 Wertzeichen a 12,- Euro in Rechnung gestellt.<br \\\/>(Gesamtpreis Tisch 720,00 Euro) - Platzbedarf pro Tisch sind bis 10 Personen<br \\\/><br \\\/><\\\/li>\\n\n\n<li>Bearbeitungsgeb\\u00fchr pro Tisch betr\\u00e4gt 15,00 Euro<br \\\/><br \\\/><\\\/li>\\n\n\n<li>Die Wertzeichen werden ausschlie\\u00dflich versandt. Der Versand erfolgt ab Ende Januar 2025. Die H\\u00f6he der tats\\u00e4chlichen Versandkosten richtet sich nach dem Bestellwert. Die Kosten rechnen sich nach dem Versicherungswert des Paketes sowie ob national oder international versendet wird. Die Pakete werden per Kurier versandt und nur gegen Unterschrift pers\\u00f6nlich zugestellt oder beim Nachbarn gegen Unterschrift abgegeben.<br \\\/><br \\\/><\\\/li>\\n\n\n<li>Sch\\u00f6nigers Feinschmeckerbrettl vorab<br \\\/>Echte Schmankerl zur Einstimmung und feinste Delikatessen - (Preis pro Tisch 94,50 \\u20ac) wartet bereits bei Ankunft auf Sie. (zubuchbar bereits im<span>\\u00a0<\\\/span>Online-Reservierungssystem)<br \\\/><br \\\/><\\\/li>\\n\n\n<li>Die Wertzeichen werden mit 12 Euro f\\u00fcr alle Speisen und Getr\\u00e4nke, die wir auf unserer Speisen und Getr\\u00e4nkekarte anbieten, verrechnet. Nicht g\\u00fcltig sind die Wertzeichen an der Bar oder f\\u00fcr Souvenirartikel.<br \\\/><br \\\/><\\\/li>\\n\n\n<li>Im Reservierungsbereich ist keine Selbstbedienung gestattet.<br \\\/>Die Preise die sie aus unserer Speisekarte entnehmen, sind inklusive Bedienungsgeld. Es ist nicht mit Trinkgeld zu verwechseln \\u00fcber das sich jede Bedienung nat\\u00fcrlich freut.<br \\\/>Bei der Rechnungsstellung der Wertzeichen f\\u00e4llt keine Umsatzsteuer an, da es sich um Mehrzweckwertzeichen handelt.<br \\\/><br \\\/><\\\/li>\\n\n\n<li>Die Wertzeichen sind f\\u00fcr den gesamten Zeitraum des Fr\\u00fchlingsfestes im gleichen Jahr g\\u00fcltig, nicht nur an dem Tag, an dem Sie Ihre Reservierung haben. Die weiteren Feste auf denen die Wertzeichen g\\u00fcltig sind, stehen auf der R\\u00fcckseite des Wertzeichens.<span>\\u00a0<\\\/span><strong>Die Wertzeichen sind nicht g\\u00fcltig am M\\u00fcnchner Oktoberfest.<\\\/strong><br \\\/><br \\\/><\\\/li>\\n\n\n<li>Wenn Sie eine Bewirtungsrechnung ben\\u00f6tigen, teilen Sie dies bitte vor Beginn der Bestellungen bereits der Servicekraft mit. Die Abrechnung wird am Ende Ihrer Reservierung erstellt und Ihnen zur Vorlage gebracht. Durch Ihre Bezahlung best\\u00e4tigen Sie die Richtigkeit. Sp\\u00e4tere Reklamationen sind nicht mehr nachvollziehbar und daher ausgeschlossen. Sp\\u00e4tere Quittungen k\\u00f6nnen nicht mehr ausgestellt werden f\\u00fcr den Tag der Bewirtung.\\u00a0<\\\/li>\\n<\\\/ul>\",\"margin\":\"default\"}},{\"type\":\"headline\",\"props\":{\"content\":\"Vorverkauf von Wertzeichen ohne Reservierung\",\"title_element\":\"h2\"}},{\"type\":\"text\",\"props\":{\"column_breakpoint\":\"m\",\"content\":\"\n\n<p><span>M\\u00f6chten Sie Wertzeichen OHNE eine eine Tischreservierung kaufen, k\\u00f6nnen Sie das ebenso \\u00fcber das Reservierungsportal t\\u00e4tigen. Das Programm f\\u00fchrt Sie verst\\u00e4ndlich durch das Men\\u00fc.<\\\/span><\\\/p>\",\"margin\":\"default\"}},{\"type\":\"headline\",\"props\":{\"content\":\"Zahlarten\",\"title_element\":\"h2\"}},{\"type\":\"text\",\"props\":{\"column_breakpoint\":\"m\",\"content\":\"\n\n<p>Sie k\\u00f6nnen Ihre Online-Reservierungen innerhalb von 7 Banktagen per IBAN\\\/Lastschrift oder Kreditkarte bezahlen.<\\\/p>\",\"margin\":\"default\"}},{\"type\":\"headline\",\"props\":{\"content\":\"Stornierung\",\"title_element\":\"h2\"}},{\"type\":\"text\",\"props\":{\"column_breakpoint\":\"m\",\"content\":\"\n\n<p><span>Stornierungen sind nur in schriftlicher Form zul\\u00e4ssig. Ebenso k\\u00f6nnen Stornierungen nur tischweise erfolgen. Im Falle einer Stornierung bis zum 01.04.2025 des jeweiligen Jahres werden von Ihnen geleistete Zahlungen f\\u00fcr die Wertzeichen minus 10 % Stornogeb\\u00fchr abz\\u00fcglich der Bearbeitungsgeb\\u00fchr und Versandkosten erstattet, nachdem Sie uns (sofern bereits \\u00fcbergeben) die Wertzeichen und Einlassb\\u00e4nder zur\\u00fcckgegeben haben.<\\\/span><br \\\/><br \\\/><span>Nach dem 01.04.2025 belaufen sich die Stornogeb\\u00fchren auf 20 %.<\\\/span><br \\\/><br \\\/><span>Im Falle einer g\\u00e4nzlichen Absage des M\\u00fcnchner Fr\\u00fchlingsfestes erhalten Sie die bereits bezahlte Geb\\u00fchr f\\u00fcr die Wertzeichen zur\\u00fcck. Reservierungsgeb\\u00fchr und Versandgeb\\u00fchr werden aus Bearbeitungsgr\\u00fcnden einbehalten. Weitere Anspr\\u00fcche gegen\\u00fcber der H. u. P. Sch\\u00f6niger GmbH sind in diesem Fall ausgeschlossen.<\\\/span><\\\/p>\",\"margin\":\"default\"}}]}]}],\"name\":\"Volksfeste\"},{\"type\":\"section\",\"props\":{\"css\":\".el-section {\\n    border-top: solid 5px #c0a551;\\n   \\\/* border-bottom: solid 5px #c0a551; *\\\/\\n}\",\"image\":\"wp-content\\\/uploads\\\/2025\\\/01\\\/Fond-GrauMuster1-AdobeStock_297899176-dunkel-scharf1-scaled.jpg\",\"image_position\":\"center-center\",\"image_size\":\"cover\",\"media_overlay\":\"rgba(0, 0, 0, 0.5)\",\"padding\":\"large\",\"padding_remove_bottom\":false,\"padding_remove_top\":false,\"style\":\"default\",\"text_color\":\"light\",\"title_breakpoint\":\"xl\",\"title_position\":\"top-left\",\"title_rotation\":\"left\",\"vertical_align\":\"\",\"width\":\"expand\"},\"children\":[{\"type\":\"row\",\"children\":[{\"type\":\"column\",\"props\":{\"image_position\":\"center-center\",\"position_sticky_breakpoint\":\"m\"},\"children\":[{\"type\":\"headline\",\"props\":{\"content\":\"H\\u00e4ufige Fragen zur Reservierung\",\"margin\":\"xlarge\",\"margin_remove_bottom\":true,\"title_element\":\"h2\",\"title_font_family\":\"secondary\",\"title_style\":\"heading-small\"}},{\"type\":\"text\",\"props\":{\"column_breakpoint\":\"m\",\"content\":\"\n\n<p>Hier finden Sie oft gestellte Fragen rundum Ihre Reservierung.\\nWir freuen uns auf Ihren Besuch!<\\\/p>\",\"margin\":\"default\"}},{\"type\":\"accordion\",\"props\":{\"collapsible\":true,\"content_column_breakpoint\":\"m\",\"image_align\":\"top\",\"image_grid_breakpoint\":\"m\",\"image_grid_width\":\"1-2\",\"image_svg_color\":\"emphasis\",\"link_style\":\"default\",\"link_text\":\"Read more\",\"show_image\":true,\"show_link\":true},\"children\":[{\"type\":\"accordion_item\",\"props\":{\"content\":\"Die Tische im Mittelschiff sowie im Boxenbereich bieten immer Platz f\\u00fcr maximal 10 Personen.\",\"title\":\"Wieviel Personen haben Platz am Tisch im Mittelschiff oder in einer Box?\"}},{\"type\":\"accordion_item\",\"props\":{\"content\":\"Wir k\\u00f6nnen leider nur ganze Tische reservieren, pro Tisch maximal 10 Personen.\",\"title\":\"Kann ich auch f\\u00fcr weniger als 10 Personen reservieren?\"}},{\"type\":\"accordion_item\",\"props\":{\"content\":\"Wir k\\u00f6nnen leider nur ganze Tische reservieren, pro Tisch maximal 10 Personen.\",\"title\":\"Ist eine ungerade Anzahl an Pl\\u00e4tzen reservierbar?\"}},{\"type\":\"accordion_item\",\"props\":{\"content\":\"Ein Tisch mit Platz f\\u00fcr maximal 10 Personen kostet 720,00 Euro. Das berechnet sich aus 60 Wertzeichen f\\u00fcr je 12,00 Euro. Ebenso erheben wir eine Bearbeitungsgeb\\u00fchr f\\u00fcr die Reservierung von 15,00 Euro pro Tisch.\\nGerne k\\u00f6nnen Sie vorab auch unser beliebtes Sch\\u00f6niger\\u00b4s Feinschmeckerbrettl f\\u00fcr 94,50 Euro mitbestellen. (Dieses k\\u00f6nnen Sie im Online Reservierungssystem mitbuchen.)\",\"status\":\"disabled\",\"title\":\"Was kostet eine Reservierung?\"}},{\"type\":\"accordion_item\",\"props\":{\"content\":\"\n\n<p><span>Bitte erscheinen Sie p\\u00fcnktlich zur Reservierungszeit. Die reservierten Pl\\u00e4tze werden\\u00a0<\\\/span><strong>maximal 15 Minuten<\\\/strong><span>\\u00a0nach der reservierten Zeit gehalten. Danach haben Sie keinen Anspruch mehr auf Ihre Reservierung. Falls Sie noch Wertzeichen am Festb\\u00fcro abholen m\\u00fcssen, bedenken Sie bitte, dass es hier zu Sto\\u00dfzeiten kommen kann. Planen Sie daher eine\\u00a0<\\\/span><strong>Vorlaufzeit von 1 Stunde<\\\/strong><span>\\u00a0bis zu Ihrer Reservierungszeit ein.<\\\/span><br \\\/><br \\\/><span>Sobald Sie Ihren Reservierungsplatz wieder verlassen, sprechen Sie sich bitte mit der Servicekraft ab. Es werden keine Pl\\u00e4tze \\u00fcber einen l\\u00e4ngeren Zeitpunkt freigehalten.<\\\/span><\\\/p>\",\"title\":\"Wie lange wird meine Reservierung gehalten?\"}},{\"type\":\"accordion_item\",\"props\":{\"content\":\"\n\n<p><span>Die Wertzeichen werden mit allen Speisen und Getr\\u00e4nken, die Sie aus unserer Speisekarte entnehmen k\\u00f6nnen (Freie Auswahl), verrechnet. Die Wertzeichen werden\\u00a0<\\\/span><strong>nicht verrechnet<\\\/strong><span>\\u00a0mit Souvenir-Artikel, sowie an der Festzelt-BAR.<\\\/span><\\\/p>\",\"title\":\"Was erhalte ich f\\u00fcr die Wertzeichen?\"}},{\"type\":\"accordion_item\",\"props\":{\"content\":\"\n\n<p><span>Die Preise die Sie aus unserer Speisekarte entnehmen k\\u00f6nnen, sind inklusive Bedienungsgeld. Die Servicekraft nennt Ihnen ihren Zahlbetrag und Sie k\\u00f6nnen diesen mit den Wertzeichen ausgleichen.<\\\/span><\\\/p>\\n\n\n<p><span>Das Trinkgeld bestimmen Sie selber und k\\u00f6nnen es in BAR bei Ihrer Servicekraft ausgleichen.<\\\/span><\\\/p>\",\"title\":\"Ist das Bedienungsgeld oder das Trinkgeld in den Wertzeichen bereits enthalten?\"}},{\"type\":\"accordion_item\",\"props\":{\"content\":\"\n\n<p><span>Sie k\\u00f6nnen gerne den Mehrverzehr in BAR bei der Servicekraft ausgleichen. Firmenbewirtungen k\\u00f6nnen ebenso mit EC Karte ausgeglichen werden. Wir akzeptieren keine Kreditkarten. Im Festzelt befindet sich ein Bankomat am Festb\\u00fcro, dort k\\u00f6nnen Sie auch Bargeld abheben.<\\\/span><\\\/p>\",\"title\":\"Wie bezahle ich wenn ich mehr verzehren will als ich Wertzeichen habe?\"}},{\"type\":\"accordion_item\",\"props\":{\"content\":\"\n\n<p><span>Die Wertzeichen gelten f\\u00fcr die ganze Festzeltsaison der Festhalle Bayernland. Auf der R\\u00fcckseite der Wertzeichen finden Sie die einzelnen Veranstaltungsorte f\\u00fcr die Saison 2025. Auf allen Veranstaltungen k\\u00f6nnen Sie die Wertzeichen einl\\u00f6sen.<\\\/span><br \\\/><br \\\/><span>Die Wertzeichen gelten nicht am M\\u00fcnchner Oktoberfest.<\\\/span><\\\/p>\",\"title\":\"Was mache ich mit den nicht aufgebrauchten Wertzeichen?\"}},{\"type\":\"accordion_item\",\"props\":{\"content\":\"\n\n<p><span>Nein, mitgebrachte Speisen und Getr\\u00e4nke k\\u00f6nnen im Festzelt nicht verzehrt werden.<\\\/span><\\\/p>\",\"title\":\"Darf ich selber Essen und Trinken mit ins Zelt bringen?\"}},{\"type\":\"accordion_item\",\"props\":{\"content\":\"\n\n<p><span>Gerne helfen wir Ihnen weiter unter 0172 \\\/ 8530771 zu den \\u00fcblichen B\\u00fcrozeiten.<\\\/span><br \\\/><span>(09:00 Uhr bis 12:00 Uhr und von 13:00 Uhr bis 17:00 Uhr)<\\\/span><\\\/p>\",\"title\":\"Wen kann ich kontaktieren, wenn ich au\\u00dfergew\\u00f6hnliche Fragen habe oder meine Online-Reservierung nicht funktioniert hat?\"}}]}]}]},{\"type\":\"row\",\"props\":{\"css\":\"\\\/*@media (min-width: 960px) {\\n\\t.el-row {\\n        margin-top: -100vh;\\n        height: 100vh;\\n    }\\n}*\\\/\\n.el-title {\\n    text-shadow: 2px 3px 8px #222;\\n}\\nimg {\\n    border: 3px solid #fff;\\n}\\nimg:hover {\\n    border: 3px solid #fff !important;\\n}\\n.el-meta {\\n color: #fff !important;\\n}\",\"layout\":\"1-4,1-4,1-4,1-4|1-2,1-2,1-2,1-2\",\"margin\":\"xlarge\",\"margin_remove_top\":false,\"parallax\":true,\"yooessentials_access_conditions\":[],\"yooessentials_access_mode\":\"AND\"},\"children\":[{\"type\":\"column\",\"props\":{\"image_position\":\"center-center\",\"position_sticky_breakpoint\":\"\",\"position_sticky_offset\":\"50vh - 50%\",\"width_medium\":\"1-4\",\"width_small\":\"1-2\"},\"children\":[{\"type\":\"headline\",\"props\":{\"animation\":\"parallax\",\"attributes\":\"rel=\\\"nofollow\\\"\",\"blend\":false,\"content\":\"\n\n<p>M\\u00fcnchner<br \\\/>Fr\\u00fchlingsfest<\\\/p>\",\"link\":\"https:\\\/\\\/reservierung.festhalle-bayernland.de\\\/reservation\\\/\",\"link_target\":true,\"parallax_blur\":\"0 70%,100\",\"parallax_breakpoint\":\"m\",\"parallax_easing\":\"0.05\",\"parallax_opacity\":\"1 70%,0\",\"parallax_start\":\"62vh\",\"parallax_target\":\"!.uk-section\",\"parallax_x\":\"100vw,0,0,-100vw\",\"parallax_y\":\"0 68%,-1200\",\"title_element\":\"div\",\"title_font_family\":\"secondary\",\"title_style\":\"h1\"}},{\"type\":\"grid\",\"props\":{\"animation\":\"parallax\",\"content_column_breakpoint\":\"m\",\"content_style\":\"text-small\",\"css\":\".uk-text-small, .uk-grid {\\n    font-size: 16px;\\n}\\n.uk-margin-small .uk-h1 .uk-font-secondary {\\n    margin-bottom: 0px !important;\\n}\\n.uk-grid + .uk-grid-small, .uk-grid + .uk-grid-row-small, .uk-grid-small > .uk-grid-margin, .uk-grid-row-small > .uk-grid-margin, * + .uk-grid-margin-small {\\n    margin-top: 5px;\\n}\\np, .uk-h1 {\\n    margin-bottom: 0px !important;\\n    font-weight: 900;\\n    background: linear-gradient(90deg, #c0a551, #e2d59e);\\n    -webkit-background-clip: text;\\n    -webkit-text-fill-color: transparent;\\n    transition: background 2s ease-in-out;\\n}\\n\\\/*\\n.el-link, .uk-button, .uk-button-default {\\n    font-size: 9px !important;\\n    line-height: 30px;\\n    padding: 0px 15px;\\n}\\n.uk-margin-top {\\n    margin-top: 0px !important;\\n}*\\\/\",\"filter_align\":\"left\",\"filter_all\":true,\"filter_grid_breakpoint\":\"m\",\"filter_grid_width\":\"auto\",\"filter_position\":\"top\",\"filter_style\":\"tab\",\"grid_column_align\":true,\"grid_column_gap\":\"small\",\"grid_default\":\"1\",\"grid_divider\":false,\"grid_medium\":\"\",\"grid_parallax_justify\":false,\"grid_row_align\":false,\"grid_row_gap\":\"small\",\"icon_width\":80,\"image_align\":\"top\",\"image_grid_breakpoint\":\"m\",\"image_grid_width\":\"1-2\",\"image_svg_color\":\"emphasis\",\"item_animation\":true,\"lightbox_bg_close\":true,\"link_style\":\"default\",\"link_text\":\"Read more\",\"margin\":\"small\",\"meta_align\":\"below-title\",\"meta_element\":\"div\",\"meta_style\":\"text-meta\",\"parallax_blur\":\"0 70%,100\",\"parallax_breakpoint\":\"m\",\"parallax_easing\":\"0.05\",\"parallax_start\":\"62vh\",\"parallax_target\":\"!.uk-section\",\"parallax_x\":\"100vw,0,0,-100vw\",\"parallax_y\":\"0 68%,-1200\",\"show_content\":true,\"show_hover_image\":true,\"show_hover_video\":true,\"show_image\":false,\"show_link\":false,\"show_meta\":false,\"show_title\":false,\"show_video\":true,\"title_align\":\"top\",\"title_element\":\"h3\",\"title_grid_breakpoint\":\"m\",\"title_grid_width\":\"1-2\",\"title_hover_style\":\"reset\"},\"children\":[{\"type\":\"grid_item\",\"props\":{\"content\":\"\n\n<p><strong><a href=\\\"https:\\\/\\\/festhalle-bayernland.de\\\/de\\\/volksfest\\\/fruehlingsfest-muenchen-theresienwiese-wiesn\\\/reservierung\\\/\\\">Zur Reservierung<\\\/a><\\\/strong><\\\/p>\",\"image\":\"\",\"link\":\"https:\\\/\\\/festhalle-bayernland.de\\\/de\\\/volksfest\\\/fruehlingsfest-muenchen-theresienwiese-wiesn\\\/reservierung\\\/\",\"link_text\":\"Zur Reservierung\",\"title\":\"Reservierungslink\"}}]},{\"type\":\"overlay\",\"props\":{\"animation\":\"parallax\",\"content\":\"\",\"css\":\".el-title {\\n    text-shadow: 2px 3px 8px #222;\\n}\",\"image\":\"wp-content\\\/uploads\\\/2025\\\/07\\\/fruehlingsfest_muenchen_wiesn_theresienwiese_festhalle-bayernland_festzelt_oktoberfest_schoeniger.jpg\",\"image_alt\":\"60. M\\u00fcnchner Fr\\u00fchlingsfest auf der Thersienwiese in der Festhalle Bayernland.\",\"image_transition\":\"scale-up\",\"image_transition_border\":false,\"image_width\":\"840\",\"link\":\"https:\\\/\\\/festhalle-bayernland.de\\\/de\\\/volksfest\\\/fruehlingsfest-muenchen-theresienwiese-wiesn\\\/\",\"link_margin\":\"small\",\"link_size\":\"large\",\"link_style\":\"text\",\"link_target\":true,\"link_text\":\"\",\"margin\":\"default\",\"meta\":\"\",\"meta_align\":\"below-title\",\"meta_element\":\"div\",\"meta_style\":\"text-meta\",\"overlay_hover\":false,\"overlay_link\":true,\"overlay_mode\":\"cover\",\"overlay_padding\":\"large\",\"overlay_position\":\"top\",\"overlay_style\":\"\",\"overlay_transition\":\"fade\",\"parallax_blur\":\"0 70%,100\",\"parallax_breakpoint\":\"m\",\"parallax_easing\":\"0.05\",\"parallax_opacity\":\"1 70%,0\",\"parallax_start\":\"62vh\",\"parallax_target\":\"!.uk-section\",\"parallax_x\":\"100vw,0,0,-100vw\",\"parallax_y\":\"0 68%,-1200\",\"text_align\":\"center\",\"text_color\":\"light\",\"title\":\"\",\"title_element\":\"div\",\"title_font_family\":\"secondary\",\"title_hover_style\":\"reset\",\"title_style\":\"h2\"}}]},{\"type\":\"column\",\"props\":{\"image_position\":\"center-center\",\"position_sticky_breakpoint\":\"\",\"position_sticky_offset\":\"50vh - 50%\",\"width_medium\":\"1-4\",\"width_small\":\"1-2\",\"yooessentials_access_conditions\":[],\"yooessentials_access_mode\":\"AND\"},\"children\":[{\"type\":\"headline\",\"props\":{\"animation\":\"parallax\",\"content\":\"N\\u00f6rdlinger<br \\\/>Mess\\u00b4\",\"link\":\"https:\\\/\\\/festhallebayernland.events.festzelt-os.app\\\/reservierung\",\"link_target\":true,\"parallax_blur\":\"0 70%,100\",\"parallax_breakpoint\":\"m\",\"parallax_easing\":\"0.1\",\"parallax_opacity\":\"1 70%,0\",\"parallax_start\":\"68vh\",\"parallax_target\":\"!.uk-section\",\"parallax_x\":\"100vw,0,0,-100vw\",\"parallax_y\":\"0 68%,-1200\",\"title_element\":\"div\",\"title_font_family\":\"secondary\",\"title_style\":\"h1\"}},{\"type\":\"grid\",\"props\":{\"animation\":\"parallax\",\"content_column_breakpoint\":\"m\",\"css\":\".uk-text-small, .uk-grid {\\n    font-size: 16px;\\n}\\n.uk-margin-small .uk-h1 .uk-font-secondary {\\n    margin-bottom: 0px !important;\\n}\\n.uk-grid + .uk-grid-small, .uk-grid + .uk-grid-row-small, .uk-grid-small > .uk-grid-margin, .uk-grid-row-small > .uk-grid-margin, * + .uk-grid-margin-small {\\n    margin-top: 5px;\\n}\\np, .uk-h1 {\\n    margin-bottom: 0px !important;\\n    font-weight: 900;\\n    background: linear-gradient(90deg, #c0a551, #e2d59e);\\n    -webkit-background-clip: text;\\n    -webkit-text-fill-color: transparent;\\n    transition: background 2s ease-in-out;\\n}\\n\\\/*\\n.el-link, .uk-button, .uk-button-default {\\n    font-size: 9px !important;\\n    line-height: 30px;\\n    padding: 0px 15px;\\n}\\n.uk-margin-top {\\n    margin-top: 0px !important;\\n}*\\\/\",\"filter_align\":\"left\",\"filter_all\":true,\"filter_grid_breakpoint\":\"m\",\"filter_grid_width\":\"auto\",\"filter_position\":\"top\",\"filter_style\":\"tab\",\"grid_column_align\":true,\"grid_column_gap\":\"small\",\"grid_default\":\"1\",\"grid_medium\":\"\",\"grid_row_gap\":\"small\",\"icon_width\":80,\"image_align\":\"top\",\"image_grid_breakpoint\":\"m\",\"image_grid_width\":\"1-2\",\"image_svg_color\":\"emphasis\",\"item_animation\":false,\"lightbox_bg_close\":true,\"link_style\":\"default\",\"link_text\":\"Read more\",\"margin\":\"default\",\"meta_align\":\"below-title\",\"meta_element\":\"div\",\"meta_style\":\"text-meta\",\"parallax_breakpoint\":\"m\",\"parallax_easing\":\"0.1\",\"parallax_opacity\":\"1 70%,0\",\"parallax_start\":\"68vh\",\"parallax_target\":\"!.uk-section\",\"parallax_x\":\"100vw,0,0,-100vw\",\"parallax_y\":\"0 68%,-1200\",\"show_content\":true,\"show_hover_image\":true,\"show_hover_video\":true,\"show_image\":false,\"show_link\":false,\"show_meta\":false,\"show_title\":false,\"show_video\":true,\"title_align\":\"top\",\"title_element\":\"h3\",\"title_grid_breakpoint\":\"m\",\"title_grid_width\":\"1-2\",\"title_hover_style\":\"reset\"},\"children\":[{\"type\":\"grid_item\",\"props\":{\"content\":\"\n\n<p><strong><a href=\\\"https:\\\/\\\/festhalle-bayernland.de\\\/de\\\/volksfest\\\/noerdlinger-mess\\\/\\\" target=\\\"_blank\\\">Zur Reservierung<\\\/a><\\\/strong><\\\/p>\",\"image\":\"\",\"title\":\"Reservierungslink\"}}]},{\"type\":\"overlay\",\"props\":{\"animation\":\"parallax\",\"content\":\"\",\"image\":\"wp-content\\\/uploads\\\/2026\\\/01\\\/Feste-Bilder-Augustiner-1200x1000px-webopt.jpg\",\"image_alt\":\"Reservierung im Festzelt auf der N\\u00f6rdlinger Mess\\u00b4 in N\\u00f6rdlingen\",\"image_transition\":\"scale-up\",\"image_transition_border\":false,\"image_width\":\"840\",\"link\":\"https:\\\/\\\/festhalle-bayernland.de\\\/de\\\/volksfest\\\/noerdlinger-mess\\\/\",\"link_margin\":\"small\",\"link_style\":\"text\",\"link_target\":true,\"link_text\":\"\",\"margin\":\"default\",\"meta\":\"\",\"meta_align\":\"below-title\",\"meta_element\":\"div\",\"meta_style\":\"text-meta\",\"overlay_hover\":false,\"overlay_link\":true,\"overlay_mode\":\"cover\",\"overlay_padding\":\"large\",\"overlay_position\":\"top\",\"overlay_style\":\"\",\"overlay_transition\":\"fade\",\"parallax_blur\":\"0 70%,100\",\"parallax_breakpoint\":\"m\",\"parallax_easing\":\"0.1\",\"parallax_opacity\":\"1 70%,0\",\"parallax_start\":\"68vh\",\"parallax_target\":\"!.uk-section\",\"parallax_x\":\"100vw,0,0,-100vw\",\"parallax_y\":\"0 68%,-1200\",\"text_align\":\"center\",\"text_color\":\"light\",\"title\":\"\",\"title_element\":\"div\",\"title_font_family\":\"secondary\",\"title_hover_style\":\"reset\",\"title_style\":\"h2\"}}]},{\"type\":\"column\",\"props\":{\"image_position\":\"center-center\",\"position_sticky_breakpoint\":\"\",\"position_sticky_offset\":\"50vh - 50%\",\"width_medium\":\"1-4\",\"width_small\":\"1-2\"},\"children\":[{\"type\":\"headline\",\"props\":{\"animation\":\"parallax\",\"content\":\"Gillamoos\\n\n\n<div>Abensberg<\\\/div>\",\"link\":\"kontakt\\\/\",\"parallax_blur\":\"0 70%,100\",\"parallax_breakpoint\":\"m\",\"parallax_easing\":\"0.2\",\"parallax_opacity\":\"1 70%,0\",\"parallax_start\":\"68vh\",\"parallax_target\":\"!.uk-section\",\"parallax_x\":\"100vw,0,0,-100vw\",\"parallax_y\":\"0 68%,-1200\",\"title_element\":\"div\",\"title_font_family\":\"secondary\",\"title_style\":\"h1\"}},{\"type\":\"grid\",\"props\":{\"animation\":\"parallax\",\"content_column_breakpoint\":\"m\",\"css\":\".uk-text-small, .uk-grid {\\n    font-size: 16px;\\n}\\n.uk-margin-small .uk-h1 .uk-font-secondary {\\n    margin-bottom: 0px !important;\\n}\\n.uk-grid + .uk-grid-small, .uk-grid + .uk-grid-row-small, .uk-grid-small > .uk-grid-margin, .uk-grid-row-small > .uk-grid-margin, * + .uk-grid-margin-small {\\n    margin-top: 5px;\\n}\\np, .uk-h1 {\\n    margin-bottom: 0px !important;\\n    font-weight: 900;\\n    background: linear-gradient(90deg, #c0a551, #e2d59e);\\n    -webkit-background-clip: text;\\n    -webkit-text-fill-color: transparent;\\n    transition: background 2s ease-in-out;\\n}\\n\\\/*\\n.el-link, .uk-button, .uk-button-default {\\n    font-size: 9px !important;\\n    line-height: 30px;\\n    padding: 0px 15px;\\n}\\n.uk-margin-top {\\n    margin-top: 0px !important;\\n}*\\\/\",\"filter_align\":\"left\",\"filter_all\":true,\"filter_grid_breakpoint\":\"m\",\"filter_grid_width\":\"auto\",\"filter_position\":\"top\",\"filter_style\":\"tab\",\"grid_column_align\":true,\"grid_column_gap\":\"small\",\"grid_default\":\"1\",\"grid_medium\":\"\",\"grid_row_gap\":\"small\",\"icon_width\":80,\"image_align\":\"top\",\"image_grid_breakpoint\":\"m\",\"image_grid_width\":\"1-2\",\"image_svg_color\":\"emphasis\",\"item_animation\":false,\"lightbox_bg_close\":true,\"link_style\":\"default\",\"link_text\":\"Read more\",\"margin\":\"default\",\"meta_align\":\"below-title\",\"meta_element\":\"div\",\"meta_style\":\"text-meta\",\"parallax_blur\":\"0 70%,100\",\"parallax_breakpoint\":\"m\",\"parallax_easing\":\"0.2\",\"parallax_opacity\":\"1 70%,\",\"parallax_start\":\"68vh\",\"parallax_target\":\"!.uk-section\",\"parallax_x\":\"100vw,0,0,-100vw\",\"parallax_y\":\"0 68%,-1200\",\"show_content\":true,\"show_hover_image\":true,\"show_hover_video\":true,\"show_image\":false,\"show_link\":false,\"show_meta\":false,\"show_title\":false,\"show_video\":true,\"title_align\":\"top\",\"title_element\":\"h3\",\"title_grid_breakpoint\":\"m\",\"title_grid_width\":\"1-2\",\"title_hover_style\":\"reset\"},\"children\":[{\"type\":\"grid_item\",\"props\":{\"content\":\"\n\n<p><a href=\\\"volksfest\\\/\\\"><strong>Zur Reservierung<\\\/strong><\\\/a><\\\/p>\",\"image\":\"\",\"link\":\"reservierung\\\/\",\"title\":\"Reservierungslink\"}}]},{\"type\":\"overlay\",\"props\":{\"animation\":\"parallax\",\"content\":\"\",\"image\":\"wp-content\\\/uploads\\\/2025\\\/03\\\/Feste-Bilder-1200x1000px-Abensberg.jpg\",\"image_alt\":\"Reservierung Gillamoos Abensberg\",\"image_transition\":\"scale-up\",\"image_transition_border\":false,\"image_width\":\"840\",\"link\":\"https:\\\/\\\/festhalle-bayernland.de\\\/de\\\/\",\"link_margin\":\"small\",\"link_style\":\"text\",\"link_text\":\"\",\"margin\":\"default\",\"meta\":\"\",\"meta_align\":\"below-title\",\"meta_element\":\"div\",\"meta_style\":\"text-meta\",\"overlay_hover\":false,\"overlay_link\":true,\"overlay_mode\":\"cover\",\"overlay_padding\":\"large\",\"overlay_position\":\"top\",\"overlay_style\":\"\",\"overlay_transition\":\"fade\",\"parallax_blur\":\"0 70%,100\",\"parallax_breakpoint\":\"m\",\"parallax_easing\":\"0.2\",\"parallax_opacity\":\"1 70%,0\",\"parallax_start\":\"68vh\",\"parallax_target\":\"!.uk-section\",\"parallax_x\":\"100vw,0,0,-100vw\",\"parallax_y\":\"0 68%,-1200\",\"text_align\":\"center\",\"text_color\":\"light\",\"title\":\"\",\"title_element\":\"div\",\"title_font_family\":\"secondary\",\"title_hover_style\":\"reset\",\"title_style\":\"h2\"}}]},{\"type\":\"column\",\"props\":{\"image_position\":\"center-center\",\"position_sticky_breakpoint\":\"\",\"position_sticky_offset\":\"50vh - 50%\",\"width_medium\":\"1-4\",\"width_small\":\"1-2\"},\"children\":[{\"type\":\"headline\",\"props\":{\"animation\":\"parallax\",\"content\":\"\n\n<p>Gallimarkt<br \\\/>Mainburg<\\\/p>\",\"link\":\"kontakt\\\/\",\"parallax_blur\":\"0 70%,100\",\"parallax_breakpoint\":\"m\",\"parallax_easing\":\"0.3\",\"parallax_opacity\":\"1 70%,0\",\"parallax_start\":\"68vh\",\"parallax_target\":\"!.uk-section\",\"parallax_x\":\"100vw,0,0,-100vw\",\"parallax_y\":\"0 68%,-1200\",\"title_element\":\"div\",\"title_font_family\":\"secondary\",\"title_style\":\"h1\"}},{\"type\":\"grid\",\"props\":{\"animation\":\"parallax\",\"content_align\":false,\"content_column_breakpoint\":\"m\",\"css\":\".uk-text-small, .uk-grid {\\n    font-size: 16px;\\n}\\n.uk-margin-small .uk-h1 .uk-font-secondary {\\n    margin-bottom: 0px !important;\\n}\\n.uk-grid + .uk-grid-small, .uk-grid + .uk-grid-row-small, .uk-grid-small > .uk-grid-margin, .uk-grid-row-small > .uk-grid-margin, * + .uk-grid-margin-small {\\n    margin-top: 5px;\\n}\\np, .uk-h1 {\\n    margin-bottom: 0px !important;\\n    font-weight: 900;\\n    background: linear-gradient(90deg, #c0a551, #e2d59e);\\n    -webkit-background-clip: text;\\n    -webkit-text-fill-color: transparent;\\n    transition: background 2s ease-in-out;\\n}\\n\\\/*\\n.el-link, .uk-button, .uk-button-default {\\n    font-size: 9px !important;\\n    line-height: 30px;\\n    padding: 0px 15px;\\n}\\n.uk-margin-top {\\n    margin-top: 0px !important;\\n}*\\\/\",\"filter_align\":\"left\",\"filter_all\":true,\"filter_grid_breakpoint\":\"m\",\"filter_grid_width\":\"auto\",\"filter_position\":\"top\",\"filter_style\":\"tab\",\"grid_column_align\":true,\"grid_column_gap\":\"small\",\"grid_default\":\"1\",\"grid_medium\":\"\",\"grid_row_gap\":\"small\",\"icon_width\":80,\"image_align\":\"top\",\"image_grid_breakpoint\":\"m\",\"image_grid_width\":\"1-2\",\"image_svg_color\":\"emphasis\",\"item_animation\":false,\"lightbox_bg_close\":true,\"link_style\":\"default\",\"link_text\":\"Read more\",\"margin\":\"default\",\"meta_align\":\"below-title\",\"meta_element\":\"div\",\"meta_style\":\"text-meta\",\"parallax_blur\":\"0 70%,100\",\"parallax_breakpoint\":\"m\",\"parallax_easing\":\"0.3\",\"parallax_opacity\":\"1 70%,0\",\"parallax_start\":\"68vh\",\"parallax_target\":\"!.uk-section\",\"parallax_x\":\"100vw,0,0,-100vw\",\"parallax_y\":\"0 68%,-1200\",\"show_content\":true,\"show_hover_image\":true,\"show_hover_video\":true,\"show_image\":false,\"show_link\":false,\"show_meta\":false,\"show_title\":false,\"show_video\":true,\"text_align\":\"left\",\"title_align\":\"top\",\"title_element\":\"h3\",\"title_grid_breakpoint\":\"m\",\"title_grid_width\":\"1-2\",\"title_hover_style\":\"reset\"},\"children\":[{\"type\":\"grid_item\",\"props\":{\"content\":\"\n\n<p><strong><a href=\\\"volksfest\\\/gallimarkt-mainburg\\\/\\\">Zur Reservierung<\\\/a><\\\/strong><\\\/p>\",\"image\":\"\",\"link\":\"reservierung\\\/\",\"title\":\"Reservierungslink\"}}]},{\"type\":\"overlay\",\"props\":{\"animation\":\"parallax\",\"content\":\"\",\"image\":\"wp-content\\\/uploads\\\/2025\\\/03\\\/Feste-Bilder-1200x1000px-Mainburg.jpg\",\"image_alt\":\"Reservierung Gallimarkt Mainburg\",\"image_transition\":\"scale-up\",\"image_transition_border\":false,\"image_width\":\"840\",\"link\":\"https:\\\/\\\/festhalle-bayernland.de\\\/de\\\/volksfest\\\/gallimarkt-mainburg\\\/\",\"link_margin\":\"small\",\"link_style\":\"text\",\"link_text\":\"\",\"margin\":\"default\",\"meta\":\"\",\"meta_align\":\"below-title\",\"meta_element\":\"div\",\"meta_style\":\"text-meta\",\"overlay_hover\":false,\"overlay_link\":true,\"overlay_mode\":\"cover\",\"overlay_padding\":\"large\",\"overlay_position\":\"top\",\"overlay_style\":\"\",\"overlay_transition\":\"fade\",\"parallax_blur\":\"0 70%,100\",\"parallax_breakpoint\":\"m\",\"parallax_easing\":\"0.3\",\"parallax_opacity\":\"1 70%,0\",\"parallax_start\":\"68vh\",\"parallax_target\":\"!.uk-section\",\"parallax_x\":\"100vw,0,0,-100vw\",\"parallax_y\":\"0 68%,-1200\",\"text_align\":\"center\",\"text_color\":\"light\",\"title\":\"\",\"title_element\":\"div\",\"title_font_family\":\"secondary\",\"title_hover_style\":\"reset\",\"title_style\":\"h2\"}}]}]}],\"name\":\"FAQ\"}],\"version\":\"4.5.31\",\"yooessentialsVersion\":\"2.4.12\"} --><\/p>\n","protected":false},"excerpt":{"rendered":"<p>Jetzt reservieren! 60. M\u00fcnchner Fr\u00fchlingsfest 202617.04.26 bis 10.05.26 DE | AGB f\u00fcr Reservierungen Zur Reservierung Benachrichtigung H\u00e4ufige Fragen zur Reservierung Hier finden Sie oft gestellte Fragen rundum Ihre Reservierung. Wir freuen uns auf Ihren Besuch! Wieviel Personen haben Platz am Tisch im Mittelschiff oder in einer Box? Die Tische im Mittelschiff sowie im Boxenbereich bieten [&hellip;]<\/p>\n","protected":false},"author":2,"featured_media":0,"parent":0,"menu_order":0,"comment_status":"closed","ping_status":"closed","template":"","meta":{"footnotes":""},"class_list":["post-495","page","type-page","status-publish","hentry"],"yoast_head":"<!-- This site is optimized with the Yoast SEO plugin v27.2 - https:\/\/yoast.com\/product\/yoast-seo-wordpress\/ -->\n<title>Reservierung Festzelt M\u00fcnchen | Bayern &#187; Festhalle Bayernland\u00ae - Bayrisch, z\u00fcnftig und modern - das Festzelt seit 1971<\/title>\n<meta name=\"description\" content=\"Jetzt Tisch reservieren! &#187; Regionale Speisen \u2714 Tolle Stimmung \u2714 Festhalle Bayernland &#187; Hier werden nette Leute zu Freunden!\" \/>\n<meta name=\"robots\" content=\"index, follow, max-snippet:-1, max-image-preview:large, max-video-preview:-1\" \/>\n<link rel=\"canonical\" href=\"https:\/\/festhalle-bayernland.de\/es\/festival-de-folk\/\" \/>\n<meta property=\"og:locale\" content=\"es_ES\" \/>\n<meta property=\"og:type\" content=\"article\" \/>\n<meta property=\"og:title\" content=\"Reservierung Festzelt M\u00fcnchen | Bayern &#187; Festhalle Bayernland\u00ae - Bayrisch, z\u00fcnftig und modern - das Festzelt seit 1971\" \/>\n<meta property=\"og:description\" content=\"Jetzt Tisch reservieren! &#187; Regionale Speisen \u2714 Tolle Stimmung \u2714 Festhalle Bayernland &#187; Hier werden nette Leute zu Freunden!\" \/>\n<meta property=\"og:url\" content=\"https:\/\/festhalle-bayernland.de\/es\/festival-de-folk\/\" \/>\n<meta property=\"og:site_name\" content=\"Festhalle Bayernland\u00ae - Bayrisch, z\u00fcnftig und modern - das Festzelt seit 1971\" \/>\n<meta property=\"article:publisher\" content=\"https:\/\/www.facebook.com\/Festhalle.Bayernland\/\" \/>\n<meta property=\"article:modified_time\" content=\"2026-01-22T11:18:54+00:00\" \/>\n<meta property=\"og:image\" content=\"https:\/\/festhalle-bayernland.de\/wp-content\/uploads\/2025\/01\/Festhalle-Bayernland-Logo-Gold.png\" \/>\n\t<meta property=\"og:image:width\" content=\"1587\" \/>\n\t<meta property=\"og:image:height\" content=\"1020\" \/>\n\t<meta property=\"og:image:type\" content=\"image\/png\" \/>\n<meta name=\"twitter:card\" content=\"summary_large_image\" \/>\n<meta name=\"twitter:label1\" content=\"Tiempo de lectura\" \/>\n\t<meta name=\"twitter:data1\" content=\"4 minutos\" \/>\n<script type=\"application\/ld+json\" class=\"yoast-schema-graph\">{\"@context\":\"https:\/\/schema.org\",\"@graph\":[{\"@type\":\"WebPage\",\"@id\":\"https:\/\/festhalle-bayernland.de\/volksfest\/\",\"url\":\"https:\/\/festhalle-bayernland.de\/volksfest\/\",\"name\":\"Reservierung Festzelt M\u00fcnchen | Bayern &#187; Festhalle Bayernland\u00ae - Bayrisch, z\u00fcnftig und modern - das Festzelt seit 1971\",\"isPartOf\":{\"@id\":\"https:\/\/festhalle-bayernland.de\/#website\"},\"datePublished\":\"2025-01-27T11:44:13+00:00\",\"dateModified\":\"2026-01-22T11:18:54+00:00\",\"description\":\"Jetzt Tisch reservieren! &#187; Regionale Speisen \u2714 Tolle Stimmung \u2714 Festhalle Bayernland &#187; Hier werden nette Leute zu Freunden!\",\"breadcrumb\":{\"@id\":\"https:\/\/festhalle-bayernland.de\/volksfest\/#breadcrumb\"},\"inLanguage\":\"es\",\"potentialAction\":[{\"@type\":\"ReadAction\",\"target\":[\"https:\/\/festhalle-bayernland.de\/volksfest\/\"]}]},{\"@type\":\"BreadcrumbList\",\"@id\":\"https:\/\/festhalle-bayernland.de\/volksfest\/#breadcrumb\",\"itemListElement\":[{\"@type\":\"ListItem\",\"position\":1,\"name\":\"Startseite\",\"item\":\"https:\/\/festhalle-bayernland.de\/\"},{\"@type\":\"ListItem\",\"position\":2,\"name\":\"Volksfeste\"}]},{\"@type\":\"WebSite\",\"@id\":\"https:\/\/festhalle-bayernland.de\/#website\",\"url\":\"https:\/\/festhalle-bayernland.de\/\",\"name\":\"Festhalle Bayernland \u00ae\",\"description\":\"... wo nette Leute zu Freunden werden.\",\"publisher\":{\"@id\":\"https:\/\/festhalle-bayernland.de\/#organization\"},\"potentialAction\":[{\"@type\":\"SearchAction\",\"target\":{\"@type\":\"EntryPoint\",\"urlTemplate\":\"https:\/\/festhalle-bayernland.de\/?s={search_term_string}\"},\"query-input\":{\"@type\":\"PropertyValueSpecification\",\"valueRequired\":true,\"valueName\":\"search_term_string\"}}],\"inLanguage\":\"es\"},{\"@type\":\"Organization\",\"@id\":\"https:\/\/festhalle-bayernland.de\/#organization\",\"name\":\"Festhalle Bayernland \u00ae\",\"url\":\"https:\/\/festhalle-bayernland.de\/\",\"logo\":{\"@type\":\"ImageObject\",\"inLanguage\":\"es\",\"@id\":\"https:\/\/festhalle-bayernland.de\/#\/schema\/logo\/image\/\",\"url\":\"https:\/\/festhalle-bayernland.de\/wp-content\/uploads\/2025\/01\/Festhalle-Bayernland-Logo-Gold.png\",\"contentUrl\":\"https:\/\/festhalle-bayernland.de\/wp-content\/uploads\/2025\/01\/Festhalle-Bayernland-Logo-Gold.png\",\"width\":1587,\"height\":1020,\"caption\":\"Festhalle Bayernland \u00ae\"},\"image\":{\"@id\":\"https:\/\/festhalle-bayernland.de\/#\/schema\/logo\/image\/\"},\"sameAs\":[\"https:\/\/www.facebook.com\/Festhalle.Bayernland\/\",\"https:\/\/www.instagram.com\/festhalle_bayernland\/\"]}]}<\/script>\n<!-- \/ Yoast SEO plugin. -->","yoast_head_json":{"title":"Reservierung Festzelt M\u00fcnchen | Bayern &#187; Festhalle Bayernland\u00ae - Bayrisch, z\u00fcnftig und modern - das Festzelt seit 1971","description":"Jetzt Tisch reservieren! &#187; Regionale Speisen \u2714 Tolle Stimmung \u2714 Festhalle Bayernland &#187; Hier werden nette Leute zu Freunden!","robots":{"index":"index","follow":"follow","max-snippet":"max-snippet:-1","max-image-preview":"max-image-preview:large","max-video-preview":"max-video-preview:-1"},"canonical":"https:\/\/festhalle-bayernland.de\/es\/festival-de-folk\/","og_locale":"es_ES","og_type":"article","og_title":"Reservierung Festzelt M\u00fcnchen | Bayern &#187; Festhalle Bayernland\u00ae - Bayrisch, z\u00fcnftig und modern - das Festzelt seit 1971","og_description":"Jetzt Tisch reservieren! &#187; Regionale Speisen \u2714 Tolle Stimmung \u2714 Festhalle Bayernland &#187; Hier werden nette Leute zu Freunden!","og_url":"https:\/\/festhalle-bayernland.de\/es\/festival-de-folk\/","og_site_name":"Festhalle Bayernland\u00ae - Bayrisch, z\u00fcnftig und modern - das Festzelt seit 1971","article_publisher":"https:\/\/www.facebook.com\/Festhalle.Bayernland\/","article_modified_time":"2026-01-22T11:18:54+00:00","og_image":[{"width":1587,"height":1020,"url":"https:\/\/festhalle-bayernland.de\/wp-content\/uploads\/2025\/01\/Festhalle-Bayernland-Logo-Gold.png","type":"image\/png"}],"twitter_card":"summary_large_image","twitter_misc":{"Tiempo de lectura":"4 minutos"},"schema":{"@context":"https:\/\/schema.org","@graph":[{"@type":"WebPage","@id":"https:\/\/festhalle-bayernland.de\/volksfest\/","url":"https:\/\/festhalle-bayernland.de\/volksfest\/","name":"Reservierung Festzelt M\u00fcnchen | Bayern &#187; Festhalle Bayernland\u00ae - Bayrisch, z\u00fcnftig und modern - das Festzelt seit 1971","isPartOf":{"@id":"https:\/\/festhalle-bayernland.de\/#website"},"datePublished":"2025-01-27T11:44:13+00:00","dateModified":"2026-01-22T11:18:54+00:00","description":"Jetzt Tisch reservieren! &#187; Regionale Speisen \u2714 Tolle Stimmung \u2714 Festhalle Bayernland &#187; Hier werden nette Leute zu Freunden!","breadcrumb":{"@id":"https:\/\/festhalle-bayernland.de\/volksfest\/#breadcrumb"},"inLanguage":"es","potentialAction":[{"@type":"ReadAction","target":["https:\/\/festhalle-bayernland.de\/volksfest\/"]}]},{"@type":"BreadcrumbList","@id":"https:\/\/festhalle-bayernland.de\/volksfest\/#breadcrumb","itemListElement":[{"@type":"ListItem","position":1,"name":"Startseite","item":"https:\/\/festhalle-bayernland.de\/"},{"@type":"ListItem","position":2,"name":"Volksfeste"}]},{"@type":"WebSite","@id":"https:\/\/festhalle-bayernland.de\/#website","url":"https:\/\/festhalle-bayernland.de\/","name":"Festhalle Bayernland \u00ae","description":"... wo nette Leute zu Freunden werden.","publisher":{"@id":"https:\/\/festhalle-bayernland.de\/#organization"},"potentialAction":[{"@type":"SearchAction","target":{"@type":"EntryPoint","urlTemplate":"https:\/\/festhalle-bayernland.de\/?s={search_term_string}"},"query-input":{"@type":"PropertyValueSpecification","valueRequired":true,"valueName":"search_term_string"}}],"inLanguage":"es"},{"@type":"Organization","@id":"https:\/\/festhalle-bayernland.de\/#organization","name":"Festhalle Bayernland \u00ae","url":"https:\/\/festhalle-bayernland.de\/","logo":{"@type":"ImageObject","inLanguage":"es","@id":"https:\/\/festhalle-bayernland.de\/#\/schema\/logo\/image\/","url":"https:\/\/festhalle-bayernland.de\/wp-content\/uploads\/2025\/01\/Festhalle-Bayernland-Logo-Gold.png","contentUrl":"https:\/\/festhalle-bayernland.de\/wp-content\/uploads\/2025\/01\/Festhalle-Bayernland-Logo-Gold.png","width":1587,"height":1020,"caption":"Festhalle Bayernland \u00ae"},"image":{"@id":"https:\/\/festhalle-bayernland.de\/#\/schema\/logo\/image\/"},"sameAs":["https:\/\/www.facebook.com\/Festhalle.Bayernland\/","https:\/\/www.instagram.com\/festhalle_bayernland\/"]}]}},"_links":{"self":[{"href":"https:\/\/festhalle-bayernland.de\/es\/wp-json\/wp\/v2\/pages\/495","targetHints":{"allow":["GET"]}}],"collection":[{"href":"https:\/\/festhalle-bayernland.de\/es\/wp-json\/wp\/v2\/pages"}],"about":[{"href":"https:\/\/festhalle-bayernland.de\/es\/wp-json\/wp\/v2\/types\/page"}],"author":[{"embeddable":true,"href":"https:\/\/festhalle-bayernland.de\/es\/wp-json\/wp\/v2\/users\/2"}],"replies":[{"embeddable":true,"href":"https:\/\/festhalle-bayernland.de\/es\/wp-json\/wp\/v2\/comments?post=495"}],"version-history":[{"count":106,"href":"https:\/\/festhalle-bayernland.de\/es\/wp-json\/wp\/v2\/pages\/495\/revisions"}],"predecessor-version":[{"id":2881,"href":"https:\/\/festhalle-bayernland.de\/es\/wp-json\/wp\/v2\/pages\/495\/revisions\/2881"}],"wp:attachment":[{"href":"https:\/\/festhalle-bayernland.de\/es\/wp-json\/wp\/v2\/media?parent=495"}],"curies":[{"name":"wp","href":"https:\/\/api.w.org\/{rel}","templated":true}]}}