{"id":486,"date":"2025-01-27T12:14:07","date_gmt":"2025-01-27T11:14:07","guid":{"rendered":"https:\/\/festhalle-bayernland-wp.wedeon.it\/?page_id=486"},"modified":"2025-10-23T10:58:37","modified_gmt":"2025-10-23T08:58:37","slug":"gallimarkt-mainburg","status":"publish","type":"page","link":"https:\/\/festhalle-bayernland.de\/es\/festival-de-folk\/gallimarkt-mainburg\/","title":{"rendered":"Gallimarkt Mainburg"},"content":{"rendered":"<h1>Gallimarkt Mainburg<\/h1>\n<div>\n<p class=\"uk-font-secondary uk-h2\">09.10.2026 &#8211; 12.10.2026<\/p>\n<p>Die Hopfenmetropole feiert ihren bunten Herbst in Mainburg. Der beliebte Gallimarkt Mainburg in Bayern, ist eines der sch\u00f6nsten Volksfeste in der gesamten Hallertau. Lassen Sie uns gemeinsam den Herbst mit einer k\u00fchlen und frisch gezapften Ma\u00df Bier genie\u00dfen!<\/p><\/div>\n<div>\n<h3>10.10.2025 &#8211; 13.10.2025<\/h3>\n<div>Die Hopfenmetropole feiert ihren bunten Herbst in Mainburg. Der beliebte Gallimarkt Mainburg in Bayern, ist eines der sch\u00f6nsten Volksfeste in der gesamten Hallertau. Lassen Sie uns gemeinsam, den Herbst mit einer k\u00fchlen und frisch gezapften Ma\u00df Bier genie\u00dfen!\n<\/div>\n<\/div>\n<p><p>\n        <a href=\"https:\/\/reservierung.festhalle-bayernland.de\/reservierung\">Zur Reservierung<\/a>\n    <\/p>\n<\/p>\n<p><p>\n        <a href=\"#programm\">Programm<\/a>\n    <\/p>\n<\/p>\n<p><p>\n        <a href=\"#speisekarte\">Speisekarte<\/a>\n    <\/p>\n<\/p>\n<p><p>\n        <a href=\"https:\/\/reservia.online\/festhalle-bayernland-registration\/\">Benachrichtigung<\/a>\n    <\/p>\n<\/p>\n<h2>Programm<\/h2>\n<div>\n<p>    <img decoding=\"async\" src=\"\/wp-content\/uploads\/2025\/09\/Veranstaltungs_Programm_Gallimarkt_2025_Festhalle_Bayernland.png\" alt=\"Hier finden Sie unser aktuelles Veranstaltungsprogramm f\u00fcr den Gallimarkt 2025 in Mainburg. Auf in die Festhalle Bayernland, das Festzelt mit Tradition seit 1971.\"><\/p>\n<h3>Festprogramm<\/h3>\n<\/div>\n<p><img decoding=\"async\" src=\"\/wp-content\/uploads\/2025\/10\/Veranstaltungs_Programm_Gallimarkt_2025_Festhalle_Bayernland_Ziegler_Braeu_hallertau.png\" alt=\"Hier k\u00f6nnen Sie unser aktuelles Veranstaltungsprogramm f\u00fcr den Gallimarkt 2025 in Mainburg runterladen. Auf in die Festhalle Bayernland, das Festzelt mit Tradition seit 1971.\"><\/p>\n<div>\n<h3>Gallimarkt Mainburg Programm 2025<\/h3>\n<\/div>\n<p><p>\n        <a href=\"\/wp-content\/uploads\/2025\/10\/Veranstaltungs_Programm_Gallimarkt_2025_Festhalle_Bayernland_Ziegler_Braeu_hallertau.png\">Programm herunterladen<\/a>\n    <\/p>\n<\/p>\n<h2>Speisen und <br \/> Getr\u00e4nke<\/h2>\n<div>\n<p>        <img decoding=\"async\" src=\"\/wp-content\/uploads\/2025\/03\/Gllimarkt-Mainburg-im-Ausschank-Ziegler-Braeu.jpg\" alt=\"Gllimarkt Mainburg im Ausschank - Ziegler Bra\u0308u\"><\/p>\n<h3>Bei der Auswahl unserer Speisen achten wir auf Regionalit\u00e4t!<\/h3>\n<p>Im Ausschank am Gallimarkt Mainburg: Ziegler Br\u00e4u<\/p>\n<p><a href=\"\/wp-content\/uploads\/2025\/10\/Speisekarte-Getraenkekarte_Gallimarkt_Mainburg_2025_Festhalle-Bayernland_Ziegler_Braeu.pdf\">Speisekarte herunterladen<\/a><\/p>\n<\/div>\n<div>\n<div class=\"_df_thumb \" id=\"df_2747\"  _slug=\"mainburger-gallimarkt-2025\" data-title=\"mainburger-gallimarkt-2025\" wpoptions=\"true\" thumb=\"https:\/\/festhalle-bayernland.de\/wp-content\/uploads\/2025\/10\/Speisekarte-Getraenkekarte_Gallimarkt_Mainburg_2025_Festhalle-Bayernland_Ziegler_Braeu_Ico.jpg\" thumbtype=\"\" >Mainburger Gallimarkt 2025<\/div><script class=\"df-shortcode-script\" nowprocket type=\"application\/javascript\">window.option_df_2747 = {\"outline\":[],\"autoEnableOutline\":\"false\",\"autoEnableThumbnail\":\"false\",\"overwritePDFOutline\":\"false\",\"direction\":\"1\",\"pageSize\":\"0\",\"source\":\"https:\\\/\\\/festhalle-bayernland.de\\\/wp-content\\\/uploads\\\/2025\\\/10\\\/Speisekarte-Getraenkekarte_Gallimarkt_Mainburg_2025_Festhalle-Bayernland_Ziegler_Braeu.pdf\",\"wpOptions\":\"true\"}; if(window.DFLIP && window.DFLIP.parseBooks){window.DFLIP.parseBooks();}<\/script><\/div>\n<ul>\n<li>\n<p>        <img decoding=\"async\" src=\"\/wp-content\/uploads\/2025\/02\/Bio.siegel.png\" alt=\"Bio Siegel\"><\/p>\n<h3>G\u00fctesiegel 1<\/h3>\n<p><a href=\"\/DE\/themen\/landwirtschaft\/oekologischer-landbau\/bio-siegel.html\">Read more<\/a><\/p>\n<\/li>\n<li>\n<p>        <img decoding=\"async\" src=\"\/wp-content\/uploads\/2025\/02\/BayernBio.siegel.png\" alt=\"Bio Bayern Siegel\"><\/p>\n<h3>G\u00fctesiegel 2<\/h3>\n<p><a href=\"https:\/\/www.biosiegel.bayern\/\">Read more<\/a><\/p>\n<\/li>\n<li>\n<p>        <img decoding=\"async\" src=\"\/wp-content\/uploads\/2025\/02\/Bayern.siegel.png\" alt=\"Qualit\u00e4t Bayern Siegel\"><\/p>\n<h3>G\u00fctesiegel 3<\/h3>\n<\/li>\n<li>\n<p>        <img decoding=\"async\" src=\"\/wp-content\/uploads\/2025\/08\/naturland_siegel_logo_v.jpg\" alt=\"Naturland Siegel - Festhalle Bayernland - das Festzelt mit Tradition seit 1971\"><\/p>\n<h3>G\u00fctesiegel 4<\/h3>\n<p><a href=\"https:\/\/www.naturland.de\/de\/naturland\/wofuer-wir-stehen\/qualitaet\/qs-richtlinien.html\">Read more<\/a><\/p>\n<\/li>\n<li>\n<p>        <img decoding=\"async\" src=\"\/wp-content\/uploads\/2025\/02\/oekoprofit.white_.siegel.png\" alt=\"\u00d6koprofit Siegel wei\u00df\"><\/p>\n<h3>G\u00fctesiegel 5<\/h3>\n<p><a href=\"https:\/\/www.oekoprofit.info\/\">Read more<\/a><\/p>\n<\/li>\n<li>\n<p>        <img decoding=\"async\" src=\"\/wp-content\/uploads\/2025\/08\/Logo-GenussBayern-AusgezeichnetesFestzelt-weiss-300x108-1.png\" alt=\"Ausgezeichnetes Festzelt - Genuss Bayern - Festhalle Bayernland -\"><\/p>\n<h3>G\u00fctesiegel 5<\/h3>\n<p><a href=\"https:\/\/www.dehoga-bayern.de\">Read more<\/a><\/p>\n<\/li>\n<\/ul>\n<p><a href=\"#\"><img decoding=\"async\" src=\"\/wp-content\/uploads\/2025\/02\/DSC_0146-135-23-FotoMayer-scaled.jpg\" alt=\"\"><\/a><br \/>\n<img decoding=\"async\" src=\"\/wp-content\/uploads\/2025\/06\/Fruehlingsfest-Muenchen-2025-Obazda.png\" alt=\"Obazda\"><br \/>\n<img decoding=\"async\" src=\"\/wp-content\/uploads\/2025\/01\/1257736_fancybox_1ACZQZ_uRa9VU.jpg\" alt=\"\"><\/p>\n<div>\n<h2>Jetzt<br class=\"uk-visible@l\"> Tisch reservieren!<\/h2>\n<p>Auf geht`s!<\/p>\n<p><a href=\"https:\/\/reservierung.festhalle-bayernland.de\/reservierung\">Zum Reservierungsformular<\/a><\/p>\n<\/div>\n<p><p>\n        <a href=\"https:\/\/reservia.online\/festhalle-bayernland-registration\/\">Benachrichtigung<\/a>\n    <\/p>\n<\/p>\n<h2>Anfahrt zum Gallimarkt Mainburg<\/h2>\n<div>\n<p>48.64081568463655,11.786895120910886<\/p>\n<\/div>\n<h2>Anfahrtsbeschreibung<\/h2>\n<div>\n<p data-start=\"42\" data-end=\"179\">Der Gallimarkt in Mainburg findet auf dem Volksfestplatz statt und ist gut erreichbar. Hier sind die verschiedenen Anfahrtsm\u00f6glichkeiten:<\/p>\n<p data-start=\"181\" data-end=\"393\"><strong data-start=\"181\" data-end=\"197\">Mit dem Bus:<\/strong> <span class=\"relative -mx-px my-[-0.2rem] rounded px-px py-[0.2rem]\">Die n\u00e4chstgelegene Bushaltestelle zum Gallimarkt ist der Busbahnhof Mainburg in der Freisinger Stra\u00dfe, nur etwa 50 Meter vom Festgel\u00e4nde entfernt.<\/span> <span class=\"relative -mx-px my-[-0.2rem] rounded px-px py-[0.2rem]\">W\u00e4hrend des Gallimarkts verkehrt der &#8222;Gallimarkt-Express&#8220; am Freitag- und Samstagabend aus den Richtungen Abensberg, Tegernbach, Oberlauterbach\/Geisenfeld, P\u00f6tzmes\/Volkenschwand und Osterwaal\/Wolnzach.<\/span> <span class=\"relative -mx-px my-[-0.2rem] rounded px-px py-[0.2rem]\">Die Preise pro Fahrt betragen f\u00fcr Erwachsene 4,00 \u20ac und f\u00fcr Kinder bis einschlie\u00dflich 12 Jahre 2,00 \u20ac.<\/span><\/p>\n<p data-start=\"395\" data-end=\"494\"><strong data-start=\"395\" data-end=\"412\">Mit dem Auto:<\/strong> <span class=\"relative -mx-px my-[-0.2rem] rounded px-px py-[0.2rem]\">Rund um den Volksfestplatz stehen zahlreiche Parkpl\u00e4tze zur Verf\u00fcgung.<\/span><\/p>\n<ul data-start=\"495\" data-end=\"930\">\n<li data-start=\"495\" data-end=\"578\"><span class=\"relative -mx-px my-[-0.2rem] rounded px-px py-[0.2rem]\">Gro\u00dfparkplatz Griesplatz \/ Paul-Nappenbach-Stra\u00dfe<\/span>\u200b<\/li>\n<li data-start=\"579\" data-end=\"666\"><span class=\"relative -mx-px my-[-0.2rem] rounded px-px py-[0.2rem]\">Parkpl\u00e4tze beim Heizwerk (Wiese), nach &#8222;An der Abens 35&#8220;<\/span>\u200b<\/li>\n<li data-start=\"667\" data-end=\"754\"><span class=\"relative -mx-px my-[-0.2rem] rounded px-px py-[0.2rem]\">Parkpl\u00e4tze s\u00fcdlich der Berufsschule Mainburg, Ebrantshauser Stra\u00dfe \/ Kreisverkehr<\/span>\u200b<\/li>\n<li data-start=\"755\" data-end=\"842\"><span class=\"relative -mx-px my-[-0.2rem] rounded px-px py-[0.2rem]\">Parkpl\u00e4tze am LSK Theater, Am Sportplatz 3<\/span>\u200b<\/li>\n<li data-start=\"843\" data-end=\"930\"><span class=\"relative -mx-px my-[-0.2rem] rounded px-px py-[0.2rem]\">Parkpl\u00e4tze am Schulzentrum, Ebrantshauser Str. 70<\/span>\u200b<\/li>\n<\/ul>\n<p data-start=\"932\" data-end=\"1057\"><span class=\"relative -mx-px my-[-0.2rem] rounded px-px py-[0.2rem]\">Sechs Behindertenparkpl\u00e4tze befinden sich im asphaltierten Bereich nordwestlich der Festwiese.<\/span> \u200b<span class=\"\" data-state=\"closed\"><\/span><\/p>\n<p data-start=\"1059\" data-end=\"1202\"><strong data-start=\"1059\" data-end=\"1076\">Mit dem Taxi:<\/strong> <span class=\"relative -mx-px my-[-0.2rem] rounded px-px py-[0.2rem]\">Drei Taxist\u00e4nde sind im asphaltierten Bereich nordwestlich der Festwiese eingerichtet, was die An- und Abreise mit dem Taxi erleichtert.<\/span><\/p>\n<\/div>\n<h2>Impressionen<\/h2>\n<ul>\n<li>\n<p>        <img decoding=\"async\" src=\"\/wp-content\/uploads\/2025\/03\/IMG_8254.jpg\" alt=\"\"><\/p>\n<\/li>\n<li>\n<p>        <img decoding=\"async\" src=\"\/wp-content\/uploads\/2025\/03\/IMG_0502.jpg\" alt=\"\"><\/p>\n<\/li>\n<li>\n<p>        <img decoding=\"async\" src=\"\/wp-content\/uploads\/2025\/03\/IMG_3297.jpg\" alt=\"\"><\/p>\n<\/li>\n<li>\n<p>        <img decoding=\"async\" src=\"\/wp-content\/uploads\/2025\/03\/IMG_0519.jpg\" alt=\"\"><\/p>\n<\/li>\n<li>\n<p>        <img decoding=\"async\" src=\"\/wp-content\/uploads\/2025\/03\/IMG_0501.jpg\" alt=\"\"><\/p>\n<\/li>\n<li>\n<p>        <img decoding=\"async\" src=\"\/wp-content\/uploads\/2025\/03\/IMG_0524.jpg\" alt=\"\"><\/p>\n<\/li>\n<\/ul>\n<div>\n<h2>Zum Festzelt Newsletter&nbsp;<br class=\"uk-visible@l\">anmelden und als erster Bescheid wissen!<\/h2>\n<\/div>\n<div>\n<p>    <script>\nfunction loadjQuery(e,t){var n=document.createElement(\"script\");n.setAttribute(\"src\",e);n.onload=t;n.onreadystatechange=function(){if(this.readyState==\"complete\"||this.readyState==\"loaded\")t()};document.getElementsByTagName(\"head\")[0].appendChild(n)}function main(){\nvar $cr=jQuery.noConflict();var old_src;$cr(document).ready(function(){$cr(\".cr_form\").submit(function(){$cr(this).find('.clever_form_error').removeClass('clever_form_error');$cr(this).find('.clever_form_note').remove();$cr(this).find(\".musthave\").find('input, textarea').each(function(){if(jQuery.trim($cr(this).val())==\"\"||($cr(this).is(':checkbox'))||($cr(this).is(':radio'))){if($cr(this).is(':checkbox')||($cr(this).is(':radio'))){if(!$cr(this).parents(\".cr_ipe_item\").find(\":checked\").is(\":checked\")){$cr(this).parents(\".cr_ipe_item\").addClass('clever_form_error')}}else{$cr(this).addClass('clever_form_error')}}});if($cr(this).attr(\"action\").search(document.domain)>0&&$cr(\".cr_form\").attr(\"action\").search(\"wcs\")>0){var cr_email=$cr(this).find('input[name=email]');var unsub=false;if($cr(\"input['name=cr_subunsubscribe'][value='false']\").length){if($cr(\"input['name=cr_subunsubscribe'][value='false']\").is(\":checked\")){unsub=true}}if(cr_email.val()&&!unsub){$cr.ajax({type:\"GET\",url:$cr(\".cr_form\").attr(\"action\").replace(\"wcs\",\"check_email\")+window.btoa($cr(this).find('input[name=email]').val()),success:function(data){if(data){cr_email.addClass('clever_form_error').before(\"<\/p>\n<div class='clever_form_note cr_font'>\"+data+\"<\/div>\n<p>\");return false}},async:false})}var cr_captcha=$cr(this).find('input[name=captcha]');if(cr_captcha.val()){$cr.ajax({type:\"GET\",url:$cr(\".cr_form\").attr(\"action\").replace(\"wcs\",\"check_captcha\")+$cr(this).find('input[name=captcha]').val(),success:function(data){if(data){cr_captcha.addClass('clever_form_error').after(\"<\/p>\n<div style='display:block' class='clever_form_note cr_font'>\"+data+\"<\/div>\n<p>\");return false}},async:false})}}if($cr(this).find('.clever_form_error').length){return false}return true});$cr('input[class*=\"cr_number\"]').change(function(){if(isNaN($cr(this).val())){$cr(this).val(1)}if($cr(this).attr(\"min\")){if(($cr(this).val()*1)<($cr(this).attr(\"min\")*1)){$cr(this).val($cr(this).attr(\"min\"))}}if($cr(this).attr(\"max\")){if(($cr(this).val()*1)>($cr(this).attr(\"max\")*1)){$cr(this).val($cr(this).attr(\"max\"))}}});old_src=$cr(\"div[rel='captcha'] img:not(.captcha2_reload)\").attr(\"src\");if($cr(\"div[rel='captcha'] img:not(.captcha2_reload)\").length!=0){captcha_reload()}});function captcha_reload(){var timestamp=new Date().getTime();$cr(\"div[rel='captcha'] img:not(.captcha2_reload)\").attr(\"src\",\"\");$cr(\"div[rel='captcha'] img:not(.captcha2_reload)\").attr(\"src\",old_src+\"?t=\"+timestamp);return false}<\/p>\n<p>}\nif(typeof jQuery===\"undefined\"){loadjQuery(\"\/\/ajax.googleapis.com\/ajax\/libs\/jquery\/1.4.4\/jquery.min.js\",main)}else{main()}<\/p>\n<p><\/script><\/p>\n<style>\n.cr_site{margin:0;padding:75px 0 0 0;text-align:center;background-color:#eeeeee;}\n.cr_font{font-size: 14px;font-family: Arial;}\n.cr_body h2, .cr_header h2{font-size:22px;line-height:28px;margin:0 0 10px 0;}\n.cr_body h1, .cr_header h2{font-size:28px;margin-bottom:15px;padding:0;margin-top:0;}\n.wrapper, .cr_page{margin:0 auto 10px auto;text-align:left;border-radius:4px;}\n.cr_header{text-align:center;background: transparent !Important;}\n.cr_body label{float:none;clear:both;display:block;width:auto;margin-top:8px;text-align:left;font-weight:bold;position:relative;}\n.cr_button{display:inline-block;font-family:'Helvetica', Arial, sans-serif;width:auto;white-space:nowrap;height:32px;margin:5px 5px 0 0;padding:0 22px;text-decoration:none;text-align:center;font-weight:bold;font-style:normal;font-size:15px;line-height:32px;cursor:pointer;border:0;-moz-border-radius:4px;border-radius:4px;-webkit-border-radius:4px;vertical-align:top;}\n.cr_button{background-color:#333;color:#ffffff;}\n.cr_button:hover,.cr_button-small:hover{opacity:0.7;filter:alpha(opacity=70);}\n.powered{padding:20px 0;width:560px;margin:0 auto;}\n.formbox{line-height:150%;font-family:Helvetica;font-size:12px;color:#333333;padding:20px;background-color:#ffffff;border-radius: 6px 6px 6px 6px;}\n.cr_ipe_item label{line-height:150%;font-size:20px;}\n.cr_ipe_item textarea {background: none repeat scroll 0 0 #eeeeee;border: 1px solid #aaa;font-family: Helvetica;font-size: 16px;}\n.cr_ipe_item input {background: none repeat scroll 0 0 #eeeeee;border: 1px solid #aaa;padding: 5px;font-family: Helvetica;font-size: 16px;}\n.cr_ipe_item select {background: none repeat scroll 0 0 #eeeeee;border: 1px solid #aaa;display: block;margin: 0;padding: 5px;width: 100%;font-family: Helvetica;font-size: 16px;}\n.cr_ipe_item input.cr_ipe_radio, input.cr_ipe_checkbox {-moz-binding: none;-moz-box-sizing: border-box;background-color: -moz-field !important;border: 2px inset threedface !important;color: -moz-fieldtext !important;cursor: default;height: 13px;padding: 0 !important;width: 13px;}\n.cr_ipe_item input.cr_ipe_radio{-moz-appearance: radio;border-radius: 100% 100% 100% 100% !important;margin: 3px 3px 0 5px;}\n.submit_container{text-align:center}\n.cr_ipe_item{ padding:1px 10px; margin:1px 10px; }\n.cr_ipe_item.inactive {display:none;}\n.imprint{font-size:0.8em;}\n.cr_captcha{padding-left:130px;}\n.cr_error{font-size:1.1em;padding:10px;}\n.clever_form_error{background-color:#f99; color:#000; border:1px solid #f22 !important}\n.clever_form_note {margin:26px 0 0 3px;position:absolute;display:inline; padding: 2px 4px; font-weight:bold;background-color:#f2ecb5; color:#000; font-size:12px !important;  }\n.cr_site {background-color:#eee;}\n.cr_header {color:#000000;}\n.cr_body {background-color:#ffffff;font-size:12px;color:#000000;}\n.cr_hr {background-color:#ccc;}\n.cr_site a {color:#0084ff;}\n.imprint{color:#000;}<\/p>\n<\/style>\n<style id=\"style\">\n.cr_site {background-color:#246a9c;}\n.cr_body {color:#000000;background-color:#ffffff;}\n.cr_header {color:#ffffff;}\n.cr_hr {background-color:#ccc;}\n.cr_site a {color:#0084ff;}\n.imprint {color:#fff;}\n.cr_page {width:640px;}<\/p>\n<\/style>\n<form class=\"layout_form cr_form cr_font\" action=\"https:\/\/seu2.cleverreach.com\/f\/148140-152921\/wcs\/\" method=\"post\" target=\"_blank\">\n<div class=\"cr_body cr_page cr_font formbox\">\n<div class=\"non_sortable\" style=\"text-align:left;\"><\/div>\n<div class=\"editable_content\" style=\"text-align:left;\">\n<div id=\"3184452\" rel=\"email\" class=\"cr_ipe_item ui-sortable musthave\" style=\"margin-bottom:px;\">\n<label for=\"text3184452\" class=\"itemname\">Tragen Sie hier Ihre E-Mail-Adresse* ein<\/label> <input id=\"text3184452\" name=\"email\" value=\"\" type=\"text\" style=\"width:100%;\" \/>\n<\/div>\n<div id=\"3184454\" rel=\"button\" class=\"cr_ipe_item ui-sortable submit_container\" style=\"text-align:center; margin-bottom:px;\">\n<button type=\"submit\" class=\"cr_button\">Anmelden<\/button>\n<\/div>\n<div id=\"7026904\" rel=\"hr\" class=\"cr_ipe_item ui-sortable cr_noedit\">\n\t<iframe src=\"\/\/www.facebook.com\/plugins\/like.php?href=https%3A%2F%2Fseu2.cleverreach.com%2Ff%2F148140-152921%2F&amp;layout=button_count&amp;show_faces=false&amp;width=400&amp;action=like&amp;colorscheme=light&amp;height=30\" scrolling=\"no\" frameborder=\"0\" style=\"border:none; overflow:hidden; width:400px; height:21px;\" allowTransparency=\"true\"><\/iframe>\n<\/div>\n<\/p><\/div>\n<p>\t<noscript><a href=\"http:\/\/www.cleverreach.de\">www.CleverReach.de<\/a><\/noscript>\n    <\/div>\n<\/form>\n<\/div>\n<p><!--more--><br \/>\n<!-- {\"type\":\"layout\",\"children\":[{\"type\":\"section\",\"props\":{\"header_transparent\":false,\"header_transparent_noplaceholder\":true,\"height\":\"viewport\",\"height_offset_top\":true,\"image\":\"wp-content\\\/uploads\\\/2025\\\/03\\\/IMG_8255.jpg\",\"image_effect\":\"parallax\",\"image_loading\":true,\"image_parallax_bgy\":\"400\",\"image_position\":\"top-center\",\"image_size\":\"cover\",\"media_focal_point\":\"top-center\",\"media_overlay\":\"rgba(0, 0, 0, 0.64)\",\"padding_remove_bottom\":false,\"padding_remove_top\":false,\"style\":\"secondary\",\"text_color\":\"light\",\"title_breakpoint\":\"xl\",\"title_position\":\"top-left\",\"title_rotation\":\"left\",\"vertical_align\":\"bottom\",\"width\":\"default\"},\"children\":[{\"type\":\"row\",\"children\":[{\"type\":\"column\",\"props\":{\"image_position\":\"center-center\",\"position_sticky_breakpoint\":\"m\"},\"children\":[{\"type\":\"headline\",\"props\":{\"animation\":\"parallax\",\"content\":\"Gallimarkt Mainburg\",\"css\":\".el-element {\\n    background: linear-gradient(90deg, #d1bf7c,  #caae5f);\\n    -webkit-background-clip: text;\\n    -webkit-text-fill-color: transparent;\\n}\\n\\\/* Hovereffekt\\n\\n.el-element:hover {\\n        background: linear-gradient(90deg, #c0a551, #e2d59e);\\n    -webkit-background-clip: text;\\n    -webkit-text-fill-color: transparent;\\n    transition: background 2s ease-in-out;\\n}*\\\/\",\"parallax_blur\":\"50\",\"parallax_breakpoint\":\"m\",\"parallax_opacity\":\"1,0\",\"parallax_scale\":\"0.5\",\"text_align\":\"left\",\"title_element\":\"h1\",\"title_font_family\":\"secondary\",\"title_style\":\"heading-large\"}},{\"type\":\"headline\",\"props\":{\"animation\":\"parallax\",\"content\":\"\n\n<p class=\\\"uk-font-secondary uk-h2\\\">09.10.2026 - 12.10.2026<\\\/p>\\nDie Hopfenmetropole feiert ihren bunten Herbst in Mainburg. Der beliebte Gallimarkt Mainburg in Bayern, ist eines der sch\\u00f6nsten Volksfeste in der gesamten Hallertau. Lassen Sie uns gemeinsam den Herbst mit einer k\\u00fchlen und frisch gezapften Ma\\u00df Bier genie\\u00dfen!\",\"parallax_blur\":\"50\",\"parallax_breakpoint\":\"m\",\"parallax_opacity\":\"1,0\",\"parallax_scale\":\"0.5\",\"text_align\":\"left\",\"title_element\":\"div\",\"title_font_family\":\"primary\",\"title_style\":\"h3\",\"visibility\":\"m\"}},{\"type\":\"accordion\",\"props\":{\"collapsible\":true,\"content_column_breakpoint\":\"m\",\"content_style\":\"lead\",\"css\":\".el-content {\\n    color: white;\\n    font-weight: bold;\\n    text-shadow: 1px 1px 4px #333;\\n}\",\"image_align\":\"top\",\"image_grid_breakpoint\":\"m\",\"image_grid_width\":\"1-2\",\"image_svg_color\":\"emphasis\",\"link_style\":\"default\",\"link_text\":\"Read more\",\"show_image\":false,\"show_link\":true,\"visibility\":\"hidden-m\"},\"children\":[{\"type\":\"accordion_item\",\"props\":{\"content\":\"Die Hopfenmetropole feiert ihren bunten Herbst in Mainburg. Der beliebte Gallimarkt Mainburg in Bayern, ist eines der sch\\u00f6nsten Volksfeste in der gesamten Hallertau. Lassen Sie uns gemeinsam, den Herbst mit einer k\\u00fchlen und frisch gezapften Ma\\u00df Bier genie\\u00dfen!\\n\",\"title\":\"10.10.2025 - 13.10.2025\"}}],\"name\":\"Titel Unter\\u00fcberschrift Mobil\"},{\"type\":\"fragment\",\"props\":{\"animation\":\"parallax\",\"margin\":\"default\",\"parallax_blur\":\"50\",\"parallax_breakpoint\":\"m\",\"parallax_opacity\":\"0\",\"parallax_scale\":\"0.5\"},\"children\":[{\"type\":\"row\",\"props\":{\"layout\":\"1-4,1-4,1-4,1-4|1-2,1-2,1-2,1-2\",\"parallax\":false},\"children\":[{\"type\":\"column\",\"props\":{\"image_position\":\"center-center\",\"position_sticky_breakpoint\":\"m\",\"width_medium\":\"auto\",\"width_small\":\"1-2\"},\"children\":[{\"type\":\"button\",\"props\":{\"fullwidth\":true,\"grid_column_gap\":\"small\",\"grid_row_gap\":\"small\",\"margin\":\"default\"},\"children\":[{\"type\":\"button_item\",\"props\":{\"button_style\":\"primary\",\"content\":\"Zur Reservierung\",\"dialog_layout\":\"modal\",\"dialog_offcanvas_flip\":true,\"icon\":\"chevron-double-right\",\"icon_align\":\"left\",\"link\":\"https:\\\/\\\/reservierung.festhalle-bayernland.de\\\/reservierung\",\"link_target\":\"blank\"}}]}]},{\"type\":\"column\",\"props\":{\"image_position\":\"center-center\",\"position_sticky_breakpoint\":\"m\",\"width_medium\":\"auto\",\"width_small\":\"1-2\"},\"children\":[{\"type\":\"button\",\"props\":{\"fullwidth\":true,\"grid_column_gap\":\"small\",\"grid_row_gap\":\"small\",\"margin\":\"default\"},\"children\":[{\"type\":\"button_item\",\"props\":{\"button_style\":\"default\",\"content\":\"Programm\",\"dialog_layout\":\"modal\",\"dialog_offcanvas_flip\":true,\"icon\":\"star\",\"icon_align\":\"left\",\"link\":\"#programm\"}}]}]},{\"type\":\"column\",\"props\":{\"image_position\":\"center-center\",\"position_sticky_breakpoint\":\"m\",\"width_medium\":\"auto\",\"width_small\":\"1-2\"},\"children\":[{\"type\":\"button\",\"props\":{\"fullwidth\":true,\"grid_column_gap\":\"small\",\"grid_row_gap\":\"small\",\"margin\":\"default\"},\"children\":[{\"type\":\"button_item\",\"props\":{\"button_style\":\"default\",\"content\":\"Speisekarte\",\"dialog_layout\":\"modal\",\"dialog_offcanvas_flip\":true,\"icon\":\"file-text\",\"icon_align\":\"left\",\"link\":\"#speisekarte\"}}]}]},{\"type\":\"column\",\"props\":{\"image_position\":\"center-center\",\"position_sticky_breakpoint\":\"m\",\"width_medium\":\"auto\",\"width_small\":\"1-2\"},\"children\":[{\"type\":\"html\",\"props\":{\"content\":\"\n\n<div class=\\\"\\\" onclick=\\\"document.getElementById('embedIFrameScriptConatiner').style.display = 'flex'; document.getElementById('consultee-pop-up-button-opened').style.display = 'flex'; document.getElementById('consultee-pop-up-button-closed').style.display = 'none';\\\">\n\n<div class=\\\"el-item\\\">\\n        \\n        \\n<a class=\\\"el-content uk-width-1-1 uk-button uk-button-default uk-flex-inline uk-flex-center uk-flex-middle\\\" href=\\\"#\\\" uk-scroll=\\\"\\\">\\n        <span class=\\\"uk-margin-small-right uk-icon\\\" uk-icon=\\\"question\\\"><svg width=\\\"20\\\" height=\\\"20\\\" viewBox=\\\"0 0 20 20\\\"><circle fill=\\\"none\\\" stroke=\\\"#000\\\" stroke-width=\\\"1.1\\\" cx=\\\"10\\\" cy=\\\"10\\\" r=\\\"9\\\"><\\\/circle><circle cx=\\\"9.99\\\" cy=\\\"14.24\\\" r=\\\"1.05\\\"><\\\/circle><path fill=\\\"none\\\" stroke=\\\"#000\\\" stroke-width=\\\"1.2\\\" d=\\\"m7.72,7.61c0-3.04,4.55-3.06,4.55-.07,0,.95-.91,1.43-1.49,2.03-.48.49-.72.98-.78,1.65-.01.13-.02.24-.02.35\\\"><\\\/path><\\\/svg><\\\/span>    \\n        Wennst no Frong host    \\n    \\n<\\\/a>\\n\\n                <\\\/div>\\n<\\\/div>\",\"status\":\"disabled\"}},{\"type\":\"button\",\"props\":{\"class\":\"fa-beat\",\"fullwidth\":true,\"grid_column_gap\":\"small\",\"grid_row_gap\":\"small\",\"margin\":\"default\"},\"children\":[{\"type\":\"button_item\",\"props\":{\"button_style\":\"danger\",\"content\":\"Benachrichtigung\",\"dialog_layout\":\"modal\",\"dialog_offcanvas_flip\":true,\"icon\":\"bell\",\"icon_align\":\"left\",\"link\":\"https:\\\/\\\/reservia.online\\\/festhalle-bayernland-registration\\\/\",\"link_target\":\"blank\",\"link_title\":\" Jetzt erinnern lassen - sobald Ihr Veranstaltungsort zur Reservierung freigegeben ist, werden Sie von uns per E-Mail benachrichtigt. Festhalle Bayernland - das Festzlet mit bayrischer Tradition - seit 1971\",\"yooessentials_access_conditions\":[],\"yooessentials_access_mode\":\"AND\"}}],\"name\":\"Button Benachrichtigung animiert\"}]}]}],\"name\":\"Buttons \\u00dcber dem Falz\"}]}]}],\"name\":\"Hero\"},{\"type\":\"section\",\"props\":{\"css\":\".el-section {\\n    border-top: solid 5px #c0a551;\\n   \\\/* border-bottom: solid 5px #c0a551; *\\\/\\n}\",\"image\":\"wp-content\\\/uploads\\\/2025\\\/01\\\/Fond-GrauMuster1-AdobeStock_297899176-dunkel-scharf1-scaled.jpg\",\"image_position\":\"center-center\",\"image_size\":\"cover\",\"media_focal_point\":\"top-center\",\"media_overlay\":\"rgba(0, 0, 0, 0.17)\",\"overlap\":true,\"padding\":\"large\",\"padding_remove_bottom\":false,\"preserve_color\":false,\"style\":\"muted\",\"title_breakpoint\":\"xl\",\"title_position\":\"top-left\",\"title_rotation\":\"left\",\"vertical_align\":\"\",\"width\":\"large\",\"yooessentials_access_conditions\":[],\"yooessentials_access_mode\":\"AND\"},\"children\":[{\"type\":\"row\",\"props\":{\"margin\":\"xlarge\",\"margin_remove_bottom\":false,\"margin_remove_top\":false},\"children\":[{\"type\":\"column\",\"props\":{\"image_position\":\"center-center\",\"position_sticky_breakpoint\":\"m\"},\"children\":[{\"type\":\"headline\",\"props\":{\"animation\":\"parallax\",\"content\":\"Programm\",\"css\":\".uk-heading-line>::before {\\n    content: \\\"\\\";\\n    position: absolute;\\n    top: calc(50% -(calc(.2px + .05em) \\\/ 2));\\n    width: 2000px;\\n    border-bottom: calc(.2px + .05em) solid #fff !important;\\n}\",\"id\":\"programm\",\"parallax_x\":\"-10vw,15vw\",\"position\":\"relative\",\"position_right\":\"20vw\",\"text_align\":\"right\",\"title_color\":\"muted\",\"title_decoration\":\"line\",\"title_element\":\"h2\",\"title_font_family\":\"secondary\",\"title_style\":\"heading-large\"}},{\"type\":\"switcher\",\"props\":{\"content_column_breakpoint\":\"m\",\"css\":\".uk-link, a {\\n    color: #fff;\\n    font-size: 1.1em;\\n}\\n.uk-link, a:hover {\\n    color: #1961b5;\\n}\\n.uk-subnav>.uk-active>a {\\n    color: #fff;\\n}\\n.el-content {\\n    color: white;\\n}\",\"image_align\":\"top\",\"image_grid_breakpoint\":\"m\",\"image_grid_width\":\"1-2\",\"image_svg_color\":\"emphasis\",\"link_style\":\"default\",\"link_text\":\"Read more\",\"margin\":\"default\",\"meta_align\":\"below-title\",\"meta_element\":\"div\",\"meta_style\":\"text-meta\",\"nav\":\"subnav-pill\",\"nav_align\":\"left\",\"nav_grid_breakpoint\":\"m\",\"nav_grid_width\":\"auto\",\"nav_position\":\"top\",\"show_content\":true,\"show_image\":true,\"show_label\":false,\"show_link\":false,\"show_meta\":false,\"show_thumbnail\":false,\"show_title\":false,\"switcher_animation\":\"fade\",\"switcher_height\":false,\"thumbnav_height\":\"75\",\"thumbnav_svg_color\":\"emphasis\",\"thumbnav_width\":\"100\",\"title_align\":\"top\",\"title_element\":\"h3\",\"title_grid_breakpoint\":\"m\",\"title_grid_width\":\"1-2\",\"visibility\":\"hidden-m\"},\"children\":[{\"type\":\"switcher_item\",\"props\":{\"image\":\"wp-content\\\/uploads\\\/2025\\\/09\\\/Veranstaltungs_Programm_Gallimarkt_2025_Festhalle_Bayernland.png\",\"image_alt\":\"Hier finden Sie unser aktuelles Veranstaltungsprogramm f\\u00fcr den Gallimarkt 2025 in Mainburg. Auf in die Festhalle Bayernland, das Festzelt mit Tradition seit 1971.\",\"title\":\"Festprogramm\"}},{\"type\":\"switcher_item\",\"props\":{\"content\":\"\n\n<ul class=\\\"uk-list uk-list-muted uk-list-divider uk-margin-large\\\" data-id=\\\"page#1-0-0-1\\\" data-element=\\\"\\\" id=\\\"page#2\\\">\\n\n\n<li class=\\\"el-item\\\">\\n\n\n<div class=\\\"el-title uk-margin-remove uk-h1 uk-font-primary uk-text-muted\\\">Freitag 11.10.<\\\/div>\\n\n\n<div class=\\\"el-content uk-panel uk-text-lead\\\">\\n\n\n<p>Gallimarkt Opening<br \\\/><strong>zruck zu Dir! \\u2013 Die Partyband (ab 19:00 Uhr)<\\\/strong><\\\/p>\\n<\\\/div>\\n<\\\/li>\\n\n\n<li class=\\\"el-item\\\">\\n\n\n<div class=\\\"el-title uk-margin-remove uk-h1 uk-font-primary uk-text-muted\\\">Samstag 12.10.<\\\/div>\\n\n\n<div class=\\\"el-content uk-panel uk-text-lead\\\">\\n\n\n<p>Stadtkapelle Mainburg (ab 10:00 Uhr)<br \\\/>Er\\u00f6ffnung der<span>\\u00a0<\\\/span><strong>HOPFA<\\\/strong><span>\\u00a0<\\\/span>und<span>\\u00a0<\\\/span><strong>Gewerbeschau<\\\/strong><span>\\u00a0<\\\/span>mit Wei\\u00dfwurstfr\\u00fchst\\u00fcck<br \\\/>Seniorentag der Stadt Mainburg (ab 11:00 Uhr)<strong><br \\\/><\\\/strong><strong>M\\u00fcnchner G\\u00b4schichten \\u2013 A bayrische Partyband rockt (ab 19:00 Uhr)<br \\\/><\\\/strong><\\\/p>\\n<\\\/div>\\n<\\\/li>\\n\n\n<li class=\\\"el-item\\\">\\n\n\n<div class=\\\"el-title uk-margin-remove uk-h1 uk-font-primary uk-text-muted\\\">Sonntag 13.10<\\\/div>\\n\n\n<div class=\\\"el-content uk-panel uk-text-lead\\\">\\n\n\n<p>Gottesdienst im Zelt (09:00 Uhr)<br \\\/>Ab 11.00 Uhr<strong><span>\\u00a0<\\\/span>Ochsenbraten<\\\/strong><span>\\u00a0<\\\/span>und Bierzeltmusik von Helmut Schranner und seinen Holledauer Musikanten<br \\\/><strong>(Traditionell boarisch durch den Gallimarkt-Sonntag)<br \\\/>Besonders Gastspiel: Weber Bene \\u2013 der bekannte Gstanzls\\u00e4nger und Humorist (Abendprogramm)<\\\/strong><\\\/p>\\n<\\\/div>\\n<\\\/li>\\n\n\n<li class=\\\"el-item\\\">\\n\n\n<div class=\\\"el-title uk-margin-remove uk-h1 uk-font-primary uk-text-muted\\\">Montag 14.10.<\\\/div>\\n\n\n<div class=\\\"el-content uk-panel uk-text-lead\\\">\\n\n\n<p>Fr\\u00fchschoppen (ab 10:00 Uhr)<strong><br \\\/><\\\/strong>Mittagstisch:<span>\\u00a0<\\\/span><strong>Spanferkel-Rollbraten vom Grill<span>\\u00a0<\\\/span><\\\/strong>(ab 11:00 Uhr)<br \\\/>Blasmusik mit den<span>\\u00a0<\\\/span><strong>Holledauer Hopfareissern<\\\/strong><span>\\u00a0<\\\/span>(ab 12:00 Uhr)<br \\\/>Gallimarkt-Finale:<span>\\u00a0<\\\/span><strong>KZWOA<\\\/strong><span>\\u00a0<\\\/span>\\u2013 Gef\\u00fchl &amp; Power aus dem Alpenland (ab 19:00 Uhr)<\\\/p>\\n<\\\/div>\\n<\\\/li>\\n\n\n<li class=\\\"el-item\\\">\\n\n\n<div class=\\\"el-content uk-panel uk-text-lead\\\">\\n\n\n<p>\\u00a0*Programm\\u00e4nderungen vorbehalten<\\\/p>\\n<\\\/div>\\n<\\\/li>\\n<\\\/ul>\",\"status\":\"disabled\",\"title\":\"Programmdetails\"}}],\"name\":\"Programm mobil\"}]}]},{\"type\":\"row\",\"props\":{\"layout\":\"1-2,1-2\",\"margin\":\"xlarge\",\"margin_remove_bottom\":true,\"width\":\"expand\"},\"children\":[{\"type\":\"column\",\"props\":{\"image_position\":\"center-center\",\"position_sticky_breakpoint\":\"m\",\"vertical_align\":\"middle\",\"width_medium\":\"1-2\"},\"children\":[{\"type\":\"image\",\"props\":{\"animation\":\"parallax\",\"css\":\" \\\/*\\n.el-image {\\n    -webkit-filter: blur(3px) !important;\\n    filter: blur(3px) !important;\\n}\\n*\\\/\",\"image\":\"wp-content\\\/uploads\\\/2025\\\/10\\\/Veranstaltungs_Programm_Gallimarkt_2025_Festhalle_Bayernland_Ziegler_Braeu_hallertau.png\",\"image_alt\":\"Hier k\\u00f6nnen Sie unser aktuelles Veranstaltungsprogramm f\\u00fcr den Gallimarkt 2025 in Mainburg runterladen. Auf in die Festhalle Bayernland, das Festzelt mit Tradition seit 1971.\",\"image_loading\":false,\"image_svg_color\":\"emphasis\",\"margin\":\"default\",\"parallax_blur\":\"0 70%,100\",\"parallax_breakpoint\":\"l\",\"parallax_opacity\":\"1 70%,0\",\"parallax_y\":\"100,-150\",\"visibility\":\"m\"}}]},{\"type\":\"column\",\"props\":{\"image_position\":\"center-center\",\"position_sticky_breakpoint\":\"m\",\"vertical_align\":\"middle\",\"width_medium\":\"1-2\"},\"children\":[{\"type\":\"panel\",\"props\":{\"block_align_breakpoint\":\"m\",\"block_align_fallback\":\"center\",\"content\":\"\",\"content_align\":false,\"content_column_breakpoint\":\"m\",\"content_dropcap\":false,\"content_margin\":\"large\",\"icon\":\"\",\"icon_width\":80,\"image\":\"\",\"image_align\":\"bottom\",\"image_grid_breakpoint\":\"m\",\"image_grid_width\":\"1-2\",\"image_margin\":\"medium\",\"image_svg_color\":\"primary\",\"image_svg_inline\":true,\"image_width\":\"350\",\"link_size\":\"large\",\"link_style\":\"primary\",\"link_target\":false,\"link_text\":\"Programmfliyer herunterladen\",\"margin\":\"default\",\"maxwidth\":\"xlarge\",\"meta_align\":\"below-title\",\"meta_element\":\"div\",\"meta_style\":\"text-meta\",\"parallax_breakpoint\":\"l\",\"text_align\":\"left\",\"text_align_breakpoint\":\"m\",\"text_align_fallback\":\"center\",\"title\":\"Gallimarkt Mainburg Programm 2025\",\"title_align\":\"top\",\"title_color\":\"muted\",\"title_element\":\"h3\",\"title_font_family\":\"primary\",\"title_grid_breakpoint\":\"m\",\"title_grid_width\":\"1-2\",\"title_hover_style\":\"reset\",\"title_style\":\"h1\"}},{\"type\":\"button\",\"props\":{\"grid_column_gap\":\"small\",\"grid_row_gap\":\"small\",\"margin\":\"default\",\"visibility\":\"m\"},\"children\":[{\"type\":\"button_item\",\"props\":{\"button_style\":\"default\",\"content\":\"Programm herunterladen\",\"dialog_layout\":\"modal\",\"dialog_offcanvas_flip\":true,\"icon\":\"download\",\"icon_align\":\"left\",\"link\":\"wp-content\\\/uploads\\\/2025\\\/10\\\/Veranstaltungs_Programm_Gallimarkt_2025_Festhalle_Bayernland_Ziegler_Braeu_hallertau.png\",\"link_target\":\"blank\",\"link_title\":\"Veranstaltungsprogramm f\\u00fcr den Gallimarkt 2025 in Mainburg - Festhalle Bayernland \"}}],\"name\":\"Button - Programm herunterladen\"}]}]}],\"name\":\"Programm\"},{\"type\":\"section\",\"props\":{\"css\":\".el-section {\\n    border-top: solid 5px #c0a551;\\n}\",\"height\":\"viewport\",\"height_offset_top\":false,\"height_viewport\":70,\"image\":\"wp-content\\\/uploads\\\/2025\\\/02\\\/DSC_0756-135-23-FotoMayer-scaled.jpg\",\"image_effect\":\"fixed\",\"image_position\":\"top-center\",\"image_size\":\"cover\",\"media_focal_point\":\"top-center\",\"style\":\"default\",\"title_breakpoint\":\"xl\",\"title_position\":\"top-left\",\"title_rotation\":\"left\",\"vertical_align\":\"middle\",\"width\":\"default\"},\"children\":[{\"type\":\"row\",\"children\":[{\"type\":\"column\",\"props\":{\"image_position\":\"center-center\",\"position_sticky_breakpoint\":\"m\"}}]}]},{\"name\":\"Speisekarte\",\"type\":\"section\",\"props\":{\"css\":\".el-section {\\n    border-top: solid 5px #c0a551;\\n    border-bottom: solid 5px #c0a551;\\n}\",\"id\":\"speisekarte\",\"image\":\"wp-content\\\/uploads\\\/2025\\\/01\\\/Fond-GrauMuster1-AdobeStock_297899176-dunkel-scharf1-scaled.jpg\",\"image_position\":\"center-center\",\"image_size\":\"cover\",\"media_focal_point\":\"center-left\",\"media_overlay\":\"rgba(0, 0, 0, 0.41)\",\"padding\":\"large\",\"padding_remove_bottom\":false,\"padding_remove_top\":false,\"style\":\"default\",\"title_breakpoint\":\"xl\",\"title_position\":\"center-left\",\"title_rotation\":\"left\",\"vertical_align\":\"\",\"width\":\"xlarge\"},\"children\":[{\"type\":\"row\",\"children\":[{\"type\":\"column\",\"props\":{\"image_position\":\"center-center\",\"position_sticky_breakpoint\":\"m\"},\"children\":[{\"type\":\"headline\",\"props\":{\"animation\":\"parallax\",\"content\":\"Speisen und <br \/> Getr\\u00e4nke\",\"parallax_x\":\"-10vw,10vw\",\"position\":\"relative\",\"position_right\":\"20vw\",\"text_align\":\"right\",\"title_color\":\"muted\",\"title_decoration\":\"line\",\"title_element\":\"h2\",\"title_font_family\":\"secondary\",\"title_style\":\"heading-large\"}}]}]},{\"type\":\"row\",\"props\":{\"html_element\":\"article\",\"layout\":\"1-2,1-2\",\"width\":\"expand\"},\"children\":[{\"type\":\"column\",\"props\":{\"image_position\":\"center-center\",\"position_sticky_breakpoint\":\"m\",\"vertical_align\":\"middle\",\"width_medium\":\"1-2\"},\"children\":[{\"type\":\"panel\",\"props\":{\"block_align\":\"center\",\"content\":\"\",\"content_column_breakpoint\":\"m\",\"icon_width\":80,\"image\":\"wp-content\\\/uploads\\\/2025\\\/03\\\/Gllimarkt-Mainburg-im-Ausschank-Ziegler-Braeu.jpg\",\"image_align\":\"top\",\"image_alt\":\"Gllimarkt Mainburg im Ausschank - Ziegler Bra\\u0308u\",\"image_grid_breakpoint\":\"m\",\"image_grid_width\":\"1-2\",\"image_svg_color\":\"emphasis\",\"image_svg_inline\":false,\"link\":\"wp-content\\\/uploads\\\/2025\\\/10\\\/Speisekarte-Getraenkekarte_Gallimarkt_Mainburg_2025_Festhalle-Bayernland_Ziegler_Braeu.pdf\",\"link_fullwidth\":true,\"link_size\":\"large\",\"link_style\":\"primary\",\"link_text\":\"Speisekarte herunterladen\",\"margin\":\"large\",\"maxwidth\":\"large\",\"meta\":\"Im Ausschank am Gallimarkt Mainburg: Ziegler Br\\u00e4u\",\"meta_align\":\"above-title\",\"meta_element\":\"div\",\"meta_style\":\"text-meta\",\"text_align\":\"center\",\"title\":\"Bei der Auswahl unserer Speisen achten wir auf Regionalit\\u00e4t!\",\"title_align\":\"top\",\"title_color\":\"muted\",\"title_element\":\"h3\",\"title_font_family\":\"primary\",\"title_grid_breakpoint\":\"m\",\"title_grid_width\":\"1-2\",\"title_hover_style\":\"reset\",\"title_link\":true,\"title_style\":\"h1\"}},{\"type\":\"html\",\"props\":{\"content\":\"[dflip id=\\\"2747\\\" type=\\\"thumb\\\"][\\\/dflip]\",\"css\":\".el-element {\\n    text-align: center;\\n}\"},\"name\":\"Bl\\u00e4tterbares PDF\"},{\"type\":\"grid\",\"props\":{\"content_column_breakpoint\":\"m\",\"filter_align\":\"left\",\"filter_all\":true,\"filter_grid_breakpoint\":\"m\",\"filter_grid_width\":\"auto\",\"filter_position\":\"top\",\"filter_style\":\"tab\",\"grid_column_align\":true,\"grid_column_gap\":\"small\",\"grid_default\":\"3\",\"grid_large\":\"6\",\"grid_medium\":\"5\",\"grid_row_align\":true,\"grid_small\":\"5\",\"grid_xlarge\":\"6\",\"icon_width\":80,\"image_align\":\"top\",\"image_grid_breakpoint\":\"m\",\"image_grid_width\":\"1-2\",\"image_height\":\"70px\",\"image_svg_color\":\"emphasis\",\"item_animation\":true,\"lightbox_bg_close\":true,\"link_style\":\"default\",\"link_text\":\"Read more\",\"margin\":\"default\",\"meta_align\":\"below-title\",\"meta_element\":\"div\",\"meta_style\":\"text-meta\",\"show_content\":false,\"show_hover_image\":true,\"show_hover_video\":true,\"show_image\":true,\"show_link\":false,\"show_meta\":false,\"show_title\":false,\"show_video\":true,\"text_align\":\"center\",\"title_align\":\"top\",\"title_element\":\"h3\",\"title_grid_breakpoint\":\"m\",\"title_grid_width\":\"1-2\",\"title_hover_style\":\"reset\"},\"children\":[{\"type\":\"grid_item\",\"props\":{\"image\":\"wp-content\\\/uploads\\\/2025\\\/02\\\/Bio.siegel.png\",\"image_alt\":\"Bio Siegel\",\"link\":\"DE\\\/themen\\\/landwirtschaft\\\/oekologischer-landbau\\\/bio-siegel.html\",\"title\":\"G\\u00fctesiegel 1\"}},{\"type\":\"grid_item\",\"props\":{\"image\":\"wp-content\\\/uploads\\\/2025\\\/02\\\/BayernBio.siegel.png\",\"image_alt\":\"Bio Bayern Siegel\",\"link\":\"https:\\\/\\\/www.biosiegel.bayern\\\/\",\"title\":\"G\\u00fctesiegel 2\"}},{\"type\":\"grid_item\",\"props\":{\"image\":\"wp-content\\\/uploads\\\/2025\\\/02\\\/Bayern.siegel.png\",\"image_alt\":\"Qualit\\u00e4t Bayern Siegel\",\"title\":\"G\\u00fctesiegel 3\"}},{\"type\":\"grid_item\",\"props\":{\"image\":\"wp-content\\\/uploads\\\/2025\\\/08\\\/naturland_siegel_logo_v.jpg\",\"image_alt\":\"Naturland Siegel - Festhalle Bayernland - das Festzelt mit Tradition seit 1971\",\"link\":\"https:\\\/\\\/www.naturland.de\\\/de\\\/naturland\\\/wofuer-wir-stehen\\\/qualitaet\\\/qs-richtlinien.html\",\"title\":\"G\\u00fctesiegel 4\",\"yooessentials_access_conditions\":[],\"yooessentials_access_mode\":\"AND\"}},{\"type\":\"grid_item\",\"props\":{\"image\":\"wp-content\\\/uploads\\\/2025\\\/02\\\/oekoprofit.white_.siegel.png\",\"image_alt\":\"\\u00d6koprofit Siegel wei\\u00df\",\"link\":\"https:\\\/\\\/www.oekoprofit.info\\\/\",\"title\":\"G\\u00fctesiegel 5\",\"yooessentials_access_conditions\":[],\"yooessentials_access_mode\":\"AND\"}},{\"type\":\"grid_item\",\"props\":{\"image\":\"wp-content\\\/uploads\\\/2025\\\/08\\\/Logo-GenussBayern-AusgezeichnetesFestzelt-weiss-300x108-1.png\",\"image_alt\":\"Ausgezeichnetes Festzelt - Genuss Bayern - Festhalle Bayernland -\",\"link\":\"https:\\\/\\\/www.dehoga-bayern.de\",\"title\":\"G\\u00fctesiegel 5\",\"yooessentials_access_conditions\":[],\"yooessentials_access_mode\":\"AND\"}}],\"name\":\"G\\u00fctesiegel Neu\"}]},{\"type\":\"column\",\"props\":{\"image_position\":\"center-center\",\"image_size\":\"cover\",\"position_sticky_breakpoint\":\"m\",\"vertical_align\":\"middle\",\"width_medium\":\"1-2\"},\"children\":[{\"type\":\"image\",\"props\":{\"animation\":\"parallax\",\"image\":\"wp-content\\\/uploads\\\/2025\\\/02\\\/DSC_0146-135-23-FotoMayer-scaled.jpg\",\"image_height\":\"600\",\"image_loading\":true,\"image_svg_color\":\"emphasis\",\"image_width\":\"840\",\"link\":\"#\",\"margin\":\"default\",\"parallax_breakpoint\":\"l\",\"parallax_easing\":\"1\",\"parallax_x\":\"-100,-50\"}},{\"type\":\"image\",\"props\":{\"animation\":\"parallax\",\"image\":\"wp-content\\\/uploads\\\/2025\\\/06\\\/Fruehlingsfest-Muenchen-2025-Obazda.png\",\"image_alt\":\"Obazda\",\"image_loading\":false,\"image_svg_color\":\"emphasis\",\"margin\":\"default\",\"parallax_blur\":\"0 70%,100\",\"parallax_breakpoint\":\"l\",\"parallax_opacity\":\"1 70%,0\",\"parallax_y\":\"100,-150\"}}]}]}]},{\"name\":\"Reservierung & CTA Neu\",\"type\":\"section\",\"props\":{\"css\":\".el-section {\\n    border-bottom: solid 5px #c0a551;\\n}\\n\",\"image\":\"wp-content\\\/uploads\\\/2024\\\/12\\\/wood-2045380_1920.jpg\",\"image_effect\":\"fixed\",\"image_position\":\"center-center\",\"image_size\":\"cover\",\"media_overlay\":\"rgba(0, 0, 0, 0.44)\",\"overlap\":false,\"padding\":\"large\",\"padding_remove_bottom\":false,\"padding_remove_top\":false,\"style\":\"muted\",\"title_breakpoint\":\"xl\",\"title_position\":\"center-left\",\"title_rotation\":\"left\",\"vertical_align\":\"\",\"width\":\"default\"},\"children\":[{\"type\":\"row\",\"props\":{\"layout\":\"1-2,1-2\",\"width\":\"expand\"},\"children\":[{\"type\":\"column\",\"props\":{\"image_position\":\"center-center\",\"position_sticky_breakpoint\":\"m\",\"vertical_align\":\"middle\",\"width_medium\":\"1-2\"},\"children\":[{\"type\":\"image\",\"props\":{\"animation\":\"parallax\",\"block_align\":\"center\",\"image\":\"wp-content\\\/uploads\\\/2025\\\/01\\\/1257736_fancybox_1ACZQZ_uRa9VU.jpg\",\"image_svg_color\":\"emphasis\",\"image_width\":\"1030\",\"margin\":\"default\",\"margin_remove_top\":false,\"parallax_breakpoint\":\"l\",\"parallax_easing\":\"1\",\"parallax_end\":\"30vh + 30%\",\"parallax_x\":\"-50,0\",\"parallax_y\":\"0\"}}]},{\"type\":\"column\",\"props\":{\"image_position\":\"top-right\",\"padding\":\"large\",\"position_sticky_breakpoint\":\"m\",\"vertical_align\":\"middle\",\"width_medium\":\"1-2\"},\"children\":[{\"type\":\"panel\",\"props\":{\"block_align_breakpoint\":\"m\",\"block_align_fallback\":\"center\",\"content\":\"\",\"content_column_breakpoint\":\"m\",\"css\":\".el-meta {\\n    background: linear-gradient(90deg, #d1bf7c,  #caae5f);\\n    -webkit-background-clip: text;\\n    -webkit-text-fill-color: transparent;\\n}\",\"icon_width\":80,\"image_align\":\"top\",\"image_grid_breakpoint\":\"m\",\"image_grid_width\":\"1-2\",\"image_svg_color\":\"emphasis\",\"link\":\"https:\\\/\\\/reservierung.festhalle-bayernland.de\\\/reservierung\",\"link_size\":\"large\",\"link_style\":\"primary\",\"link_target\":true,\"link_text\":\"Zum Reservierungsformular\",\"margin\":\"default\",\"maxwidth\":\"xlarge\",\"meta\":\"Auf geht`s!\",\"meta_align\":\"above-title\",\"meta_color\":\"muted\",\"meta_element\":\"div\",\"meta_style\":\"text-meta\",\"parallax_y\":\"300,320\",\"text_align\":\"left\",\"text_align_breakpoint\":\"m\",\"text_align_fallback\":\"center\",\"title\":\"Jetzt<br class=\\\"uk-visible@l\\\"> Tisch reservieren!\",\"title_align\":\"top\",\"title_color\":\"muted\",\"title_element\":\"h2\",\"title_font_family\":\"primary\",\"title_grid_breakpoint\":\"m\",\"title_grid_width\":\"1-2\",\"title_hover_style\":\"reset\",\"title_style\":\"heading-small\"}},{\"type\":\"button\",\"props\":{\"blend\":false,\"block_align_breakpoint\":\"m\",\"block_align_fallback\":\"center\",\"class\":\"fa-beat\",\"fullwidth\":false,\"grid_column_gap\":\"small\",\"grid_row_gap\":\"small\",\"margin\":\"default\",\"maxwidth\":\"xlarge\",\"text_align\":\"left\",\"text_align_breakpoint\":\"m\",\"text_align_fallback\":\"center\"},\"children\":[{\"type\":\"button_item\",\"props\":{\"button_style\":\"danger\",\"content\":\"Benachrichtigung\",\"dialog_layout\":\"modal\",\"dialog_offcanvas_flip\":true,\"icon\":\"bell\",\"icon_align\":\"left\",\"link\":\"https:\\\/\\\/reservia.online\\\/festhalle-bayernland-registration\\\/\",\"link_target\":\"blank\",\"link_title\":\"Gallimarkt Mainburg - Jetzt erinnern lassen - sobald Ihr Veranstaltungsort zur Reservierung freigegeben ist, werden Sie von uns per E-Mail benachrichtigt. Festhalle Bayernland - das Festzelt mit bayrischer Tradition - seit 1971\",\"yooessentials_access_conditions\":[],\"yooessentials_access_mode\":\"AND\"}}],\"name\":\"Button Benachrichtigung animiert\"}]}]}]},{\"name\":\"Tagline\",\"type\":\"section\",\"props\":{\"image_position\":\"center-center\",\"image_size\":\"cover\",\"padding\":\"large\",\"style\":\"primary\",\"title_breakpoint\":\"xl\",\"title_position\":\"top-left\",\"title_rotation\":\"left\",\"vertical_align\":\"\",\"width\":\"default\"},\"children\":[{\"type\":\"row\",\"children\":[{\"type\":\"column\",\"props\":{\"image_position\":\"center-center\",\"position_sticky_breakpoint\":\"m\",\"width_medium\":\"1-1\"},\"children\":[{\"type\":\"headline\",\"props\":{\"block_align\":\"center\",\"content\":\"Anfahrt zum Gallimarkt Mainburg\",\"css\":\".el-element {\\n    background: linear-gradient(90deg, #d1bf7c,  #caae5f);\\n    -webkit-background-clip: text;\\n    -webkit-text-fill-color: transparent;\\n}\",\"maxwidth\":\"xlarge\",\"text_align\":\"center\",\"title_element\":\"h2\",\"title_font_family\":\"secondary\",\"title_style\":\"heading-medium\"}}]}]}]},{\"name\":\"Anfahrt\",\"type\":\"section\",\"props\":{\"header_transparent\":false,\"image_position\":\"center-center\",\"image_size\":\"cover\",\"padding\":\"large\",\"padding_remove_top\":true,\"style\":\"primary\",\"title_breakpoint\":\"xl\",\"title_position\":\"top-left\",\"title_rotation\":\"left\",\"vertical_align\":\"\",\"width\":\"default\"},\"children\":[{\"type\":\"row\",\"props\":{\"column_gap\":\"large\",\"layout\":\"1-2,1-2\",\"row_gap\":\"large\"},\"children\":[{\"type\":\"column\",\"props\":{\"image_position\":\"center-center\",\"position_sticky_breakpoint\":\"m\",\"width_medium\":\"1-2\"},\"children\":[{\"type\":\"map\",\"props\":{\"controls\":true,\"css\":\".leaflet-bar a {\\n  background-color: #115197;;}\",\"dragging\":false,\"image_svg_color\":\"emphasis\",\"link_style\":\"default\",\"link_text\":\"Read more\",\"margin\":\"default\",\"max_zoom\":18,\"meta_align\":\"below-title\",\"meta_element\":\"div\",\"meta_style\":\"text-meta\",\"min_zoom\":0,\"poi\":false,\"show_content\":true,\"show_image\":true,\"show_link\":true,\"show_meta\":true,\"show_title\":true,\"title_element\":\"h3\",\"title_hover_style\":\"reset\",\"type\":\"roadmap\",\"zoom\":\"13\",\"zooming\":false},\"children\":[{\"type\":\"map_item\",\"props\":{\"location\":\"48.64081568463655,11.786895120910886\"}}]}]},{\"type\":\"column\",\"props\":{\"image_position\":\"center-center\",\"position_sticky_breakpoint\":\"m\",\"width_medium\":\"1-2\"},\"children\":[{\"type\":\"headline\",\"props\":{\"content\":\"Anfahrtsbeschreibung\",\"title_decoration\":\"line\",\"title_element\":\"h2\",\"title_font_family\":\"primary\",\"title_style\":\"h3\"}},{\"type\":\"text\",\"props\":{\"column_breakpoint\":\"m\",\"content\":\"\n\n<p data-start=\\\"42\\\" data-end=\\\"179\\\">Der Gallimarkt in Mainburg findet auf dem Volksfestplatz statt und ist gut erreichbar. Hier sind die verschiedenen Anfahrtsm\\u00f6glichkeiten:<\\\/p>\\n\n\n<p data-start=\\\"181\\\" data-end=\\\"393\\\"><strong data-start=\\\"181\\\" data-end=\\\"197\\\">Mit dem Bus:<\\\/strong> <span class=\\\"relative -mx-px my-[-0.2rem] rounded px-px py-[0.2rem]\\\">Die n\\u00e4chstgelegene Bushaltestelle zum Gallimarkt ist der Busbahnhof Mainburg in der Freisinger Stra\\u00dfe, nur etwa 50 Meter vom Festgel\\u00e4nde entfernt.<\\\/span> <span class=\\\"relative -mx-px my-[-0.2rem] rounded px-px py-[0.2rem]\\\">W\\u00e4hrend des Gallimarkts verkehrt der \\\"Gallimarkt-Express\\\" am Freitag- und Samstagabend aus den Richtungen Abensberg, Tegernbach, Oberlauterbach\\\/Geisenfeld, P\\u00f6tzmes\\\/Volkenschwand und Osterwaal\\\/Wolnzach.<\\\/span> <span class=\\\"relative -mx-px my-[-0.2rem] rounded px-px py-[0.2rem]\\\">Die Preise pro Fahrt betragen f\\u00fcr Erwachsene 4,00 \\u20ac und f\\u00fcr Kinder bis einschlie\\u00dflich 12 Jahre 2,00 \\u20ac.<\\\/span><\\\/p>\\n\n\n<p data-start=\\\"395\\\" data-end=\\\"494\\\"><strong data-start=\\\"395\\\" data-end=\\\"412\\\">Mit dem Auto:<\\\/strong> <span class=\\\"relative -mx-px my-[-0.2rem] rounded px-px py-[0.2rem]\\\">Rund um den Volksfestplatz stehen zahlreiche Parkpl\\u00e4tze zur Verf\\u00fcgung.<\\\/span><\\\/p>\\n\n\n<ul data-start=\\\"495\\\" data-end=\\\"930\\\">\\n\n\n<li data-start=\\\"495\\\" data-end=\\\"578\\\"><span class=\\\"relative -mx-px my-[-0.2rem] rounded px-px py-[0.2rem]\\\">Gro\\u00dfparkplatz Griesplatz \\\/ Paul-Nappenbach-Stra\\u00dfe<\\\/span>\\u200b<\\\/li>\\n\n\n<li data-start=\\\"579\\\" data-end=\\\"666\\\"><span class=\\\"relative -mx-px my-[-0.2rem] rounded px-px py-[0.2rem]\\\">Parkpl\\u00e4tze beim Heizwerk (Wiese), nach \\\"An der Abens 35\\\"<\\\/span>\\u200b<\\\/li>\\n\n\n<li data-start=\\\"667\\\" data-end=\\\"754\\\"><span class=\\\"relative -mx-px my-[-0.2rem] rounded px-px py-[0.2rem]\\\">Parkpl\\u00e4tze s\\u00fcdlich der Berufsschule Mainburg, Ebrantshauser Stra\\u00dfe \\\/ Kreisverkehr<\\\/span>\\u200b<\\\/li>\\n\n\n<li data-start=\\\"755\\\" data-end=\\\"842\\\"><span class=\\\"relative -mx-px my-[-0.2rem] rounded px-px py-[0.2rem]\\\">Parkpl\\u00e4tze am LSK Theater, Am Sportplatz 3<\\\/span>\\u200b<\\\/li>\\n\n\n<li data-start=\\\"843\\\" data-end=\\\"930\\\"><span class=\\\"relative -mx-px my-[-0.2rem] rounded px-px py-[0.2rem]\\\">Parkpl\\u00e4tze am Schulzentrum, Ebrantshauser Str. 70<\\\/span>\\u200b<\\\/li>\\n<\\\/ul>\\n\n\n<p data-start=\\\"932\\\" data-end=\\\"1057\\\"><span class=\\\"relative -mx-px my-[-0.2rem] rounded px-px py-[0.2rem]\\\">Sechs Behindertenparkpl\\u00e4tze befinden sich im asphaltierten Bereich nordwestlich der Festwiese.<\\\/span> \\u200b<span class=\\\"\\\" data-state=\\\"closed\\\"><\\\/span><\\\/p>\\n\n\n<p data-start=\\\"1059\\\" data-end=\\\"1202\\\"><strong data-start=\\\"1059\\\" data-end=\\\"1076\\\">Mit dem Taxi:<\\\/strong> <span class=\\\"relative -mx-px my-[-0.2rem] rounded px-px py-[0.2rem]\\\">Drei Taxist\\u00e4nde sind im asphaltierten Bereich nordwestlich der Festwiese eingerichtet, was die An- und Abreise mit dem Taxi erleichtert.<\\\/span><\\\/p>\",\"margin\":\"default\",\"text_style\":\"lead\"}}]}]}]},{\"name\":\"Galerie\",\"type\":\"section\",\"props\":{\"css\":\".el-section {\\n    border-top: solid 5px #c0a551;\\n}\",\"image\":\"wp-content\\\/uploads\\\/2025\\\/01\\\/Fond-GrauMuster1-AdobeStock_297899176-dunkel-scharf1-scaled.jpg\",\"image_position\":\"center-center\",\"image_size\":\"cover\",\"padding\":\"large\",\"padding_remove_top\":false,\"style\":\"default\",\"title_breakpoint\":\"xl\",\"title_position\":\"top-left\",\"title_rotation\":\"left\",\"vertical_align\":\"\",\"width\":\"default\"},\"children\":[{\"type\":\"row\",\"children\":[{\"type\":\"column\",\"props\":{\"image_position\":\"center-center\",\"position_sticky_breakpoint\":\"m\"},\"children\":[{\"type\":\"headline\",\"props\":{\"animation\":\"parallax\",\"content\":\"Impressionen\",\"parallax_x\":\"-10vw,10vw\",\"position\":\"relative\",\"position_right\":\"20vw\",\"text_align\":\"right\",\"title_color\":\"muted\",\"title_decoration\":\"line\",\"title_element\":\"h2\",\"title_font_family\":\"secondary\",\"title_style\":\"heading-large\"}},{\"type\":\"gallery\",\"props\":{\"filter_align\":\"left\",\"filter_all\":true,\"filter_grid_breakpoint\":\"m\",\"filter_grid_width\":\"auto\",\"filter_position\":\"top\",\"filter_style\":\"tab\",\"grid_default\":\"1\",\"grid_masonry\":\"next\",\"grid_medium\":\"3\",\"grid_small\":\"2\",\"item_animation\":true,\"lightbox\":true,\"lightbox_bg_close\":true,\"lightbox_image_orientation\":false,\"link_style\":\"default\",\"link_text\":\"Vollansicht\",\"margin\":\"default\",\"meta_align\":\"below-title\",\"meta_element\":\"div\",\"meta_style\":\"text-meta\",\"overlay_hover\":true,\"overlay_link\":true,\"overlay_mode\":\"cover\",\"overlay_position\":\"center\",\"overlay_style\":\"overlay-default\",\"overlay_transition\":\"fade\",\"show_content\":true,\"show_hover_image\":true,\"show_hover_video\":true,\"show_link\":true,\"show_meta\":true,\"show_title\":true,\"text_align\":\"center\",\"text_color\":\"light\",\"title_element\":\"h3\",\"title_hover_style\":\"reset\"},\"children\":[{\"type\":\"gallery_item\",\"props\":{\"image\":\"wp-content\\\/uploads\\\/2025\\\/03\\\/IMG_8254.jpg\"}},{\"type\":\"gallery_item\",\"props\":{\"image\":\"wp-content\\\/uploads\\\/2025\\\/03\\\/IMG_0502.jpg\"}},{\"type\":\"gallery_item\",\"props\":{\"image\":\"wp-content\\\/uploads\\\/2025\\\/03\\\/IMG_3297.jpg\"}},{\"type\":\"gallery_item\",\"props\":{\"image\":\"wp-content\\\/uploads\\\/2025\\\/03\\\/IMG_0519.jpg\"}},{\"type\":\"gallery_item\",\"props\":{\"image\":\"wp-content\\\/uploads\\\/2025\\\/03\\\/IMG_0501.jpg\"}},{\"type\":\"gallery_item\",\"props\":{\"image\":\"wp-content\\\/uploads\\\/2025\\\/03\\\/IMG_0524.jpg\"}}],\"name\":\"Galerie\"}]}]}]},{\"type\":\"section\",\"props\":{\"css\":\".el-section {\\n    border-top: solid 5px #c0a551;\\n}\",\"height\":\"viewport\",\"height_offset_top\":false,\"height_viewport\":70,\"image\":\"wp-content\\\/uploads\\\/2025\\\/03\\\/IMG_0870-scaled.jpg\",\"image_effect\":\"fixed\",\"image_position\":\"top-center\",\"image_size\":\"cover\",\"media_focal_point\":\"top-center\",\"style\":\"default\",\"title_breakpoint\":\"xl\",\"title_position\":\"top-left\",\"title_rotation\":\"left\",\"vertical_align\":\"middle\",\"width\":\"default\"},\"children\":[{\"type\":\"row\",\"children\":[{\"type\":\"column\",\"props\":{\"image_position\":\"center-center\",\"position_sticky_breakpoint\":\"m\"}}]}]},{\"name\":\"Newsletter\",\"type\":\"section\",\"props\":{\"css\":\".el-section {\\n        background-color: #000;\\n}\",\"image\":\"wp-content\\\/uploads\\\/2024\\\/12\\\/slate-4772749_1280.jpg\",\"image_position\":\"center-center\",\"image_size\":\"cover\",\"overlap\":false,\"padding\":\"large\",\"padding_remove_bottom\":false,\"padding_remove_top\":false,\"style\":\"muted\",\"text_color\":\"light\",\"title_breakpoint\":\"xl\",\"title_position\":\"center-left\",\"title_rotation\":\"left\",\"vertical_align\":\"\",\"width\":\"expand\"},\"children\":[{\"type\":\"row\",\"props\":{\"layout\":\"1-2,1-2\",\"width\":\"expand\"},\"children\":[{\"type\":\"column\",\"props\":{\"image_position\":\"center-center\",\"position_sticky_breakpoint\":\"m\",\"vertical_align\":\"middle\",\"width_medium\":\"1-2\"},\"children\":[{\"type\":\"panel\",\"props\":{\"block_align\":\"center\",\"block_align_breakpoint\":\"s\",\"block_align_fallback\":\"center\",\"class\":\"inset-text\",\"content\":\"\",\"content_column_breakpoint\":\"m\",\"icon_width\":80,\"image_align\":\"top\",\"image_grid_breakpoint\":\"m\",\"image_grid_width\":\"1-2\",\"image_svg_color\":\"emphasis\",\"link_style\":\"default\",\"link_target\":false,\"link_text\":\"\",\"margin\":\"default\",\"maxwidth\":\"xlarge\",\"meta\":\"\",\"meta_align\":\"above-title\",\"meta_color\":\"primary\",\"meta_element\":\"div\",\"meta_style\":\"text-meta\",\"parallax_y\":\"300,320\",\"text_align\":\"left\",\"text_align_breakpoint\":\"m\",\"text_align_fallback\":\"center\",\"title\":\"Zum Festzelt Newsletter&nbsp;<br class=\\\"uk-visible@l\\\">anmelden und als erster Bescheid wissen!\",\"title_align\":\"top\",\"title_element\":\"h2\",\"title_font_family\":\"secondary\",\"title_grid_breakpoint\":\"m\",\"title_grid_width\":\"1-2\",\"title_hover_style\":\"reset\",\"title_style\":\"heading-small\"}}]},{\"type\":\"column\",\"props\":{\"image_position\":\"top-right\",\"padding\":\"large\",\"position_sticky_breakpoint\":\"m\",\"vertical_align\":\"middle\",\"width_medium\":\"1-2\"},\"children\":[{\"type\":\"html\",\"props\":{\"content\":\"<script>\\nfunction loadjQuery(e,t){var n=document.createElement(\\\"script\\\");n.setAttribute(\\\"src\\\",e);n.onload=t;n.onreadystatechange=function(){if(this.readyState==\\\"complete\\\"||this.readyState==\\\"loaded\\\")t()};document.getElementsByTagName(\\\"head\\\")[0].appendChild(n)}function main(){\\nvar $cr=jQuery.noConflict();var old_src;$cr(document).ready(function(){$cr(\\\".cr_form\\\").submit(function(){$cr(this).find('.clever_form_error').removeClass('clever_form_error');$cr(this).find('.clever_form_note').remove();$cr(this).find(\\\".musthave\\\").find('input, textarea').each(function(){if(jQuery.trim($cr(this).val())==\\\"\\\"||($cr(this).is(':checkbox'))||($cr(this).is(':radio'))){if($cr(this).is(':checkbox')||($cr(this).is(':radio'))){if(!$cr(this).parents(\\\".cr_ipe_item\\\").find(\\\":checked\\\").is(\\\":checked\\\")){$cr(this).parents(\\\".cr_ipe_item\\\").addClass('clever_form_error')}}else{$cr(this).addClass('clever_form_error')}}});if($cr(this).attr(\\\"action\\\").search(document.domain)>0&&$cr(\\\".cr_form\\\").attr(\\\"action\\\").search(\\\"wcs\\\")>0){var cr_email=$cr(this).find('input[name=email]');var unsub=false;if($cr(\\\"input['name=cr_subunsubscribe'][value='false']\\\").length){if($cr(\\\"input['name=cr_subunsubscribe'][value='false']\\\").is(\\\":checked\\\")){unsub=true}}if(cr_email.val()&&!unsub){$cr.ajax({type:\\\"GET\\\",url:$cr(\\\".cr_form\\\").attr(\\\"action\\\").replace(\\\"wcs\\\",\\\"check_email\\\")+window.btoa($cr(this).find('input[name=email]').val()),success:function(data){if(data){cr_email.addClass('clever_form_error').before(\\\"\n\n<div class='clever_form_note cr_font'>\\\"+data+\\\"<\\\/div>\\\");return false}},async:false})}var cr_captcha=$cr(this).find('input[name=captcha]');if(cr_captcha.val()){$cr.ajax({type:\\\"GET\\\",url:$cr(\\\".cr_form\\\").attr(\\\"action\\\").replace(\\\"wcs\\\",\\\"check_captcha\\\")+$cr(this).find('input[name=captcha]').val(),success:function(data){if(data){cr_captcha.addClass('clever_form_error').after(\\\"\n\n<div style='display:block' class='clever_form_note cr_font'>\\\"+data+\\\"<\\\/div>\\\");return false}},async:false})}}if($cr(this).find('.clever_form_error').length){return false}return true});$cr('input[class*=\\\"cr_number\\\"]').change(function(){if(isNaN($cr(this).val())){$cr(this).val(1)}if($cr(this).attr(\\\"min\\\")){if(($cr(this).val()*1)<($cr(this).attr(\\\"min\\\")*1)){$cr(this).val($cr(this).attr(\\\"min\\\"))}}if($cr(this).attr(\\\"max\\\")){if(($cr(this).val()*1)>($cr(this).attr(\\\"max\\\")*1)){$cr(this).val($cr(this).attr(\\\"max\\\"))}}});old_src=$cr(\\\"div[rel='captcha'] img:not(.captcha2_reload)\\\").attr(\\\"src\\\");if($cr(\\\"div[rel='captcha'] img:not(.captcha2_reload)\\\").length!=0){captcha_reload()}});function captcha_reload(){var timestamp=new Date().getTime();$cr(\\\"div[rel='captcha'] img:not(.captcha2_reload)\\\").attr(\\\"src\\\",\\\"\\\");$cr(\\\"div[rel='captcha'] img:not(.captcha2_reload)\\\").attr(\\\"src\\\",old_src+\\\"?t=\\\"+timestamp);return false}\\n\\n}\\nif(typeof jQuery===\\\"undefined\\\"){loadjQuery(\\\"\\\/\\\/ajax.googleapis.com\\\/ajax\\\/libs\\\/jquery\\\/1.4.4\\\/jquery.min.js\\\",main)}else{main()}\\n\\n<\\\/script>\\n\\n\\n\n\n<style>\\n.cr_site{margin:0;padding:75px 0 0 0;text-align:center;background-color:#eeeeee;}\\n.cr_font{font-size: 14px;font-family: Arial;}\\n.cr_body h2, .cr_header h2{font-size:22px;line-height:28px;margin:0 0 10px 0;}\\n.cr_body h1, .cr_header h2{font-size:28px;margin-bottom:15px;padding:0;margin-top:0;}\\n.wrapper, .cr_page{margin:0 auto 10px auto;text-align:left;border-radius:4px;}\\n.cr_header{text-align:center;background: transparent !Important;}\\n.cr_body label{float:none;clear:both;display:block;width:auto;margin-top:8px;text-align:left;font-weight:bold;position:relative;}\\n.cr_button{display:inline-block;font-family:'Helvetica', Arial, sans-serif;width:auto;white-space:nowrap;height:32px;margin:5px 5px 0 0;padding:0 22px;text-decoration:none;text-align:center;font-weight:bold;font-style:normal;font-size:15px;line-height:32px;cursor:pointer;border:0;-moz-border-radius:4px;border-radius:4px;-webkit-border-radius:4px;vertical-align:top;}\\n.cr_button{background-color:#333;color:#ffffff;}\\n.cr_button:hover,.cr_button-small:hover{opacity:0.7;filter:alpha(opacity=70);}\\n.powered{padding:20px 0;width:560px;margin:0 auto;}\\n.formbox{line-height:150%;font-family:Helvetica;font-size:12px;color:#333333;padding:20px;background-color:#ffffff;border-radius: 6px 6px 6px 6px;}\\n.cr_ipe_item label{line-height:150%;font-size:20px;}\\n.cr_ipe_item textarea {background: none repeat scroll 0 0 #eeeeee;border: 1px solid #aaa;font-family: Helvetica;font-size: 16px;}\\n.cr_ipe_item input {background: none repeat scroll 0 0 #eeeeee;border: 1px solid #aaa;padding: 5px;font-family: Helvetica;font-size: 16px;}\\n.cr_ipe_item select {background: none repeat scroll 0 0 #eeeeee;border: 1px solid #aaa;display: block;margin: 0;padding: 5px;width: 100%;font-family: Helvetica;font-size: 16px;}\\n.cr_ipe_item input.cr_ipe_radio, input.cr_ipe_checkbox {-moz-binding: none;-moz-box-sizing: border-box;background-color: -moz-field !important;border: 2px inset threedface !important;color: -moz-fieldtext !important;cursor: default;height: 13px;padding: 0 !important;width: 13px;}\\n.cr_ipe_item input.cr_ipe_radio{-moz-appearance: radio;border-radius: 100% 100% 100% 100% !important;margin: 3px 3px 0 5px;}\\n.submit_container{text-align:center}\\n.cr_ipe_item{ padding:1px 10px; margin:1px 10px; }\\n.cr_ipe_item.inactive {display:none;}\\n.imprint{font-size:0.8em;}\\n.cr_captcha{padding-left:130px;}\\n.cr_error{font-size:1.1em;padding:10px;}\\n.clever_form_error{background-color:#f99; color:#000; border:1px solid #f22 !important}\\n.clever_form_note {margin:26px 0 0 3px;position:absolute;display:inline; padding: 2px 4px; font-weight:bold;background-color:#f2ecb5; color:#000; font-size:12px !important;  }\\n.cr_site {background-color:#eee;}\\n.cr_header {color:#000000;}\\n.cr_body {background-color:#ffffff;font-size:12px;color:#000000;}\\n.cr_hr {background-color:#ccc;}\\n.cr_site a {color:#0084ff;}\\n.imprint{color:#000;}\\n\\n<\\\/style>\\n\\n\\n\n\n<style id=\\\"style\\\">\\n.cr_site {background-color:#246a9c;}\\n.cr_body {color:#000000;background-color:#ffffff;}\\n.cr_header {color:#ffffff;}\\n.cr_hr {background-color:#ccc;}\\n.cr_site a {color:#0084ff;}\\n.imprint {color:#fff;}\\n.cr_page {width:640px;}\\n\\n<\\\/style>\\n\\n\\n\\n\n\n<form class=\\\"layout_form cr_form cr_font\\\" action=\\\"https:\\\/\\\/seu2.cleverreach.com\\\/f\\\/148140-152921\\\/wcs\\\/\\\" method=\\\"post\\\" target=\\\"_blank\\\">\\n\\t\n\n<div class=\\\"cr_body cr_page cr_font formbox\\\">\\n\\t\\t\n\n<div class=\\\"non_sortable\\\" style=\\\"text-align:left;\\\">\\n\\t\\t\\t\\n\\t\\t<\\\/div>\\n\\t\\t\\n\\t\\t\n\n<div class=\\\"editable_content\\\" style=\\\"text-align:left;\\\">\\n\\t\\t\n\n<div id=\\\"3184452\\\" rel=\\\"email\\\" class=\\\"cr_ipe_item ui-sortable musthave\\\" style=\\\"margin-bottom:px;\\\">\\n<label for=\\\"text3184452\\\" class=\\\"itemname\\\">Tragen Sie hier Ihre E-Mail-Adresse* ein<\\\/label> <input id=\\\"text3184452\\\" name=\\\"email\\\" value=\\\"\\\" type=\\\"text\\\" style=\\\"width:100%;\\\" \\\/>\\n<\\\/div>\n\n<div id=\\\"3184454\\\" rel=\\\"button\\\" class=\\\"cr_ipe_item ui-sortable submit_container\\\" style=\\\"text-align:center; margin-bottom:px;\\\">\\n<button type=\\\"submit\\\" class=\\\"cr_button\\\">Anmelden<\\\/button>\\n<\\\/div>\n\n<div id=\\\"7026904\\\" rel=\\\"hr\\\" class=\\\"cr_ipe_item ui-sortable cr_noedit\\\">\\n\\t<iframe src=\\\"\\\/\\\/www.facebook.com\\\/plugins\\\/like.php?href=https%3A%2F%2Fseu2.cleverreach.com%2Ff%2F148140-152921%2F&amp;layout=button_count&amp;show_faces=false&amp;width=400&amp;action=like&amp;colorscheme=light&amp;height=30\\\" scrolling=\\\"no\\\" frameborder=\\\"0\\\" style=\\\"border:none; overflow:hidden; width:400px; height:21px;\\\" allowTransparency=\\\"true\\\"><\\\/iframe>\\n<\\\/div>\\n        <\\\/div>\\n        \\n\\t<noscript><a href=\\\"http:\\\/\\\/www.cleverreach.de\\\">www.CleverReach.de<\\\/a><\\\/noscript>\\n    <\\\/div>\\n\\n    \\n<\\\/form>\",\"css\":\".cr_body {\\n    background-color: rgba(255, 255, 255, 0.1);\\n    \\\/* box-shadow: 1px 1px 10px rgba(255, 255, 255, 0.4); *\\\/\\n    border: 1px solid #666;\\n    border-radius: 5px;\\n    padding: 20px;\\n    backdrop-filter: blur(3px);\\n    -webkit-backdrop-filter: blur(3px);\\n    color: white;\\n    width: 80%;\\n}\\n.cr_button {\\n\\n    white-space: nowrap;\\n    height: 40px;\\n    margin: 10px 20px 0 0;\\n    padding: 0 22px;\\n    font-weight: bold;\\n    font-style: normal;\\n    font-size: 15px;\\n    line-height: 32px;\\n    cursor: pointer;\\n    border: 0;\\n    -moz-border-radius: 20px;\\n    border-radius: 20px;\\n    -webkit-border-radius: 20px;\\n    vertical-align: top;\\n    background-color: white;\\n    color: #333;\\n}\\n.cr_form .submit_container {\\n    text-align: left !important;\\n}\\n.cr_ipe_item {\\n    margin: 0 10px;\\n    padding: 5px 10px;\\n    width: auto;\\n    max-width: 85%;\\n}\\n.cr_ipe_item input {\\n    background: none repeat scroll 0 0 #ffffff;\\n    border-radius: 30px;\\n    border: 1px solid #ccc;\\n    font-size: 16px;\\n    padding: 15px;\\n}\\n.cr_form-inputgroup label {\\n    font-size: 20px;\\n    padding-bottom: 5px;\\n}\"}}]}]}]}],\"version\":\"4.5.31\",\"yooessentialsVersion\":\"2.4.8\"} --><\/p>\n","protected":false},"excerpt":{"rendered":"<p>Gallimarkt Mainburg 09.10.2026 &#8211; 12.10.2026 Die Hopfenmetropole feiert ihren bunten Herbst in Mainburg. Der beliebte Gallimarkt Mainburg in Bayern, ist eines der sch\u00f6nsten Volksfeste in der gesamten Hallertau. Lassen Sie uns gemeinsam den Herbst mit einer k\u00fchlen und frisch gezapften Ma\u00df Bier genie\u00dfen! 10.10.2025 &#8211; 13.10.2025 Die Hopfenmetropole feiert ihren bunten Herbst in Mainburg. Der [&hellip;]<\/p>\n","protected":false},"author":2,"featured_media":0,"parent":495,"menu_order":0,"comment_status":"closed","ping_status":"closed","template":"","meta":{"footnotes":""},"class_list":["post-486","page","type-page","status-publish","hentry"],"yoast_head":"<!-- This site is optimized with the Yoast SEO plugin v27.2 - https:\/\/yoast.com\/product\/yoast-seo-wordpress\/ -->\n<title>Gallimarkt Mainburg &#187; Festhalle Bayernland\u00ae - Bayrisch, z\u00fcnftig und modern - das Festzelt seit 1971<\/title>\n<meta name=\"description\" content=\"Gallimarkt Mainburg &#187; Jetzt Tisch reservieren! &#187; Regionale Speisen \u2714 Tolle Stimmung \u2714 Wo nette Leute zu Freunden werden!\" \/>\n<meta name=\"robots\" content=\"index, follow, max-snippet:-1, max-image-preview:large, max-video-preview:-1\" \/>\n<link rel=\"canonical\" href=\"https:\/\/festhalle-bayernland.de\/es\/festival-de-folk\/gallimarkt-mainburg\/\" \/>\n<meta property=\"og:locale\" content=\"es_ES\" \/>\n<meta property=\"og:type\" content=\"article\" \/>\n<meta property=\"og:title\" content=\"Gallimarkt Mainburg &#187; Festhalle Bayernland\u00ae - Bayrisch, z\u00fcnftig und modern - das Festzelt seit 1971\" \/>\n<meta property=\"og:description\" content=\"Gallimarkt Mainburg &#187; Jetzt Tisch reservieren! &#187; Regionale Speisen \u2714 Tolle Stimmung \u2714 Wo nette Leute zu Freunden werden!\" \/>\n<meta property=\"og:url\" content=\"https:\/\/festhalle-bayernland.de\/es\/festival-de-folk\/gallimarkt-mainburg\/\" \/>\n<meta property=\"og:site_name\" content=\"Festhalle Bayernland\u00ae - Bayrisch, z\u00fcnftig und modern - das Festzelt seit 1971\" \/>\n<meta property=\"article:publisher\" content=\"https:\/\/www.facebook.com\/Festhalle.Bayernland\/\" \/>\n<meta property=\"article:modified_time\" content=\"2025-10-23T08:58:37+00:00\" \/>\n<meta property=\"og:image\" content=\"https:\/\/festhalle-bayernland.de\/wp-content\/uploads\/2025\/01\/Festhalle-Bayernland-Logo-Gold.png\" \/>\n\t<meta property=\"og:image:width\" content=\"1587\" \/>\n\t<meta property=\"og:image:height\" content=\"1020\" \/>\n\t<meta property=\"og:image:type\" content=\"image\/png\" \/>\n<meta name=\"twitter:card\" content=\"summary_large_image\" \/>\n<meta name=\"twitter:label1\" content=\"Tiempo de lectura\" \/>\n\t<meta name=\"twitter:data1\" content=\"2 minutos\" \/>\n<script type=\"application\/ld+json\" class=\"yoast-schema-graph\">{\"@context\":\"https:\/\/schema.org\",\"@graph\":[{\"@type\":\"WebPage\",\"@id\":\"https:\/\/festhalle-bayernland.de\/volksfest\/gallimarkt-mainburg\/\",\"url\":\"https:\/\/festhalle-bayernland.de\/volksfest\/gallimarkt-mainburg\/\",\"name\":\"Gallimarkt Mainburg &#187; Festhalle Bayernland\u00ae - Bayrisch, z\u00fcnftig und modern - das Festzelt seit 1971\",\"isPartOf\":{\"@id\":\"https:\/\/festhalle-bayernland.de\/#website\"},\"datePublished\":\"2025-01-27T11:14:07+00:00\",\"dateModified\":\"2025-10-23T08:58:37+00:00\",\"description\":\"Gallimarkt Mainburg &#187; Jetzt Tisch reservieren! &#187; Regionale Speisen \u2714 Tolle Stimmung \u2714 Wo nette Leute zu Freunden werden!\",\"breadcrumb\":{\"@id\":\"https:\/\/festhalle-bayernland.de\/volksfest\/gallimarkt-mainburg\/#breadcrumb\"},\"inLanguage\":\"es\",\"potentialAction\":[{\"@type\":\"ReadAction\",\"target\":[\"https:\/\/festhalle-bayernland.de\/volksfest\/gallimarkt-mainburg\/\"]}]},{\"@type\":\"BreadcrumbList\",\"@id\":\"https:\/\/festhalle-bayernland.de\/volksfest\/gallimarkt-mainburg\/#breadcrumb\",\"itemListElement\":[{\"@type\":\"ListItem\",\"position\":1,\"name\":\"Startseite\",\"item\":\"https:\/\/festhalle-bayernland.de\/\"},{\"@type\":\"ListItem\",\"position\":2,\"name\":\"Volksfeste\",\"item\":\"https:\/\/festhalle-bayernland.de\/volksfest\/\"},{\"@type\":\"ListItem\",\"position\":3,\"name\":\"Gallimarkt Mainburg\"}]},{\"@type\":\"WebSite\",\"@id\":\"https:\/\/festhalle-bayernland.de\/#website\",\"url\":\"https:\/\/festhalle-bayernland.de\/\",\"name\":\"Festhalle Bayernland \u00ae\",\"description\":\"... wo nette Leute zu Freunden werden.\",\"publisher\":{\"@id\":\"https:\/\/festhalle-bayernland.de\/#organization\"},\"potentialAction\":[{\"@type\":\"SearchAction\",\"target\":{\"@type\":\"EntryPoint\",\"urlTemplate\":\"https:\/\/festhalle-bayernland.de\/?s={search_term_string}\"},\"query-input\":{\"@type\":\"PropertyValueSpecification\",\"valueRequired\":true,\"valueName\":\"search_term_string\"}}],\"inLanguage\":\"es\"},{\"@type\":\"Organization\",\"@id\":\"https:\/\/festhalle-bayernland.de\/#organization\",\"name\":\"Festhalle Bayernland \u00ae\",\"url\":\"https:\/\/festhalle-bayernland.de\/\",\"logo\":{\"@type\":\"ImageObject\",\"inLanguage\":\"es\",\"@id\":\"https:\/\/festhalle-bayernland.de\/#\/schema\/logo\/image\/\",\"url\":\"https:\/\/festhalle-bayernland.de\/wp-content\/uploads\/2025\/01\/Festhalle-Bayernland-Logo-Gold.png\",\"contentUrl\":\"https:\/\/festhalle-bayernland.de\/wp-content\/uploads\/2025\/01\/Festhalle-Bayernland-Logo-Gold.png\",\"width\":1587,\"height\":1020,\"caption\":\"Festhalle Bayernland \u00ae\"},\"image\":{\"@id\":\"https:\/\/festhalle-bayernland.de\/#\/schema\/logo\/image\/\"},\"sameAs\":[\"https:\/\/www.facebook.com\/Festhalle.Bayernland\/\",\"https:\/\/www.instagram.com\/festhalle_bayernland\/\"]}]}<\/script>\n<!-- \/ Yoast SEO plugin. -->","yoast_head_json":{"title":"Gallimarkt Mainburg \" Festhalle Bayernland\u00ae - B\u00e1varo, tradicional y moderno - la carpa desde 1971","description":"Gallimarkt Mainburg \" \u00a1Reserva ya tu mesa! \"Platos regionales \u2714 Gran ambiente \u2714 \u00a1Donde la gente agradable se hace amiga!","robots":{"index":"index","follow":"follow","max-snippet":"max-snippet:-1","max-image-preview":"max-image-preview:large","max-video-preview":"max-video-preview:-1"},"canonical":"https:\/\/festhalle-bayernland.de\/es\/festival-de-folk\/gallimarkt-mainburg\/","og_locale":"es_ES","og_type":"article","og_title":"Gallimarkt Mainburg &#187; Festhalle Bayernland\u00ae - Bayrisch, z\u00fcnftig und modern - das Festzelt seit 1971","og_description":"Gallimarkt Mainburg &#187; Jetzt Tisch reservieren! &#187; Regionale Speisen \u2714 Tolle Stimmung \u2714 Wo nette Leute zu Freunden werden!","og_url":"https:\/\/festhalle-bayernland.de\/es\/festival-de-folk\/gallimarkt-mainburg\/","og_site_name":"Festhalle Bayernland\u00ae - Bayrisch, z\u00fcnftig und modern - das Festzelt seit 1971","article_publisher":"https:\/\/www.facebook.com\/Festhalle.Bayernland\/","article_modified_time":"2025-10-23T08:58:37+00:00","og_image":[{"width":1587,"height":1020,"url":"https:\/\/festhalle-bayernland.de\/wp-content\/uploads\/2025\/01\/Festhalle-Bayernland-Logo-Gold.png","type":"image\/png"}],"twitter_card":"summary_large_image","twitter_misc":{"Tiempo de lectura":"2 minutos"},"schema":{"@context":"https:\/\/schema.org","@graph":[{"@type":"WebPage","@id":"https:\/\/festhalle-bayernland.de\/volksfest\/gallimarkt-mainburg\/","url":"https:\/\/festhalle-bayernland.de\/volksfest\/gallimarkt-mainburg\/","name":"Gallimarkt Mainburg \" Festhalle Bayernland\u00ae - B\u00e1varo, tradicional y moderno - la carpa desde 1971","isPartOf":{"@id":"https:\/\/festhalle-bayernland.de\/#website"},"datePublished":"2025-01-27T11:14:07+00:00","dateModified":"2025-10-23T08:58:37+00:00","description":"Gallimarkt Mainburg \" \u00a1Reserva ya tu mesa! \"Platos regionales \u2714 Gran ambiente \u2714 \u00a1Donde la gente agradable se hace amiga!","breadcrumb":{"@id":"https:\/\/festhalle-bayernland.de\/volksfest\/gallimarkt-mainburg\/#breadcrumb"},"inLanguage":"es","potentialAction":[{"@type":"ReadAction","target":["https:\/\/festhalle-bayernland.de\/volksfest\/gallimarkt-mainburg\/"]}]},{"@type":"BreadcrumbList","@id":"https:\/\/festhalle-bayernland.de\/volksfest\/gallimarkt-mainburg\/#breadcrumb","itemListElement":[{"@type":"ListItem","position":1,"name":"Startseite","item":"https:\/\/festhalle-bayernland.de\/"},{"@type":"ListItem","position":2,"name":"Volksfeste","item":"https:\/\/festhalle-bayernland.de\/volksfest\/"},{"@type":"ListItem","position":3,"name":"Gallimarkt Mainburg"}]},{"@type":"WebSite","@id":"https:\/\/festhalle-bayernland.de\/#website","url":"https:\/\/festhalle-bayernland.de\/","name":"Festhalle Bayernland \u00ae","description":"... wo nette Leute zu Freunden werden.","publisher":{"@id":"https:\/\/festhalle-bayernland.de\/#organization"},"potentialAction":[{"@type":"SearchAction","target":{"@type":"EntryPoint","urlTemplate":"https:\/\/festhalle-bayernland.de\/?s={search_term_string}"},"query-input":{"@type":"PropertyValueSpecification","valueRequired":true,"valueName":"search_term_string"}}],"inLanguage":"es"},{"@type":"Organization","@id":"https:\/\/festhalle-bayernland.de\/#organization","name":"Festhalle Bayernland \u00ae","url":"https:\/\/festhalle-bayernland.de\/","logo":{"@type":"ImageObject","inLanguage":"es","@id":"https:\/\/festhalle-bayernland.de\/#\/schema\/logo\/image\/","url":"https:\/\/festhalle-bayernland.de\/wp-content\/uploads\/2025\/01\/Festhalle-Bayernland-Logo-Gold.png","contentUrl":"https:\/\/festhalle-bayernland.de\/wp-content\/uploads\/2025\/01\/Festhalle-Bayernland-Logo-Gold.png","width":1587,"height":1020,"caption":"Festhalle Bayernland \u00ae"},"image":{"@id":"https:\/\/festhalle-bayernland.de\/#\/schema\/logo\/image\/"},"sameAs":["https:\/\/www.facebook.com\/Festhalle.Bayernland\/","https:\/\/www.instagram.com\/festhalle_bayernland\/"]}]}},"_links":{"self":[{"href":"https:\/\/festhalle-bayernland.de\/es\/wp-json\/wp\/v2\/pages\/486","targetHints":{"allow":["GET"]}}],"collection":[{"href":"https:\/\/festhalle-bayernland.de\/es\/wp-json\/wp\/v2\/pages"}],"about":[{"href":"https:\/\/festhalle-bayernland.de\/es\/wp-json\/wp\/v2\/types\/page"}],"author":[{"embeddable":true,"href":"https:\/\/festhalle-bayernland.de\/es\/wp-json\/wp\/v2\/users\/2"}],"replies":[{"embeddable":true,"href":"https:\/\/festhalle-bayernland.de\/es\/wp-json\/wp\/v2\/comments?post=486"}],"version-history":[{"count":49,"href":"https:\/\/festhalle-bayernland.de\/es\/wp-json\/wp\/v2\/pages\/486\/revisions"}],"predecessor-version":[{"id":2758,"href":"https:\/\/festhalle-bayernland.de\/es\/wp-json\/wp\/v2\/pages\/486\/revisions\/2758"}],"up":[{"embeddable":true,"href":"https:\/\/festhalle-bayernland.de\/es\/wp-json\/wp\/v2\/pages\/495"}],"wp:attachment":[{"href":"https:\/\/festhalle-bayernland.de\/es\/wp-json\/wp\/v2\/media?parent=486"}],"curies":[{"name":"wp","href":"https:\/\/api.w.org\/{rel}","templated":true}]}}