{"id":620,"date":"2025-02-04T06:09:51","date_gmt":"2025-02-04T05:09:51","guid":{"rendered":"https:\/\/festhalle-bayernland-wp.wedeon.it\/?page_id=620"},"modified":"2026-04-02T15:48:26","modified_gmt":"2026-04-02T13:48:26","slug":"partner","status":"publish","type":"page","link":"https:\/\/festhalle-bayernland.de\/en\/marquee-rental\/partner\/","title":{"rendered":"Music and partners"},"content":{"rendered":"<h2>Partner<\/h2>\n<div>\n<h2>Musik &#038; Unterhaltung<\/h2>\n<div>\n<p>In der <strong>Festhalle Bayernland\u00ae<\/strong> ist immer was los! Mit unseren Allstars garantieren wir beste Stimmung im Festzelt.<br \/>\nGenie\u00dfen Sie s\u00fcffiges Bier aus der Region und ein abwechslungsreiches<br \/>\nVeranstaltungsprogramm \u2013 ob auf dem M\u00fcnchner Fr\u00fchlingsfest, dem Gallimarkt Mainburg, der N\u00f6rdlinger Mess,<br \/>\ndem Gillamoos Abensberg oder bald an weiteren Standorten in ganz Bayern.<\/p>\n<\/div>\n<p><a href=\"#\"><\/a><\/p>\n<\/div>\n<ul>\n<li>\n<p>        <img decoding=\"async\" src=\"\/wp-content\/uploads\/2025\/01\/urnnewsmldpa.com20090101240416-99-689080-v3-s2048.jpeg\" alt=\"\"><\/p>\n<h3>Ballermann-Star Mickie Krause<\/h3>\n<\/li>\n<li>\n<p>        <img decoding=\"async\" src=\"\/wp-content\/uploads\/2025\/02\/MZ_titelbild.jpg\" alt=\"\"><\/p>\n<\/li>\n<li>\n<p>        <img decoding=\"async\" src=\"\/wp-content\/uploads\/2025\/02\/vollgas-orchester-off-pics-012.jpeg\" alt=\"\"><\/p>\n<\/li>\n<li>\n<p>        <img decoding=\"async\" src=\"\/wp-content\/uploads\/2025\/04\/Wolfsegger.jpg\" alt=\"\"><\/p>\n<\/li>\n<li>\n<p>        <img decoding=\"async\" src=\"\/wp-content\/uploads\/2025\/04\/dj_oetzi_festhalle-bayernland_festzelt_schoeniger.jpg\" alt=\"\"><\/p>\n<\/li>\n<li>\n<p>        <img decoding=\"async\" src=\"\/wp-content\/uploads\/2025\/04\/oktoberfestband-vollgasorchester-teilen.jpg\" alt=\"\"><\/p>\n<\/li>\n<li>\n<p>        <img decoding=\"async\" src=\"\/wp-content\/uploads\/2025\/04\/Pressefoto-2023-Kopie-1-scaled-e1674065000787.jpg\" alt=\"\"><\/p>\n<\/li>\n<\/ul>\n<ul>\n<li>\n<p>        <img decoding=\"async\" src=\"\/wp-content\/uploads\/2025\/04\/Musikanten-Wolfsegger.png\" alt=\"Musikanten Wolfsegger\"><\/p>\n<h2>Wolfsegger<\/h2>\n<p><a href=\"https:\/\/wolfsegger.bayern\/\">wolfsegger.bayern<\/a><\/p>\n<\/li>\n<li>\n<p>        <img decoding=\"async\" src=\"\/wp-content\/uploads\/2025\/04\/Musikant-Mickie-Krause.png\" alt=\"Musikant Mickie Krause\"><\/p>\n<h2>Mickie Krause<\/h2>\n<p><a href=\"https:\/\/mickie-krause.de\/\">mickie-krause.de<\/a><\/p>\n<\/li>\n<li>\n<p>        <img decoding=\"async\" src=\"\/wp-content\/uploads\/2025\/04\/Musikant-DJ-Oezi.png\" alt=\"Musikant DJ O\u0308zi\"><\/p>\n<h2>DJ \u00d6zi<\/h2>\n<p><a href=\"https:\/\/djoetzi.at\/\">djoetzi.at<\/a><\/p>\n<\/li>\n<li>\n<p>        <img decoding=\"async\" src=\"\/wp-content\/uploads\/2025\/04\/Musikanten-Bayernmusikanten.png\" alt=\"Musikanten Bayernmusikanten\"><\/p>\n<h2>Bayernmusikanten<\/h2>\n<p><a href=\"http:\/\/www.bayernmusikanten.de\/\">bayernmusikanten.de<\/a><\/p>\n<\/li>\n<li>\n<p>        <img decoding=\"async\" src=\"\/wp-content\/uploads\/2025\/04\/Musikanten-Vollgas-Orchester.png\" alt=\"\"><\/p>\n<h2>Vollgasorchester<\/h2>\n<p><a href=\"https:\/\/vollgasorchester.de\/\">vollgasorchester.de<\/a><\/p>\n<\/li>\n<li>\n<p>        <img decoding=\"async\" src=\"\/wp-content\/uploads\/2025\/04\/Musikanten-Manyana.png\" alt=\"\"><\/p>\n<h2>Manyana<\/h2>\n<p><a href=\"https:\/\/manyana.de\/\">manyana.de<\/a><\/p>\n<\/li>\n<li>\n<p>        <img decoding=\"async\" src=\"\/wp-content\/uploads\/2025\/04\/Musikanten-Joe-Williams.png\" alt=\"\"><\/p>\n<h2>Joe Williams<\/h2>\n<p><a href=\"https:\/\/joe-williams-band.de\/\">joe-williams-band.de<\/a><\/p>\n<\/li>\n<li>\n<p>        <img decoding=\"async\" src=\"\/wp-content\/uploads\/2025\/04\/Musikanten-Cagey.png\" alt=\"\"><\/p>\n<h2>Cagey<\/h2>\n<p><a href=\"https:\/\/cageystrings.de\/\">cageystrings.de<\/a><\/p>\n<\/li>\n<li>\n<p>        <img decoding=\"async\" src=\"\/wp-content\/uploads\/2025\/04\/Musikanten-Wuidara-Pistols.png\" alt=\"\"><\/p>\n<h2>Wuidara<\/h2>\n<p><a href=\"https:\/\/wuidara-pistols.de\/\">wuidara-pistols.de<\/a><\/p>\n<\/li>\n<li>\n<p>        <img decoding=\"async\" src=\"\/wp-content\/uploads\/2025\/04\/Musikanten-Muenchner-Gschichten.png\" alt=\"\"><\/p>\n<h2>M\u00fcnchner Gschichten<\/h2>\n<p><a href=\"https:\/\/muenchner-gschichten.de\/\">muenchner-gschichten.de<\/a><\/p>\n<\/li>\n<li>\n<p>        <img decoding=\"async\" src=\"\/wp-content\/uploads\/2025\/04\/Musikanten-Dingl-Dangl.png\" alt=\"\"><\/p>\n<h2>Dingl Dangl<\/h2>\n<p><a href=\"https:\/\/gery012.wixsite.com\/dingldangl\">dingldangl.de<\/a><\/p>\n<\/li>\n<li>\n<p>        <img decoding=\"async\" src=\"\/wp-content\/uploads\/2025\/04\/Musikanten-Eslarner.png\" alt=\"\"><\/p>\n<h2>Eslarner<\/h2>\n<p><a href=\"https:\/\/www.eslarner-showband.de\/\">eslarner-showband.de<\/a><\/p>\n<\/li>\n<li>\n<p>        <img decoding=\"async\" src=\"\/wp-content\/uploads\/2025\/04\/Musikanten-Kzwoa.png\" alt=\"\"><\/p>\n<h2>Kzwoa<\/h2>\n<p><a href=\"https:\/\/www.kzwoa.com\/\">kzwoa.com<\/a><\/p>\n<\/li>\n<li>\n<p>        <img decoding=\"async\" src=\"\/wp-content\/uploads\/2026\/04\/AlpenfeeWeb-2.jpg\" alt=\"\"><\/p>\n<h2>Alpenfee<\/h2>\n<p><a href=\"https:\/\/alpenfee-shop.de\">alpenfee-shop.de<\/a><\/p>\n<\/li>\n<\/ul>\n<h2>Lieferanten<\/h2>\n<div>Unsere Lieferanten \u2013 jeder einzelne etwas ganz Besonderes.<br \/>\nDoch erst gemeinsam machen wir aus der Festhalle Bayernland mehr als nur ein Festzelt:<br \/>\neinen Ort, an dem man die Heimat schmeckt!<\/div>\n<ul>\n<li>\n<p>        <img decoding=\"async\" src=\"\/wp-content\/uploads\/2025\/04\/Partner-Vinzenz-Murr.png\" alt=\"vinzenzmurr_Logo_o.Claim_4c\"><\/p>\n<h2>vinzenzmurr<\/h2>\n<p><a href=\"#\"><\/a><\/p>\n<\/li>\n<li>\n<p>        <img decoding=\"async\" src=\"\/wp-content\/uploads\/2025\/04\/Partner-Miesbacher-Gastroservice.png\" alt=\"\"><\/p>\n<h2>Miesbacher Gastronomieservice<\/h2>\n<p><a href=\"#\"><\/a><\/p>\n<\/li>\n<li>\n<p>        <img decoding=\"async\" src=\"\/wp-content\/uploads\/2025\/04\/Partner-Traditionsgefluegel.png\" alt=\"\"><\/p>\n<h2>Traditions Gefl\u00fcgel<\/h2>\n<p><a href=\"#\"><\/a><\/p>\n<\/li>\n<li>\n<p>        <img decoding=\"async\" src=\"\/wp-content\/uploads\/2025\/04\/Partner-Unser-Land.png\" alt=\"\"><\/p>\n<h2>Unser Land<\/h2>\n<p><a href=\"#\"><\/a><\/p>\n<\/li>\n<li>\n<p>        <img decoding=\"async\" src=\"\/wp-content\/uploads\/2025\/04\/Partner-Magnus-Bauch.png\" alt=\"\"><\/p>\n<h2>Magnus Bauch<\/h2>\n<p><a href=\"#\"><\/a><\/p>\n<\/li>\n<li>\n<p>        <img decoding=\"async\" src=\"\/wp-content\/uploads\/2025\/04\/Partner-Getraenke-Geins.png\" alt=\"\"><\/p>\n<h2>Getr\u00e4nke Geins<\/h2>\n<p><a href=\"#\"><\/a><\/p>\n<\/li>\n<li>\n<p>        <img decoding=\"async\" src=\"\/wp-content\/uploads\/2025\/04\/Partner-Fruechte-Feldbrach.png\" alt=\"\"><\/p>\n<h2>Fr\u00fcchte Feldbrach<\/h2>\n<p><a href=\"#\"><\/a><\/p>\n<\/li>\n<li>\n<p>        <img decoding=\"async\" src=\"\/wp-content\/uploads\/2025\/04\/Partner-Baecker-Mueller.png\" alt=\"\"><\/p>\n<h2>B\u00e4cker M\u00fcller<\/h2>\n<p><a href=\"#\"><\/a><\/p>\n<\/li>\n<li>\n<p>        <img decoding=\"async\" src=\"\/wp-content\/uploads\/2025\/04\/Partner-Heigl-Logo.png\" alt=\"Partner-Heigl-Logo\"><\/p>\n<h2>Heigl<\/h2>\n<\/li>\n<li>\n<p>        <img decoding=\"async\" src=\"\/wp-content\/uploads\/2025\/04\/Partner-Goeritz-Leberecht-Logo.png\" alt=\"Partner-Go\u0308ritz-Leberecht-Logo\"><\/p>\n<h2>G\u00f6ritz-Leberecht Logo<\/h2>\n<\/li>\n<\/ul>\n<h2>Brauereien<\/h2>\n<div>Unsere Brauereipartner stehen f\u00fcr h\u00f6chste Qualit\u00e4t, Tradition und die Liebe zum bayerischen Bier. Gemeinsam sorgen wir daf\u00fcr, dass jede Ma\u00df in der Festhalle Bayernland zum unvergesslichen Genuss wird. <\/div>\n<ul>\n<li>\n<p>        <img decoding=\"async\" src=\"\/wp-content\/uploads\/2025\/03\/Im-Ausschank-am-Muenchner-Fruehlingsfest-Augustiner-Braeu.png\" alt=\"Im Ausschank am Mu\u0308nchner Fru\u0308hlingsfest - Augustiner Bra\u0308u\"><\/p>\n<h2>Augustiner<\/h2>\n<\/li>\n<li>\n<p>        <img decoding=\"async\" src=\"\/wp-content\/uploads\/2025\/03\/Im-Ausschank-am-Gillamoos-Abensberg-Weissbierbrauer-Kuchlbauer.png\" alt=\"Im Ausschank am Gillamoos Abensberg - Weissbierbrauer Kuchlbauer\"><\/p>\n<h2>Kuchlbauer<\/h2>\n<p><a href=\"#\"><\/a><\/p>\n<\/li>\n<li>\n<p>        <img decoding=\"async\" src=\"\/wp-content\/uploads\/2025\/03\/Gllimarkt-Mainburg-im-Ausschank-Ziegler-Braeu.jpg\" alt=\"Gllimarkt Mainburg im Ausschank - Ziegler Bra\u0308u\"><\/p>\n<h2>Ziegler Br\u00e4u<\/h2>\n<p><a href=\"#\"><\/a><\/p>\n<\/li>\n<\/ul>\n<h2>St\u00e4dte- &amp; Gemeindepartnerschaften<\/h2>\n<div>Gemeinsam mit unseren Partnerst\u00e4dten und Gemeinden arbeiten wir Hand in Hand, um Traditionen zu bewahren und unvergessliche Erlebnisse zu schaffen.<\/div>\n<ul>\n<li>\n<p>        <img decoding=\"async\" src=\"\/wp-content\/uploads\/2025\/04\/Muenchen.png\" alt=\"\"><\/p>\n<h2>M\u00fcnchen<\/h2>\n<p><a href=\"#\"><\/a><\/p>\n<\/li>\n<li>\n<p>        <img decoding=\"async\" src=\"\/wp-content\/uploads\/2025\/04\/Noerdlingen.png\" alt=\"\"><\/p>\n<h2>N\u00f6rdlingen<\/h2>\n<p><a href=\"#\"><\/a><\/p>\n<\/li>\n<li>\n<p>        <img decoding=\"async\" src=\"\/wp-content\/uploads\/2025\/04\/Abensberg.png\" alt=\"\"><\/p>\n<h2>Abensberg<\/h2>\n<p><a href=\"#\"><\/a><\/p>\n<\/li>\n<li>\n<p>        <img decoding=\"async\" src=\"\/wp-content\/uploads\/2025\/04\/Mainburg.png\" alt=\"\"><\/p>\n<h2>Mainburg<\/h2>\n<p><a href=\"#\"><\/a><\/p>\n<\/li>\n<\/ul>\n<p><!--more--><br \/>\n<!-- {\"type\":\"layout\",\"children\":[{\"name\":\"Gallery\",\"type\":\"section\",\"props\":{\"image\":\"wp-content\/uploads\/2025\/01\/Fond-GrauMuster1-AdobeStock_297899176-dunkel-scharf1-scaled.jpg\",\"image_position\":\"center-center\",\"image_size\":\"cover\",\"padding_bottom\":\"large\",\"padding_top\":\"large\",\"style\":\"default\",\"title_breakpoint\":\"xl\",\"title_position\":\"top-left\",\"title_rotation\":\"left\",\"vertical_align\":\"\",\"width\":\"default\"},\"children\":[{\"type\":\"row\",\"props\":{\"margin_bottom\":\"large\",\"margin_top\":\"large\"},\"children\":[{\"type\":\"column\",\"props\":{\"image_position\":\"center-center\",\"position_sticky_breakpoint\":\"m\",\"vertical_align\":\"middle\",\"width_medium\":\"1-1\"},\"children\":[{\"type\":\"headline\",\"props\":{\"content\":\"Partner\",\"css\":\".el-element {background: linear-gradient(90deg, #e2d59e, #c0a551);\\n    -webkit-background-clip: text;\\n    -webkit-text-fill-color: transparent;\\n    transition: background 2s ease-in-out;\\n}\\n.el-element:hover {background: linear-gradient(90deg, #c0a551, #e2d59e );\\n    -webkit-background-clip: text;\\n    -webkit-text-fill-color: transparent;\\n    transition: background 2s ease-in-out;\\n}\",\"image_align\":\"left\",\"image_margin\":\"xsmall\",\"text_align\":\"center\",\"title_element\":\"h2\",\"title_font_family\":\"secondary\",\"title_style\":\"heading-xlarge\"}},{\"type\":\"fragment\",\"props\":{\"margin_bottom\":\"default\",\"margin_top\":\"default\"},\"children\":[{\"type\":\"row\",\"props\":{\"html_element\":\"article\",\"layout\":\"1-2,1-2\",\"width\":\"expand\"},\"children\":[{\"type\":\"column\",\"props\":{\"image_position\":\"center-center\",\"position_sticky_breakpoint\":\"m\",\"vertical_align\":\"middle\",\"width_medium\":\"1-2\"},\"children\":[{\"type\":\"panel\",\"props\":{\"content\":\"\n\n<p>In der <strong>Festhalle Bayernland\u00ae<\/strong> ist immer was los! Mit unseren Allstars garantieren wir beste Stimmung im Festzelt.\\nGenie\u00dfen Sie s\u00fcffiges Bier aus der Region und ein abwechslungsreiches\\nVeranstaltungsprogramm \u2013 ob auf dem M\u00fcnchner Fr\u00fchlingsfest, dem Gallimarkt Mainburg, der N\u00f6rdlinger Mess,\\ndem Gillamoos Abensberg oder bald an weiteren Standorten in ganz Bayern.<\/p>\n\n\",\"content_column_breakpoint\":\"m\",\"content_style\":\"text-large\",\"css\":\".el-content {\\n    color: white;\\n}\",\"image_align\":\"top\",\"image_grid_breakpoint\":\"m\",\"image_grid_width\":\"1-2\",\"image_svg_color\":\"emphasis\",\"link\":\"#\",\"link_style\":\"default\",\"link_text\":\"\",\"margin_bottom\":\"default\",\"margin_top\":\"default\",\"maxwidth\":\"large\",\"meta\":\"\",\"meta_align\":\"above-title\",\"meta_color\":\"muted\",\"meta_element\":\"div\",\"meta_style\":\"text-meta\",\"title\":\"Musik & Unterhaltung\",\"title_align\":\"top\",\"title_color\":\"muted\",\"title_element\":\"h2\",\"title_font_family\":\"primary\",\"title_grid_breakpoint\":\"m\",\"title_grid_width\":\"1-2\",\"title_hover_style\":\"reset\",\"title_link\":true,\"title_style\":\"h1\"}}]},{\"type\":\"column\",\"props\":{\"image_position\":\"center-center\",\"image_size\":\"cover\",\"position_sticky_breakpoint\":\"m\",\"vertical_align\":\"middle\",\"width_medium\":\"1-2\"},\"children\":[{\"type\":\"slideshow\",\"props\":{\"link_style\":\"default\",\"link_text\":\"Read more\",\"margin_bottom\":\"default\",\"margin_top\":\"default\",\"meta_align\":\"below-title\",\"meta_element\":\"div\",\"meta_style\":\"text-meta\",\"nav\":\"dotnav\",\"nav_align\":\"center\",\"nav_breakpoint\":\"s\",\"nav_position\":\"bottom-center\",\"nav_position_margin\":\"medium\",\"overlay_animation\":\"parallax\",\"overlay_position\":\"center-left\",\"show_content\":false,\"show_link\":true,\"show_meta\":false,\"show_thumbnail\":true,\"show_title\":false,\"slidenav\":\"default\",\"slidenav_breakpoint\":\"s\",\"slidenav_margin\":\"medium\",\"slidenav_outside_breakpoint\":\"xl\",\"slideshow_autoplay\":true,\"slideshow_autoplay_interval\":\"5\",\"slideshow_autoplay_pause\":true,\"slideshow_min_height\":300,\"slideshow_velocity\":\"0.2\",\"thumbnav_height\":\"75\",\"thumbnav_svg_color\":\"emphasis\",\"thumbnav_width\":\"100\",\"title_element\":\"h3\",\"title_hover_style\":\"reset\"},\"children\":[{\"type\":\"slideshow_item\",\"props\":{\"image\":\"wp-content\/uploads\/2025\/01\/urnnewsmldpa.com20090101240416-99-689080-v3-s2048.jpeg\",\"title\":\"Ballermann-Star Mickie Krause\"}},{\"type\":\"slideshow_item\",\"props\":{\"image\":\"wp-content\/uploads\/2025\/02\/MZ_titelbild.jpg\"}},{\"type\":\"slideshow_item\",\"props\":{\"image\":\"wp-content\/uploads\/2025\/02\/vollgas-orchester-off-pics-012.jpeg\"}},{\"type\":\"slideshow_item\",\"props\":{\"image\":\"wp-content\/uploads\/2025\/04\/Wolfsegger.jpg\"}},{\"type\":\"slideshow_item\",\"props\":{\"image\":\"wp-content\/uploads\/2025\/04\/dj_oetzi_festhalle-bayernland_festzelt_schoeniger.jpg\"}},{\"type\":\"slideshow_item\",\"props\":{\"image\":\"wp-content\/uploads\/2025\/04\/oktoberfestband-vollgasorchester-teilen.jpg\"}},{\"type\":\"slideshow_item\",\"props\":{\"image\":\"wp-content\/uploads\/2025\/04\/Pressefoto-2023-Kopie-1-scaled-e1674065000787.jpg\"}}]}]}]}]},{\"type\":\"grid\",\"props\":{\"content_column_breakpoint\":\"m\",\"css\":\".uk-card-default {\\n\\n\\t background-color: rgba(255, 255, 255, 0.1);\\n    \/*box-shadow: 1px 1px 10px rgba(255, 255, 255, 0.4);*\/\\n    border: 1px solid #666;\\n    border-radius: 5px;\\n    padding: 20px;\\n          backdrop-filter: blur(5px);\\n      -webkit-backdrop-filter: blur(5px);\\n\\n}\",\"filter_align\":\"left\",\"filter_all\":true,\"filter_grid_breakpoint\":\"m\",\"filter_grid_width\":\"auto\",\"filter_position\":\"top\",\"filter_style\":\"tab\",\"grid_column_gap\":\"medium\",\"grid_default\":\"2\",\"grid_medium\":\"4\",\"grid_row_align\":true,\"grid_row_gap\":\"medium\",\"grid_small\":\"3\",\"image_align\":\"top\",\"image_grid_breakpoint\":\"m\",\"image_grid_width\":\"1-2\",\"image_link\":true,\"image_svg_color\":\"emphasis\",\"image_width\":\"609\",\"item_animation\":true,\"lightbox_bg_close\":true,\"link_fullwidth\":true,\"link_size\":\"small\",\"link_style\":\"default\",\"link_target\":true,\"link_text\":\"\",\"margin_bottom\":\"large\",\"margin_top\":\"large\",\"meta_align\":\"below-title\",\"meta_element\":\"div\",\"meta_margin\":\"remove\",\"meta_style\":\"\",\"parallax_easing\":\"1\",\"show_content\":false,\"show_hover_image\":true,\"show_hover_video\":true,\"show_image\":true,\"show_link\":true,\"show_meta\":false,\"show_title\":false,\"show_video\":true,\"text_align\":\"center\",\"title_align\":\"top\",\"title_element\":\"h2\",\"title_grid_breakpoint\":\"m\",\"title_grid_width\":\"1-2\",\"title_hover_style\":\"reset\",\"title_link\":true,\"title_style\":\"h4\"},\"children\":[{\"type\":\"grid_item\",\"props\":{\"image\":\"wp-content\/uploads\/2025\/04\/Musikanten-Wolfsegger.png\",\"image_alt\":\"Musikanten Wolfsegger\",\"link\":\"https:\/\/wolfsegger.bayern\/\",\"link_text\":\"wolfsegger.bayern\",\"meta\":\"\",\"panel_style\":\"card-default\",\"title\":\"Wolfsegger\"}},{\"type\":\"grid_item\",\"props\":{\"image\":\"wp-content\/uploads\/2025\/04\/Musikant-Mickie-Krause.png\",\"image_alt\":\"Musikant Mickie Krause\",\"link\":\"https:\/\/mickie-krause.de\/\",\"link_text\":\"mickie-krause.de\",\"meta\":\"\",\"panel_style\":\"card-default\",\"title\":\"Mickie Krause\"}},{\"type\":\"grid_item\",\"props\":{\"image\":\"wp-content\/uploads\/2025\/04\/Musikant-DJ-Oezi.png\",\"image_alt\":\"Musikant DJ O\u0308zi\",\"image_focal_point\":\"bottom-center\",\"lightbox_image_focal_point\":\"bottom-center\",\"link\":\"https:\/\/djoetzi.at\/\",\"link_text\":\"djoetzi.at\",\"meta\":\"\",\"panel_style\":\"card-default\",\"title\":\"DJ \u00d6zi\"}},{\"type\":\"grid_item\",\"props\":{\"image\":\"wp-content\/uploads\/2025\/04\/Musikanten-Bayernmusikanten.png\",\"image_alt\":\"Musikanten Bayernmusikanten\",\"image_focal_point\":\"bottom-center\",\"lightbox_image_focal_point\":\"bottom-center\",\"link\":\"http:\/\/www.bayernmusikanten.de\/\",\"link_text\":\"bayernmusikanten.de\",\"meta\":\"\",\"panel_style\":\"card-default\",\"title\":\"Bayernmusikanten\"}},{\"type\":\"grid_item\",\"props\":{\"image\":\"wp-content\/uploads\/2025\/04\/Musikanten-Vollgas-Orchester.png\",\"image_focal_point\":\"bottom-center\",\"lightbox_image_focal_point\":\"bottom-center\",\"link\":\"https:\/\/vollgasorchester.de\/\",\"link_text\":\"vollgasorchester.de\",\"meta\":\"\",\"panel_style\":\"card-default\",\"title\":\"Vollgasorchester\"}},{\"type\":\"grid_item\",\"props\":{\"image\":\"wp-content\/uploads\/2025\/04\/Musikanten-Manyana.png\",\"image_focal_point\":\"bottom-center\",\"lightbox_image_focal_point\":\"bottom-center\",\"link\":\"https:\/\/manyana.de\/\",\"link_text\":\"manyana.de\",\"meta\":\"\",\"panel_style\":\"card-default\",\"title\":\"Manyana\"}},{\"type\":\"grid_item\",\"props\":{\"image\":\"wp-content\/uploads\/2025\/04\/Musikanten-Joe-Williams.png\",\"image_focal_point\":\"bottom-center\",\"lightbox_image_focal_point\":\"bottom-center\",\"link\":\"https:\/\/joe-williams-band.de\/\",\"link_text\":\"joe-williams-band.de\",\"meta\":\"\",\"panel_style\":\"card-default\",\"title\":\"Joe Williams\"}},{\"type\":\"grid_item\",\"props\":{\"image\":\"wp-content\/uploads\/2025\/04\/Musikanten-Cagey.png\",\"image_focal_point\":\"bottom-center\",\"lightbox_image_focal_point\":\"bottom-center\",\"link\":\"https:\/\/cageystrings.de\/\",\"link_text\":\"cageystrings.de\",\"meta\":\"\",\"panel_style\":\"card-default\",\"title\":\"Cagey\"}},{\"type\":\"grid_item\",\"props\":{\"image\":\"wp-content\/uploads\/2025\/04\/Musikanten-Wuidara-Pistols.png\",\"image_focal_point\":\"bottom-center\",\"lightbox_image_focal_point\":\"bottom-center\",\"link\":\"https:\/\/wuidara-pistols.de\/\",\"link_text\":\"wuidara-pistols.de\",\"meta\":\"\",\"panel_style\":\"card-default\",\"title\":\"Wuidara\"}},{\"type\":\"grid_item\",\"props\":{\"image\":\"wp-content\/uploads\/2025\/04\/Musikanten-Muenchner-Gschichten.png\",\"image_focal_point\":\"bottom-center\",\"lightbox_image_focal_point\":\"bottom-center\",\"link\":\"https:\/\/muenchner-gschichten.de\/\",\"link_text\":\"muenchner-gschichten.de\",\"meta\":\"\",\"panel_style\":\"card-default\",\"title\":\"M\u00fcnchner Gschichten\"}},{\"type\":\"grid_item\",\"props\":{\"image\":\"wp-content\/uploads\/2025\/04\/Musikanten-Dingl-Dangl.png\",\"image_focal_point\":\"bottom-center\",\"lightbox_image_focal_point\":\"bottom-center\",\"link\":\"https:\/\/gery012.wixsite.com\/dingldangl\",\"link_text\":\"dingldangl.de\",\"meta\":\"\",\"panel_style\":\"card-default\",\"title\":\"Dingl Dangl\"}},{\"type\":\"grid_item\",\"props\":{\"image\":\"wp-content\/uploads\/2025\/04\/Musikanten-Eslarner.png\",\"image_focal_point\":\"bottom-center\",\"lightbox_image_focal_point\":\"bottom-center\",\"link\":\"https:\/\/www.eslarner-showband.de\/\",\"link_text\":\"eslarner-showband.de\",\"meta\":\"\",\"panel_style\":\"card-default\",\"title\":\"Eslarner\"}},{\"type\":\"grid_item\",\"props\":{\"image\":\"wp-content\/uploads\/2025\/04\/Musikanten-Kzwoa.png\",\"image_focal_point\":\"bottom-center\",\"lightbox_image_focal_point\":\"bottom-center\",\"link\":\"https:\/\/www.kzwoa.com\/\",\"link_text\":\"kzwoa.com\",\"meta\":\"\",\"panel_style\":\"card-default\",\"title\":\"Kzwoa\"}},{\"type\":\"grid_item\",\"props\":{\"image\":\"wp-content\/uploads\/2026\/04\/AlpenfeeWeb-2.jpg\",\"image_focal_point\":\"bottom-center\",\"lightbox_image_focal_point\":\"bottom-center\",\"link\":\"https:\/\/alpenfee-shop.de\",\"link_text\":\"alpenfee-shop.de\",\"meta\":\"\",\"panel_style\":\"card-default\",\"title\":\"Alpenfee\"}}]}]}]}]},{\"type\":\"section\",\"props\":{\"css\":\".el-section {\\n    border-top: solid 5px #c0a551;\\n}\",\"height\":\"viewport\",\"height_viewport\":70,\"height_viewport_offset\":false,\"image\":\"wp-content\/uploads\/2025\/03\/IMG_1798.webp\",\"image_effect\":\"fixed\",\"image_position\":\"top-center\",\"image_size\":\"cover\",\"media_focal_point\":\"top-center\",\"style\":\"default\",\"title_breakpoint\":\"xl\",\"title_position\":\"top-left\",\"title_rotation\":\"left\",\"vertical_align\":\"middle\",\"width\":\"default\"},\"children\":[{\"type\":\"row\",\"children\":[{\"type\":\"column\",\"props\":{\"image_position\":\"center-center\",\"position_sticky_breakpoint\":\"m\"}}]}],\"name\":\"Abschlussbild\"},{\"name\":\"Gallery\",\"type\":\"section\",\"props\":{\"css\":\".el-section {\\n    border-top: solid 5px #c0a551;\\n   \/* border-bottom: solid 5px #c0a551; *\/\\n}\",\"image\":\"wp-content\/uploads\/2025\/01\/Fond-BlauMuster1-AdobeStock_316454910-klein-blauer-hell1-scaled.jpg\",\"image_position\":\"center-center\",\"image_size\":\"cover\",\"padding_bottom\":\"large\",\"padding_top\":\"large\",\"style\":\"default\",\"title_breakpoint\":\"xl\",\"title_position\":\"top-left\",\"title_rotation\":\"left\",\"vertical_align\":\"\",\"width\":\"default\"},\"children\":[{\"type\":\"row\",\"props\":{\"margin_bottom\":\"large\",\"margin_top\":\"large\"},\"children\":[{\"type\":\"column\",\"props\":{\"image_position\":\"center-center\",\"position_sticky_breakpoint\":\"m\",\"width_medium\":\"1-1\"},\"children\":[{\"type\":\"headline\",\"props\":{\"content\":\"Lieferanten\",\"image_align\":\"left\",\"image_margin\":\"xsmall\",\"title_color\":\"muted\",\"title_element\":\"h2\",\"title_style\":\"h1\"}},{\"type\":\"text\",\"props\":{\"column_breakpoint\":\"m\",\"content\":\"Unsere Lieferanten \u2013 jeder einzelne etwas ganz Besonderes.\\nDoch erst gemeinsam machen wir aus der Festhalle Bayernland mehr als nur ein Festzelt:\\neinen Ort, an dem man die Heimat schmeckt!\",\"margin_bottom\":\"default\",\"margin_top\":\"default\",\"text_color\":\"muted\",\"text_style\":\"large\"}},{\"type\":\"grid\",\"props\":{\"content_column_breakpoint\":\"m\",\"css\":\".uk-card-default {\\n\\n\\t background-color: rgba(255, 255, 255, 0.1);\\n    \/*box-shadow: 1px 1px 10px rgba(255, 255, 255, 0.4);*\/\\n    border: 1px solid #666;\\n    border-radius: 5px;\\n    padding: 20px;\\n          backdrop-filter: blur(5px);\\n      -webkit-backdrop-filter: blur(5px);\\n\\n}\",\"filter_align\":\"left\",\"filter_all\":true,\"filter_grid_breakpoint\":\"m\",\"filter_grid_width\":\"auto\",\"filter_position\":\"top\",\"filter_style\":\"tab\",\"grid_column_align\":false,\"grid_column_gap\":\"medium\",\"grid_default\":\"2\",\"grid_medium\":\"4\",\"grid_row_align\":true,\"grid_row_gap\":\"medium\",\"grid_small\":\"3\",\"image_align\":\"top\",\"image_grid_breakpoint\":\"m\",\"image_grid_width\":\"1-2\",\"image_link\":true,\"image_svg_color\":\"emphasis\",\"image_width\":\"609\",\"item_animation\":true,\"lightbox_bg_close\":true,\"link_style\":\"default\",\"link_text\":\"\",\"margin_bottom\":\"large\",\"margin_top\":\"large\",\"meta_align\":\"below-title\",\"meta_element\":\"div\",\"meta_margin\":\"remove\",\"meta_style\":\"\",\"parallax_easing\":\"1\",\"show_content\":false,\"show_hover_image\":true,\"show_hover_video\":true,\"show_image\":true,\"show_link\":false,\"show_meta\":false,\"show_title\":false,\"show_video\":true,\"text_align\":\"center\",\"title_align\":\"top\",\"title_element\":\"h2\",\"title_grid_breakpoint\":\"m\",\"title_grid_width\":\"1-2\",\"title_hover_style\":\"reset\",\"title_link\":true,\"title_style\":\"h4\"},\"children\":[{\"type\":\"grid_item\",\"props\":{\"image\":\"wp-content\/uploads\/2025\/04\/Partner-Vinzenz-Murr.png\",\"image_alt\":\"vinzenzmurr_Logo_o.Claim_4c\",\"link\":\"#\",\"meta\":\"\",\"panel_style\":\"card-default\",\"title\":\"vinzenzmurr\"}},{\"type\":\"grid_item\",\"props\":{\"image\":\"wp-content\/uploads\/2025\/04\/Partner-Miesbacher-Gastroservice.png\",\"link\":\"#\",\"meta\":\"\",\"panel_style\":\"card-default\",\"title\":\"Miesbacher Gastronomieservice\"}},{\"type\":\"grid_item\",\"props\":{\"image\":\"wp-content\/uploads\/2025\/04\/Partner-Traditionsgefluegel.png\",\"link\":\"#\",\"meta\":\"\",\"panel_style\":\"card-default\",\"title\":\"Traditions Gefl\u00fcgel\"}},{\"type\":\"grid_item\",\"props\":{\"image\":\"wp-content\/uploads\/2025\/04\/Partner-Unser-Land.png\",\"link\":\"#\",\"meta\":\"\",\"panel_style\":\"card-default\",\"title\":\"Unser Land\"}},{\"type\":\"grid_item\",\"props\":{\"image\":\"wp-content\/uploads\/2025\/04\/Partner-Magnus-Bauch.png\",\"link\":\"#\",\"meta\":\"\",\"panel_style\":\"card-default\",\"title\":\"Magnus Bauch\"}},{\"type\":\"grid_item\",\"props\":{\"image\":\"wp-content\/uploads\/2025\/04\/Partner-Getraenke-Geins.png\",\"link\":\"#\",\"meta\":\"\",\"panel_style\":\"card-default\",\"title\":\"Getr\u00e4nke Geins\"}},{\"type\":\"grid_item\",\"props\":{\"image\":\"wp-content\/uploads\/2025\/04\/Partner-Fruechte-Feldbrach.png\",\"link\":\"#\",\"meta\":\"\",\"panel_style\":\"card-default\",\"title\":\"Fr\u00fcchte Feldbrach\"}},{\"type\":\"grid_item\",\"props\":{\"image\":\"wp-content\/uploads\/2025\/04\/Partner-Baecker-Mueller.png\",\"link\":\"#\",\"meta\":\"\",\"panel_style\":\"card-default\",\"title\":\"B\u00e4cker M\u00fcller\"}},{\"type\":\"grid_item\",\"props\":{\"image\":\"wp-content\/uploads\/2025\/04\/Partner-Heigl-Logo.png\",\"image_alt\":\"Partner-Heigl-Logo\",\"meta\":\"\",\"panel_style\":\"card-default\",\"title\":\"Heigl\"}},{\"type\":\"grid_item\",\"props\":{\"image\":\"wp-content\/uploads\/2025\/04\/Partner-Goeritz-Leberecht-Logo.png\",\"image_alt\":\"Partner-Go\u0308ritz-Leberecht-Logo\",\"meta\":\"\",\"panel_style\":\"card-default\",\"title\":\"G\u00f6ritz-Leberecht Logo\"}}]}]}]}]},{\"type\":\"section\",\"props\":{\"css\":\".el-section {\\n    border-top: solid 5px #c0a551;\\n}\",\"height\":\"viewport\",\"height_viewport\":70,\"height_viewport_offset\":false,\"image\":\"wp-content\/uploads\/2025\/02\/IMG_3607-scaled.jpg\",\"image_effect\":\"fixed\",\"image_position\":\"top-center\",\"image_size\":\"cover\",\"media_focal_point\":\"top-center\",\"style\":\"default\",\"title_breakpoint\":\"xl\",\"title_position\":\"top-left\",\"title_rotation\":\"left\",\"vertical_align\":\"middle\",\"width\":\"default\"},\"children\":[{\"type\":\"row\",\"children\":[{\"type\":\"column\",\"props\":{\"image_position\":\"center-center\",\"position_sticky_breakpoint\":\"m\"}}]}],\"name\":\"Abschlussbild\"},{\"name\":\"Gallery\",\"type\":\"section\",\"props\":{\"css\":\".el-section {\\n    border-top: solid 5px #c0a551;\\n   \/* border-bottom: solid 5px #c0a551; *\/\\n}\",\"image\":\"wp-content\/uploads\/2025\/01\/Fond-GrauMuster1-AdobeStock_297899176-dunkel-scharf1-scaled.jpg\",\"image_position\":\"center-center\",\"image_size\":\"cover\",\"padding_bottom\":\"large\",\"padding_top\":\"large\",\"style\":\"default\",\"title_breakpoint\":\"xl\",\"title_position\":\"top-left\",\"title_rotation\":\"left\",\"vertical_align\":\"\",\"width\":\"default\"},\"children\":[{\"type\":\"row\",\"props\":{\"margin_bottom\":\"large\",\"margin_top\":\"large\"},\"children\":[{\"type\":\"column\",\"props\":{\"image_position\":\"center-center\",\"position_sticky_breakpoint\":\"m\",\"width_medium\":\"1-1\"},\"children\":[{\"type\":\"headline\",\"props\":{\"content\":\"Brauereien\",\"image_align\":\"left\",\"image_margin\":\"xsmall\",\"title_color\":\"muted\",\"title_element\":\"h2\",\"title_style\":\"h1\"}},{\"type\":\"text\",\"props\":{\"column_breakpoint\":\"m\",\"content\":\"Unsere Brauereipartner stehen f\u00fcr h\u00f6chste Qualit\u00e4t, Tradition und die Liebe zum bayerischen Bier. Gemeinsam sorgen wir daf\u00fcr, dass jede Ma\u00df in der Festhalle Bayernland zum unvergesslichen Genuss wird. \",\"margin_bottom\":\"default\",\"margin_top\":\"default\",\"text_color\":\"muted\",\"text_style\":\"large\"}},{\"type\":\"grid\",\"props\":{\"content_column_breakpoint\":\"m\",\"css\":\".uk-card-default {\\n\\n\\t background-color: rgba(255, 225, 255, 0);\\n\\n\\n}\",\"filter_align\":\"left\",\"filter_all\":true,\"filter_grid_breakpoint\":\"m\",\"filter_grid_width\":\"auto\",\"filter_position\":\"top\",\"filter_style\":\"tab\",\"grid_column_align\":true,\"grid_column_gap\":\"medium\",\"grid_default\":\"2\",\"grid_medium\":\"4\",\"grid_row_align\":true,\"grid_row_gap\":\"medium\",\"grid_small\":\"3\",\"image_align\":\"top\",\"image_grid_breakpoint\":\"m\",\"image_grid_width\":\"1-2\",\"image_height\":\"250px\",\"image_link\":true,\"image_svg_color\":\"emphasis\",\"image_width\":\"auto\",\"item_animation\":true,\"lightbox\":false,\"lightbox_bg_close\":true,\"link_style\":\"default\",\"link_text\":\"\",\"margin_bottom\":\"large\",\"margin_top\":\"large\",\"meta_align\":\"below-title\",\"meta_element\":\"div\",\"meta_margin\":\"remove\",\"meta_style\":\"\",\"parallax_easing\":\"1\",\"show_content\":false,\"show_hover_image\":true,\"show_hover_video\":true,\"show_image\":true,\"show_link\":false,\"show_meta\":false,\"show_title\":false,\"show_video\":true,\"text_align\":\"center\",\"title_align\":\"top\",\"title_element\":\"h2\",\"title_grid_breakpoint\":\"m\",\"title_grid_width\":\"1-2\",\"title_hover_style\":\"reset\",\"title_link\":true,\"title_style\":\"h4\"},\"children\":[{\"type\":\"grid_item\",\"props\":{\"image\":\"wp-content\/uploads\/2025\/03\/Im-Ausschank-am-Muenchner-Fruehlingsfest-Augustiner-Braeu.png\",\"image_alt\":\"Im Ausschank am Mu\u0308nchner Fru\u0308hlingsfest - Augustiner Bra\u0308u\",\"meta\":\"\",\"panel_style\":\"card-default\",\"title\":\"Augustiner\"}},{\"type\":\"grid_item\",\"props\":{\"image\":\"wp-content\/uploads\/2025\/03\/Im-Ausschank-am-Gillamoos-Abensberg-Weissbierbrauer-Kuchlbauer.png\",\"image_alt\":\"Im Ausschank am Gillamoos Abensberg - Weissbierbrauer Kuchlbauer\",\"image_focal_point\":\"bottom-center\",\"lightbox_image_focal_point\":\"bottom-center\",\"link\":\"#\",\"meta\":\"\",\"panel_style\":\"card-default\",\"title\":\"Kuchlbauer\"}},{\"type\":\"grid_item\",\"props\":{\"image\":\"wp-content\/uploads\/2025\/03\/Gllimarkt-Mainburg-im-Ausschank-Ziegler-Braeu.jpg\",\"image_alt\":\"Gllimarkt Mainburg im Ausschank - Ziegler Bra\u0308u\",\"image_focal_point\":\"bottom-center\",\"lightbox_image_focal_point\":\"bottom-center\",\"link\":\"#\",\"meta\":\"\",\"panel_style\":\"card-default\",\"title\":\"Ziegler Br\u00e4u\"}}]}]}]}]},{\"type\":\"section\",\"props\":{\"css\":\".el-section {\\n    border-top: solid 5px #c0a551;\\n}\",\"height\":\"viewport\",\"height_viewport\":70,\"height_viewport_offset\":false,\"image\":\"wp-content\/uploads\/2024\/12\/1257736_fancybox_1ACZQZ_uRa9VU.jpg\",\"image_effect\":\"fixed\",\"image_position\":\"top-center\",\"image_size\":\"cover\",\"media_focal_point\":\"top-center\",\"style\":\"default\",\"title_breakpoint\":\"xl\",\"title_position\":\"top-left\",\"title_rotation\":\"left\",\"vertical_align\":\"middle\",\"width\":\"default\"},\"children\":[{\"type\":\"row\",\"children\":[{\"type\":\"column\",\"props\":{\"image_position\":\"center-center\",\"position_sticky_breakpoint\":\"m\"}}]}],\"name\":\"Abschlussbild\"},{\"name\":\"Gallery\",\"type\":\"section\",\"props\":{\"css\":\".el-section {\\n    border-top: solid 5px #c0a551;\\n   \/* border-bottom: solid 5px #c0a551; *\/\\n}\",\"image\":\"wp-content\/uploads\/2025\/01\/Fond-GrauMuster1-AdobeStock_297899176-dunkel-scharf1-scaled.jpg\",\"image_position\":\"center-center\",\"image_size\":\"cover\",\"padding_bottom\":\"large\",\"padding_top\":\"large\",\"style\":\"default\",\"title_breakpoint\":\"xl\",\"title_position\":\"top-left\",\"title_rotation\":\"left\",\"vertical_align\":\"\",\"width\":\"default\"},\"children\":[{\"type\":\"row\",\"props\":{\"margin_bottom\":\"large\",\"margin_top\":\"large\"},\"children\":[{\"type\":\"column\",\"props\":{\"image_position\":\"center-center\",\"position_sticky_breakpoint\":\"m\",\"width_medium\":\"1-1\"},\"children\":[{\"type\":\"headline\",\"props\":{\"content\":\"St\u00e4dte- &amp; Gemeindepartnerschaften\",\"image_align\":\"left\",\"image_margin\":\"xsmall\",\"title_color\":\"muted\",\"title_element\":\"h2\",\"title_style\":\"h1\"}},{\"type\":\"text\",\"props\":{\"column_breakpoint\":\"m\",\"content\":\"Gemeinsam mit unseren Partnerst\u00e4dten und Gemeinden arbeiten wir Hand in Hand, um Traditionen zu bewahren und unvergessliche Erlebnisse zu schaffen.\",\"margin_bottom\":\"default\",\"margin_top\":\"default\",\"text_color\":\"muted\",\"text_style\":\"large\"}},{\"type\":\"grid\",\"props\":{\"content_column_breakpoint\":\"m\",\"css\":\".uk-card-default {\\n\\n\\t background-color: rgba(255, 255, 255, 0.1);\\n    \/*box-shadow: 1px 1px 10px rgba(255, 255, 255, 0.4);*\/\\n    border: 1px solid #666;\\n    border-radius: 5px;\\n    padding: 20px;\\n          backdrop-filter: blur(5px);\\n      -webkit-backdrop-filter: blur(5px);\\n\\n}\",\"filter_align\":\"left\",\"filter_all\":true,\"filter_grid_breakpoint\":\"m\",\"filter_grid_width\":\"auto\",\"filter_position\":\"top\",\"filter_style\":\"tab\",\"grid_column_gap\":\"medium\",\"grid_default\":\"2\",\"grid_medium\":\"4\",\"grid_row_align\":true,\"grid_row_gap\":\"medium\",\"grid_small\":\"3\",\"image_align\":\"top\",\"image_grid_breakpoint\":\"m\",\"image_grid_width\":\"1-2\",\"image_link\":true,\"image_svg_color\":\"emphasis\",\"image_width\":\"609\",\"item_animation\":true,\"lightbox_bg_close\":true,\"link_style\":\"default\",\"link_text\":\"\",\"margin_bottom\":\"large\",\"margin_top\":\"large\",\"meta_align\":\"below-title\",\"meta_element\":\"div\",\"meta_margin\":\"remove\",\"meta_style\":\"\",\"parallax_easing\":\"1\",\"show_content\":false,\"show_hover_image\":true,\"show_hover_video\":true,\"show_image\":true,\"show_link\":false,\"show_meta\":false,\"show_title\":false,\"show_video\":true,\"text_align\":\"center\",\"title_align\":\"top\",\"title_element\":\"h2\",\"title_grid_breakpoint\":\"m\",\"title_grid_width\":\"1-2\",\"title_hover_style\":\"reset\",\"title_link\":true,\"title_style\":\"h4\"},\"children\":[{\"type\":\"grid_item\",\"props\":{\"image\":\"wp-content\/uploads\/2025\/04\/Muenchen.png\",\"link\":\"#\",\"meta\":\"\",\"panel_style\":\"card-default\",\"title\":\"M\u00fcnchen\"}},{\"type\":\"grid_item\",\"props\":{\"image\":\"wp-content\/uploads\/2025\/04\/Noerdlingen.png\",\"link\":\"#\",\"meta\":\"\",\"panel_style\":\"card-default\",\"title\":\"N\u00f6rdlingen\"}},{\"type\":\"grid_item\",\"props\":{\"image\":\"wp-content\/uploads\/2025\/04\/Abensberg.png\",\"link\":\"#\",\"meta\":\"\",\"panel_style\":\"card-default\",\"title\":\"Abensberg\"}},{\"type\":\"grid_item\",\"props\":{\"image\":\"wp-content\/uploads\/2025\/04\/Mainburg.png\",\"link\":\"#\",\"meta\":\"\",\"panel_style\":\"card-default\",\"title\":\"Mainburg\"}}]}]}]}]}],\"version\":\"5.0.24\",\"yooessentialsVersion\":\"3.0.3\"} --><\/p>\n","protected":false},"excerpt":{"rendered":"<p>Partner Musik &#038; Unterhaltung In der Festhalle Bayernland\u00ae ist immer was los! Mit unseren Allstars garantieren wir beste Stimmung im Festzelt. Genie\u00dfen Sie s\u00fcffiges Bier aus der Region und ein abwechslungsreiches Veranstaltungsprogramm \u2013 ob auf dem M\u00fcnchner Fr\u00fchlingsfest, dem Gallimarkt Mainburg, der N\u00f6rdlinger Mess, dem Gillamoos Abensberg oder bald an weiteren Standorten in ganz Bayern. [&hellip;]<\/p>\n","protected":false},"author":2,"featured_media":0,"parent":514,"menu_order":0,"comment_status":"closed","ping_status":"closed","template":"","meta":{"footnotes":""},"class_list":["post-620","page","type-page","status-publish","hentry"],"yoast_head":"<!-- This site is optimized with the Yoast SEO plugin v27.2 - https:\/\/yoast.com\/product\/yoast-seo-wordpress\/ -->\n<title>Musik und Partner &#187; Festhalle Bayernland\u00ae - Bayrisch, z\u00fcnftig und modern - das Festzelt seit 1971<\/title>\n<meta name=\"description\" content=\"Musik und Partner &#187; Jetzt Tisch reservieren! &#187; Regionale Speisen \u2714 Tolle Stimmung \u2714 Wo nette Leute zu Freunden werden!\" \/>\n<meta name=\"robots\" content=\"index, follow, max-snippet:-1, max-image-preview:large, max-video-preview:-1\" \/>\n<link rel=\"canonical\" href=\"https:\/\/festhalle-bayernland.de\/en\/marquee-rental\/partner\/\" \/>\n<meta property=\"og:locale\" content=\"en_US\" \/>\n<meta property=\"og:type\" content=\"article\" \/>\n<meta property=\"og:title\" content=\"Musik und Partner &#187; Festhalle Bayernland\u00ae - Bayrisch, z\u00fcnftig und modern - das Festzelt seit 1971\" \/>\n<meta property=\"og:description\" content=\"Musik und Partner &#187; Jetzt Tisch reservieren! &#187; Regionale Speisen \u2714 Tolle Stimmung \u2714 Wo nette Leute zu Freunden werden!\" \/>\n<meta property=\"og:url\" content=\"https:\/\/festhalle-bayernland.de\/en\/marquee-rental\/partner\/\" \/>\n<meta property=\"og:site_name\" content=\"Festhalle Bayernland\u00ae - Bayrisch, z\u00fcnftig und modern - das Festzelt seit 1971\" \/>\n<meta property=\"article:publisher\" content=\"https:\/\/www.facebook.com\/Festhalle.Bayernland\/\" \/>\n<meta property=\"article:modified_time\" content=\"2026-04-02T13:48:26+00:00\" \/>\n<meta property=\"og:image\" content=\"https:\/\/festhalle-bayernland.de\/wp-content\/uploads\/2025\/01\/Festhalle-Bayernland-Logo-Gold.png\" \/>\n\t<meta property=\"og:image:width\" content=\"1587\" \/>\n\t<meta property=\"og:image:height\" content=\"1020\" \/>\n\t<meta property=\"og:image:type\" content=\"image\/png\" \/>\n<meta name=\"twitter:card\" content=\"summary_large_image\" \/>\n<meta name=\"twitter:label1\" content=\"Est. reading time\" \/>\n\t<meta name=\"twitter:data1\" content=\"9 minutes\" \/>\n<script type=\"application\/ld+json\" class=\"yoast-schema-graph\">{\"@context\":\"https:\/\/schema.org\",\"@graph\":[{\"@type\":\"WebPage\",\"@id\":\"https:\/\/festhalle-bayernland.de\/festzeltvermietung\/partner\/\",\"url\":\"https:\/\/festhalle-bayernland.de\/festzeltvermietung\/partner\/\",\"name\":\"Musik und Partner &#187; Festhalle Bayernland\u00ae - Bayrisch, z\u00fcnftig und modern - das Festzelt seit 1971\",\"isPartOf\":{\"@id\":\"https:\/\/festhalle-bayernland.de\/#website\"},\"datePublished\":\"2025-02-04T05:09:51+00:00\",\"dateModified\":\"2026-04-02T13:48:26+00:00\",\"description\":\"Musik und Partner &#187; Jetzt Tisch reservieren! &#187; Regionale Speisen \u2714 Tolle Stimmung \u2714 Wo nette Leute zu Freunden werden!\",\"breadcrumb\":{\"@id\":\"https:\/\/festhalle-bayernland.de\/festzeltvermietung\/partner\/#breadcrumb\"},\"inLanguage\":\"en-US\",\"potentialAction\":[{\"@type\":\"ReadAction\",\"target\":[\"https:\/\/festhalle-bayernland.de\/festzeltvermietung\/partner\/\"]}]},{\"@type\":\"BreadcrumbList\",\"@id\":\"https:\/\/festhalle-bayernland.de\/festzeltvermietung\/partner\/#breadcrumb\",\"itemListElement\":[{\"@type\":\"ListItem\",\"position\":1,\"name\":\"Startseite\",\"item\":\"https:\/\/festhalle-bayernland.de\/\"},{\"@type\":\"ListItem\",\"position\":2,\"name\":\"Festzeltvermietung\",\"item\":\"https:\/\/festhalle-bayernland.de\/festzeltvermietung\/\"},{\"@type\":\"ListItem\",\"position\":3,\"name\":\"Musik und Partner\"}]},{\"@type\":\"WebSite\",\"@id\":\"https:\/\/festhalle-bayernland.de\/#website\",\"url\":\"https:\/\/festhalle-bayernland.de\/\",\"name\":\"Festhalle Bayernland \u00ae\",\"description\":\"... wo nette Leute zu Freunden werden.\",\"publisher\":{\"@id\":\"https:\/\/festhalle-bayernland.de\/#organization\"},\"potentialAction\":[{\"@type\":\"SearchAction\",\"target\":{\"@type\":\"EntryPoint\",\"urlTemplate\":\"https:\/\/festhalle-bayernland.de\/?s={search_term_string}\"},\"query-input\":{\"@type\":\"PropertyValueSpecification\",\"valueRequired\":true,\"valueName\":\"search_term_string\"}}],\"inLanguage\":\"en-US\"},{\"@type\":\"Organization\",\"@id\":\"https:\/\/festhalle-bayernland.de\/#organization\",\"name\":\"Festhalle Bayernland \u00ae\",\"url\":\"https:\/\/festhalle-bayernland.de\/\",\"logo\":{\"@type\":\"ImageObject\",\"inLanguage\":\"en-US\",\"@id\":\"https:\/\/festhalle-bayernland.de\/#\/schema\/logo\/image\/\",\"url\":\"https:\/\/festhalle-bayernland.de\/wp-content\/uploads\/2025\/01\/Festhalle-Bayernland-Logo-Gold.png\",\"contentUrl\":\"https:\/\/festhalle-bayernland.de\/wp-content\/uploads\/2025\/01\/Festhalle-Bayernland-Logo-Gold.png\",\"width\":1587,\"height\":1020,\"caption\":\"Festhalle Bayernland \u00ae\"},\"image\":{\"@id\":\"https:\/\/festhalle-bayernland.de\/#\/schema\/logo\/image\/\"},\"sameAs\":[\"https:\/\/www.facebook.com\/Festhalle.Bayernland\/\",\"https:\/\/www.instagram.com\/festhalle_bayernland\/\"]}]}<\/script>\n<!-- \/ Yoast SEO plugin. -->","yoast_head_json":{"title":"Music and partners \" Festhalle Bayernland\u00ae - Bavarian, hearty and modern - the festival tent since 1971","description":"Music and partners \" Book a table now! \" Regional dishes \u2714 Great atmosphere \u2714 Where nice people become friends!","robots":{"index":"index","follow":"follow","max-snippet":"max-snippet:-1","max-image-preview":"max-image-preview:large","max-video-preview":"max-video-preview:-1"},"canonical":"https:\/\/festhalle-bayernland.de\/en\/marquee-rental\/partner\/","og_locale":"en_US","og_type":"article","og_title":"Musik und Partner &#187; Festhalle Bayernland\u00ae - Bayrisch, z\u00fcnftig und modern - das Festzelt seit 1971","og_description":"Musik und Partner &#187; Jetzt Tisch reservieren! &#187; Regionale Speisen \u2714 Tolle Stimmung \u2714 Wo nette Leute zu Freunden werden!","og_url":"https:\/\/festhalle-bayernland.de\/en\/marquee-rental\/partner\/","og_site_name":"Festhalle Bayernland\u00ae - Bayrisch, z\u00fcnftig und modern - das Festzelt seit 1971","article_publisher":"https:\/\/www.facebook.com\/Festhalle.Bayernland\/","article_modified_time":"2026-04-02T13:48:26+00:00","og_image":[{"width":1587,"height":1020,"url":"https:\/\/festhalle-bayernland.de\/wp-content\/uploads\/2025\/01\/Festhalle-Bayernland-Logo-Gold.png","type":"image\/png"}],"twitter_card":"summary_large_image","twitter_misc":{"Est. reading time":"9 minutes"},"schema":{"@context":"https:\/\/schema.org","@graph":[{"@type":"WebPage","@id":"https:\/\/festhalle-bayernland.de\/festzeltvermietung\/partner\/","url":"https:\/\/festhalle-bayernland.de\/festzeltvermietung\/partner\/","name":"Music and partners \" Festhalle Bayernland\u00ae - Bavarian, hearty and modern - the festival tent since 1971","isPartOf":{"@id":"https:\/\/festhalle-bayernland.de\/#website"},"datePublished":"2025-02-04T05:09:51+00:00","dateModified":"2026-04-02T13:48:26+00:00","description":"Music and partners \" Book a table now! \" Regional dishes \u2714 Great atmosphere \u2714 Where nice people become friends!","breadcrumb":{"@id":"https:\/\/festhalle-bayernland.de\/festzeltvermietung\/partner\/#breadcrumb"},"inLanguage":"en-US","potentialAction":[{"@type":"ReadAction","target":["https:\/\/festhalle-bayernland.de\/festzeltvermietung\/partner\/"]}]},{"@type":"BreadcrumbList","@id":"https:\/\/festhalle-bayernland.de\/festzeltvermietung\/partner\/#breadcrumb","itemListElement":[{"@type":"ListItem","position":1,"name":"Startseite","item":"https:\/\/festhalle-bayernland.de\/"},{"@type":"ListItem","position":2,"name":"Festzeltvermietung","item":"https:\/\/festhalle-bayernland.de\/festzeltvermietung\/"},{"@type":"ListItem","position":3,"name":"Musik und Partner"}]},{"@type":"WebSite","@id":"https:\/\/festhalle-bayernland.de\/#website","url":"https:\/\/festhalle-bayernland.de\/","name":"Festhalle Bayernland \u00ae","description":"... wo nette Leute zu Freunden werden.","publisher":{"@id":"https:\/\/festhalle-bayernland.de\/#organization"},"potentialAction":[{"@type":"SearchAction","target":{"@type":"EntryPoint","urlTemplate":"https:\/\/festhalle-bayernland.de\/?s={search_term_string}"},"query-input":{"@type":"PropertyValueSpecification","valueRequired":true,"valueName":"search_term_string"}}],"inLanguage":"en-US"},{"@type":"Organization","@id":"https:\/\/festhalle-bayernland.de\/#organization","name":"Festhalle Bayernland \u00ae","url":"https:\/\/festhalle-bayernland.de\/","logo":{"@type":"ImageObject","inLanguage":"en-US","@id":"https:\/\/festhalle-bayernland.de\/#\/schema\/logo\/image\/","url":"https:\/\/festhalle-bayernland.de\/wp-content\/uploads\/2025\/01\/Festhalle-Bayernland-Logo-Gold.png","contentUrl":"https:\/\/festhalle-bayernland.de\/wp-content\/uploads\/2025\/01\/Festhalle-Bayernland-Logo-Gold.png","width":1587,"height":1020,"caption":"Festhalle Bayernland \u00ae"},"image":{"@id":"https:\/\/festhalle-bayernland.de\/#\/schema\/logo\/image\/"},"sameAs":["https:\/\/www.facebook.com\/Festhalle.Bayernland\/","https:\/\/www.instagram.com\/festhalle_bayernland\/"]}]}},"_links":{"self":[{"href":"https:\/\/festhalle-bayernland.de\/en\/wp-json\/wp\/v2\/pages\/620","targetHints":{"allow":["GET"]}}],"collection":[{"href":"https:\/\/festhalle-bayernland.de\/en\/wp-json\/wp\/v2\/pages"}],"about":[{"href":"https:\/\/festhalle-bayernland.de\/en\/wp-json\/wp\/v2\/types\/page"}],"author":[{"embeddable":true,"href":"https:\/\/festhalle-bayernland.de\/en\/wp-json\/wp\/v2\/users\/2"}],"replies":[{"embeddable":true,"href":"https:\/\/festhalle-bayernland.de\/en\/wp-json\/wp\/v2\/comments?post=620"}],"version-history":[{"count":17,"href":"https:\/\/festhalle-bayernland.de\/en\/wp-json\/wp\/v2\/pages\/620\/revisions"}],"predecessor-version":[{"id":2967,"href":"https:\/\/festhalle-bayernland.de\/en\/wp-json\/wp\/v2\/pages\/620\/revisions\/2967"}],"up":[{"embeddable":true,"href":"https:\/\/festhalle-bayernland.de\/en\/wp-json\/wp\/v2\/pages\/514"}],"wp:attachment":[{"href":"https:\/\/festhalle-bayernland.de\/en\/wp-json\/wp\/v2\/media?parent=620"}],"curies":[{"name":"wp","href":"https:\/\/api.w.org\/{rel}","templated":true}]}}