{"id":461,"date":"2025-02-15T08:21:05","date_gmt":"2025-02-15T07:21:05","guid":{"rendered":"https:\/\/festhalle-bayernland-wp.wedeon.it\/?page_id=461"},"modified":"2025-12-02T15:45:01","modified_gmt":"2025-12-02T14:45:01","slug":"kontakt","status":"publish","type":"page","link":"https:\/\/festhalle-bayernland.de\/de\/kontakt\/","title":{"rendered":"Kontakt"},"content":{"rendered":"<ul>\n<li>\n<p>        <img decoding=\"async\" src=\"\/wp-content\/uploads\/2025\/01\/Bildschirmfoto-2025-01-15-um-14.33.11.png\" alt=\"\"><\/p>\n<div>Peter Sch\u00f6niger<\/div>\n<\/li>\n<li>\n<p>        <img decoding=\"async\" src=\"\/wp-content\/uploads\/2025\/01\/Bildschirmfoto-2025-01-15-um-14.33.21.png\" alt=\"\"><\/p>\n<div>Petra Sch\u00f6niger<\/div>\n<\/li>\n<li>\n<p>        <img decoding=\"async\" src=\"\/wp-content\/uploads\/2025\/01\/Bildschirmfoto-2025-01-15-um-14.33.29.png\" alt=\"\"><\/p>\n<div>Alexandra Hauser<\/div>\n<\/li>\n<li>\n<p>        <img decoding=\"async\" src=\"\/wp-content\/uploads\/2025\/01\/Bildschirmfoto-2025-01-15-um-14.33.35.png\" alt=\"\"><\/p>\n<div>Hermann M\u00fchlhofer<\/div>\n<\/li>\n<\/ul>\n<h2>Kontakt<\/h2>\n<h3><strong>Festhalle Bayernland<span class=\"sp-copyright\"><sup><span lang=\"DE-DE\">\u00ae<\/span><\/sup><\/span><\/strong><\/h3>\n<div>\n<p><strong>Postanschrift:<\/strong><\/p>\n<p>H. u. P. Sch\u00f6niger GmbH<br \/>Von der Pfordten Str. 10 \u00a0<br \/>80687 M\u00fcnchen \u00a0<\/p>\n<p>Telefon\u00a00172 \/ 85 30 771<br \/>Telefax 0700 \/14421000 \u00a0<\/p>\n<p>E-Mail:<span>\u00a0<\/span><span id=\"cloak627995057a5e42e0e08c768a4ef5f9b8\">info ( at ) festhalle-bayernland.de<\/span><span>\u00a0<\/span>\u00a0<br \/>Internet: www.festhalle-bayernland.de<\/p>\n<p>Rufen Sie uns an. Oder schreiben Sie uns &#8211; am besten gleich \u00fcber das untenstehende Kontakt-Formular.<\/p>\n<p>Wir melden uns schnellstm\u00f6glich bei Ihnen.<br \/>(Reservierungen bitte ausschlie\u00dflich \u00fcber das<span>\u00a0<\/span><a href=\"https:\/\/festhalle-bayernland.de\/volksfest\/\" title=\"Reservierungen f\u00fcr das Festzelt in der Festhalle Bayernland - M\u00fcnchen, Weilheim, N\u00f6rdlingen, Mainburg, Abensberg - Volksfest, M\u00fcnchner Fr\u00fchlingsfest, Oktoberfest, Gillamoos, Gallimarkt\">Reservierungsformular<\/a><span>\u00a0<\/span>vornehmen &#8211; vielen Dank!)<\/p>\n<\/div>\n<p><!--more--><br \/>\n<!-- {\"type\":\"layout\",\"children\":[{\"type\":\"section\",\"props\":{\"css\":\".el-section {\\n    border-bottom: solid 5px #c0a551;\\n}\",\"height\":\"viewport\",\"height_offset_top\":false,\"height_viewport\":70,\"image\":\"wp-content\\\/uploads\\\/2025\\\/03\\\/IMG_5366-scaled.jpg\",\"image_effect\":\"fixed\",\"image_position\":\"top-center\",\"image_size\":\"cover\",\"media_focal_point\":\"top-center\",\"media_overlay\":\"rgba(0, 0, 0, 0.36)\",\"style\":\"default\",\"title_breakpoint\":\"xl\",\"title_position\":\"top-left\",\"title_rotation\":\"left\",\"vertical_align\":\"middle\",\"width\":\"default\"},\"children\":[{\"type\":\"row\",\"children\":[{\"type\":\"column\",\"props\":{\"image_position\":\"center-center\",\"position_sticky_breakpoint\":\"m\"}}]}],\"name\":\"Abschlussbild\"},{\"type\":\"section\",\"props\":{\"height\":\"viewport\",\"height_offset_top\":false,\"height_viewport\":70,\"image\":\"wp-content\\\/uploads\\\/2025\\\/01\\\/Fond-GrauMuster1-AdobeStock_297899176-dunkel-scharf1-scaled.jpg\",\"image_effect\":\"fixed\",\"image_position\":\"top-center\",\"image_size\":\"cover\",\"media_focal_point\":\"top-center\",\"media_overlay\":\"rgba(0, 0, 0, 0.58)\",\"style\":\"default\",\"title_breakpoint\":\"xl\",\"title_position\":\"top-left\",\"title_rotation\":\"left\",\"vertical_align\":\"middle\",\"width\":\"default\"},\"children\":[{\"type\":\"row\",\"children\":[{\"type\":\"column\",\"props\":{\"image_position\":\"center-center\",\"position_sticky_breakpoint\":\"m\"},\"children\":[{\"type\":\"grid\",\"props\":{\"content_column_breakpoint\":\"m\",\"content_style\":\"text-lead\",\"filter_align\":\"left\",\"filter_all\":true,\"filter_grid_breakpoint\":\"m\",\"filter_grid_width\":\"auto\",\"filter_position\":\"top\",\"filter_style\":\"tab\",\"grid_column_align\":false,\"grid_default\":\"2\",\"grid_large\":\"4\",\"grid_medium\":\"4\",\"grid_row_align\":false,\"grid_row_gap\":\"large\",\"grid_small\":\"2\",\"grid_xlarge\":\"4\",\"icon_width\":80,\"image_align\":\"top\",\"image_box_shadow\":\"large\",\"image_grid_breakpoint\":\"m\",\"image_grid_width\":\"1-2\",\"image_link\":false,\"image_svg_color\":\"emphasis\",\"item_animation\":true,\"lightbox_bg_close\":true,\"link_style\":\"default\",\"link_text\":\"Read more\",\"margin\":\"default\",\"maxwidth\":\"2xlarge\",\"meta_align\":\"below-title\",\"meta_element\":\"div\",\"meta_style\":\"text-meta\",\"parallax_target\":\"!.uk-section\",\"position\":\"relative\",\"position_top\":\"-20vh\",\"show_content\":false,\"show_hover_image\":true,\"show_hover_video\":true,\"show_image\":true,\"show_link\":false,\"show_meta\":false,\"show_title\":true,\"show_video\":true,\"title_align\":\"top\",\"title_color\":\"muted\",\"title_element\":\"div\",\"title_grid_breakpoint\":\"m\",\"title_grid_width\":\"1-2\",\"title_hover_style\":\"reset\",\"title_style\":\"h3\",\"visibility\":\"s\"},\"children\":[{\"type\":\"grid_item\",\"props\":{\"content\":\"\",\"image\":\"wp-content\\\/uploads\\\/2025\\\/01\\\/Bildschirmfoto-2025-01-15-um-14.33.11.png\",\"title\":\"Peter Sch\\u00f6niger\"}},{\"type\":\"grid_item\",\"props\":{\"content\":\"\",\"image\":\"wp-content\\\/uploads\\\/2025\\\/01\\\/Bildschirmfoto-2025-01-15-um-14.33.21.png\",\"title\":\"Petra Sch\\u00f6niger\"}},{\"type\":\"grid_item\",\"props\":{\"image\":\"wp-content\\\/uploads\\\/2025\\\/01\\\/Bildschirmfoto-2025-01-15-um-14.33.29.png\",\"title\":\"Alexandra Hauser\"}},{\"type\":\"grid_item\",\"props\":{\"image\":\"wp-content\\\/uploads\\\/2025\\\/01\\\/Bildschirmfoto-2025-01-15-um-14.33.35.png\",\"title\":\"Hermann M\\u00fchlhofer\"}}]}]}]},{\"type\":\"row\",\"props\":{\"layout\":\"1-2,1-2\",\"margin\":\"remove-vertical\",\"margin_remove_top\":true,\"width\":\"expand\"},\"children\":[{\"type\":\"column\",\"props\":{\"image_position\":\"center-center\",\"position_sticky_breakpoint\":\"m\",\"text_color\":\"light\",\"width_medium\":\"1-2\",\"yooessentials_form\":{\"state\":true,\"after_submit_actions\":[{\"type\":\"email\",\"id\":\"F0B86F\",\"props\":{\"html\":true,\"attachments\":[null],\"submitted_attachments\":[null],\"subject\":\"Neue Kontaktanfrage\",\"recipients\":\"info@festhalle-bayernland.de, martin.laube@easylifepc.de\",\"body\":\"\n\n<p>Liebes Festhalle Bayernland Team,<\\\/p>\\n\n\n<p>eine neue Kontaktanfrage \\u00fcber die Webseite ist eingegangen:<\\\/p>\\n\n\n<p><strong>Name:<\\\/strong> {Name} <br \\\/><strong>Nachname:<\\\/strong> {Nachname} <br \\\/><strong>E-Mail:<\\\/strong> {Email} <br \\\/><strong>Telefon:<\\\/strong> {Telefon} <br \\\/><strong>Nachricht:<\\\/strong>{Nachricht} <br \\\/><strong>Einwilligung Datenschutz:<\\\/strong> {Bitte akzeptieren Sie unsere Datenschutzbestimmungen} <br \\\/><br \\\/><br \\\/>\"}},{\"type\":\"message\",\"id\":\"A7C658\",\"props\":{\"content\":\"\n\n<p style=\\\"text-align: center;\\\">Vielen Dank f\\u00fcr Ihre Anfrage! Wir werden uns umgehend bei Ihnen melden.<\\\/p>\"}}],\"html5validation\":true,\"reset_after_submit\":true,\"override_action_url\":false,\"action_method\":\"POST\"}},\"children\":[{\"type\":\"headline\",\"props\":{\"content\":\"Kontakt\",\"title_color\":\"muted\",\"title_element\":\"h2\",\"title_font_family\":\"secondary\",\"title_style\":\"heading-large\"}},{\"type\":\"yooessentials_form_input\",\"props\":{\"control_icon_align\":\"left\",\"grid_column_gap\":\"small\",\"grid_columns_number\":\"auto\",\"grid_row_gap\":\"small\",\"margin\":\"default\",\"show_icon\":true,\"show_label\":true},\"children\":[{\"type\":\"yooessentials_form_input_text\",\"props\":{\"control_error_message\":\"Bitte geben Sie Ihren Namen ein\",\"control_id_inherit\":true,\"control_label\":\"Vorname\",\"control_name\":\"Name\",\"control_placeholder\":\"Ihr Vorname\",\"control_required\":true}},{\"type\":\"yooessentials_form_input_text\",\"props\":{\"control_error_message\":\"Bitte geben Sie Ihren Nachnamen ein.\",\"control_id_inherit\":true,\"control_label\":\"Nachname\",\"control_name\":\"Nachname\",\"control_placeholder\":\"Ihr Familienname\",\"control_required\":true}}]},{\"type\":\"yooessentials_form_input\",\"props\":{\"control_icon_align\":\"left\",\"grid_column_gap\":\"small\",\"grid_columns_number\":\"auto\",\"grid_row_gap\":\"small\",\"margin\":\"default\",\"show_icon\":true,\"show_label\":true},\"children\":[{\"type\":\"yooessentials_form_input_email\",\"props\":{\"control_error_message\":\"Bitte geben Sie Ihre E-Mail ein\",\"control_id_inherit\":true,\"control_label\":\"E-Mail\",\"control_name\":\"Email\",\"control_placeholder\":\"Ihre E-Mail Adresse\",\"control_required\":true}},{\"type\":\"yooessentials_form_input_tel\",\"props\":{\"control_error_message\":\"Bitte geben Sie Ihre Telefonnummer an.\",\"control_id_inherit\":true,\"control_label\":\"Telefon\",\"control_name\":\"Telefon\",\"control_placeholder\":\"Ihre Telefonnummer\"}}]},{\"type\":\"yooessentials_form_textarea\",\"props\":{\"control_id_inherit\":true,\"control_label\":\"Nachricht\",\"control_name\":\"Nachricht\",\"control_placeholder\":\"Ihre Nachricht\",\"control_required\":true,\"margin\":\"default\"}},{\"type\":\"yooessentials_form_checkbox\",\"props\":{\"control_id_inherit\":true,\"control_label\":\"Einwilligung Datenschutz\",\"control_layout\":\"vertical\",\"control_name\":\"Bitte akzeptieren Sie unsere Datenschutzbestimmungen\",\"control_required\":true,\"margin\":\"default\"},\"children\":[{\"type\":\"yooessentials_form_option\",\"props\":{\"disabled\":false,\"text\":\"\n\n<p>Ja, ich habe die <a href=\\\"\\\/datenschutz\\\" target=\\\"_blank\\\" rel=\\\"noopener\\\">Datenschutzerkl\\u00e4rung<\\\/a> gelesen und stimme zu.<\\\/p>\",\"value\":\"Ja, \"}}]},{\"type\":\"yooessentials_form_honeypot\",\"props\":{\"control_error_message\":\"Bitte versuchen Sie es erneut\",\"control_min_seconds\":5,\"control_name\":\"Spamschutz\"}},{\"type\":\"yooessentials_form_button\",\"props\":{\"grid_column_gap\":\"small\",\"grid_row_gap\":\"small\",\"margin\":\"default\"},\"children\":[{\"type\":\"yooessentials_form_button_item\",\"props\":{\"button_style\":\"primary\",\"content\":\"Absenden\",\"icon\":\"chevron-double-right\",\"icon_align\":\"left\"}}]}],\"formid\":\"2e4c0dbb\"},{\"type\":\"column\",\"props\":{\"image_position\":\"center-center\",\"position_sticky_breakpoint\":\"m\",\"width_medium\":\"1-2\"},\"children\":[{\"type\":\"headline\",\"props\":{\"content\":\"<strong>Festhalle Bayernland<span class=\\\"sp-copyright\\\"><sup><span lang=\\\"DE-DE\\\">\\u00ae<\\\/span><\\\/sup><\\\/span><\\\/strong>\",\"title_color\":\"muted\",\"title_element\":\"h3\"}},{\"type\":\"text\",\"props\":{\"column_breakpoint\":\"m\",\"content\":\"\n\n<p><strong>Postanschrift:<\\\/strong><\\\/p>\\n\n\n<p>H. u. P. Sch\\u00f6niger GmbH<br \\\/>Von der Pfordten Str. 10 \\u00a0<br \\\/>80687 M\\u00fcnchen \\u00a0<\\\/p>\\n\n\n<p>Telefon\\u00a00172 \\\/ 85 30 771<br \\\/>Telefax 0700 \\\/14421000 \\u00a0<\\\/p>\\n\n\n<p>E-Mail:<span>\\u00a0<\\\/span><span id=\\\"cloak627995057a5e42e0e08c768a4ef5f9b8\\\">info ( at ) festhalle-bayernland.de<\\\/span><span>\\u00a0<\\\/span>\\u00a0<br \\\/>Internet: www.festhalle-bayernland.de<\\\/p>\\n\n\n<p>Rufen Sie uns an. Oder schreiben Sie uns - am besten gleich \\u00fcber das untenstehende Kontakt-Formular.<\\\/p>\\n\n\n<p>Wir melden uns schnellstm\\u00f6glich bei Ihnen.<br \\\/>(Reservierungen bitte ausschlie\\u00dflich \\u00fcber das<span>\\u00a0<\\\/span><a href=\\\"https:\\\/\\\/festhalle-bayernland.de\\\/volksfest\\\/\\\" title=\\\"Reservierungen f\\u00fcr das Festzelt in der Festhalle Bayernland - M\\u00fcnchen, Weilheim, N\\u00f6rdlingen, Mainburg, Abensberg - Volksfest, M\\u00fcnchner Fr\\u00fchlingsfest, Oktoberfest, Gillamoos, Gallimarkt\\\">Reservierungsformular<\\\/a><span>\\u00a0<\\\/span>vornehmen - vielen Dank!)<\\\/p>\",\"margin\":\"default\",\"text_color\":\"muted\"}}]}]}],\"name\":\"Abschlussbild\"}],\"version\":\"4.5.31\",\"yooessentialsVersion\":\"2.4.11\"} --><\/p>\n","protected":false},"excerpt":{"rendered":"<p>Peter Sch\u00f6niger Petra Sch\u00f6niger Alexandra Hauser Hermann M\u00fchlhofer Kontakt Festhalle Bayernland\u00ae Postanschrift: H. u. P. Sch\u00f6niger GmbHVon der Pfordten Str. 10 \u00a080687 M\u00fcnchen \u00a0 Telefon\u00a00172 \/ 85 30 771Telefax 0700 \/14421000 \u00a0 E-Mail:\u00a0info ( at ) festhalle-bayernland.de\u00a0\u00a0Internet: www.festhalle-bayernland.de Rufen Sie uns an. Oder schreiben Sie uns &#8211; am besten gleich \u00fcber das untenstehende Kontakt-Formular. Wir [&hellip;]<\/p>\n","protected":false},"author":2,"featured_media":0,"parent":0,"menu_order":0,"comment_status":"closed","ping_status":"closed","template":"","meta":{"footnotes":""},"class_list":["post-461","page","type-page","status-publish","hentry"],"yoast_head":"<!-- This site is optimized with the Yoast SEO plugin v27.2 - https:\/\/yoast.com\/product\/yoast-seo-wordpress\/ -->\n<title>Kontakt &#187; Festhalle Bayernland\u00ae - Bayrisch, z\u00fcnftig und modern - das Festzelt seit 1971<\/title>\n<meta name=\"description\" content=\"Kontakt &#187; Jetzt Tisch reservieren! &#187; Regionale Speisen \u2714 Tolle Stimmung \u2714 Wo nette Leute zu Freunden werden!\" \/>\n<meta name=\"robots\" content=\"index, follow, max-snippet:-1, max-image-preview:large, max-video-preview:-1\" \/>\n<link rel=\"canonical\" href=\"https:\/\/festhalle-bayernland.de\/de\/kontakt\/\" \/>\n<meta property=\"og:locale\" content=\"de_DE\" \/>\n<meta property=\"og:type\" content=\"article\" \/>\n<meta property=\"og:title\" content=\"Kontakt &#187; Festhalle Bayernland\u00ae - Bayrisch, z\u00fcnftig und modern - das Festzelt seit 1971\" \/>\n<meta property=\"og:description\" content=\"Kontakt &#187; Jetzt Tisch reservieren! &#187; Regionale Speisen \u2714 Tolle Stimmung \u2714 Wo nette Leute zu Freunden werden!\" \/>\n<meta property=\"og:url\" content=\"https:\/\/festhalle-bayernland.de\/de\/kontakt\/\" \/>\n<meta property=\"og:site_name\" content=\"Festhalle Bayernland\u00ae - Bayrisch, z\u00fcnftig und modern - das Festzelt seit 1971\" \/>\n<meta property=\"article:publisher\" content=\"https:\/\/www.facebook.com\/Festhalle.Bayernland\/\" \/>\n<meta property=\"article:modified_time\" content=\"2025-12-02T14:45:01+00:00\" \/>\n<meta property=\"og:image\" content=\"https:\/\/festhalle-bayernland.de\/wp-content\/uploads\/2025\/01\/Festhalle-Bayernland-Logo-Gold.png\" \/>\n\t<meta property=\"og:image:width\" content=\"1587\" \/>\n\t<meta property=\"og:image:height\" content=\"1020\" \/>\n\t<meta property=\"og:image:type\" content=\"image\/png\" \/>\n<meta name=\"twitter:card\" content=\"summary_large_image\" \/>\n<script type=\"application\/ld+json\" class=\"yoast-schema-graph\">{\"@context\":\"https:\/\/schema.org\",\"@graph\":[{\"@type\":\"WebPage\",\"@id\":\"https:\/\/festhalle-bayernland.de\/kontakt\/\",\"url\":\"https:\/\/festhalle-bayernland.de\/kontakt\/\",\"name\":\"Kontakt &#187; Festhalle Bayernland\u00ae - Bayrisch, z\u00fcnftig und modern - das Festzelt seit 1971\",\"isPartOf\":{\"@id\":\"https:\/\/festhalle-bayernland.de\/#website\"},\"datePublished\":\"2025-02-15T07:21:05+00:00\",\"dateModified\":\"2025-12-02T14:45:01+00:00\",\"description\":\"Kontakt &#187; Jetzt Tisch reservieren! &#187; Regionale Speisen \u2714 Tolle Stimmung \u2714 Wo nette Leute zu Freunden werden!\",\"breadcrumb\":{\"@id\":\"https:\/\/festhalle-bayernland.de\/kontakt\/#breadcrumb\"},\"inLanguage\":\"de\",\"potentialAction\":[{\"@type\":\"ReadAction\",\"target\":[\"https:\/\/festhalle-bayernland.de\/kontakt\/\"]}]},{\"@type\":\"BreadcrumbList\",\"@id\":\"https:\/\/festhalle-bayernland.de\/kontakt\/#breadcrumb\",\"itemListElement\":[{\"@type\":\"ListItem\",\"position\":1,\"name\":\"Startseite\",\"item\":\"https:\/\/festhalle-bayernland.de\/\"},{\"@type\":\"ListItem\",\"position\":2,\"name\":\"Kontakt\"}]},{\"@type\":\"WebSite\",\"@id\":\"https:\/\/festhalle-bayernland.de\/#website\",\"url\":\"https:\/\/festhalle-bayernland.de\/\",\"name\":\"Festhalle Bayernland \u00ae\",\"description\":\"... wo nette Leute zu Freunden werden.\",\"publisher\":{\"@id\":\"https:\/\/festhalle-bayernland.de\/#organization\"},\"potentialAction\":[{\"@type\":\"SearchAction\",\"target\":{\"@type\":\"EntryPoint\",\"urlTemplate\":\"https:\/\/festhalle-bayernland.de\/?s={search_term_string}\"},\"query-input\":{\"@type\":\"PropertyValueSpecification\",\"valueRequired\":true,\"valueName\":\"search_term_string\"}}],\"inLanguage\":\"de\"},{\"@type\":\"Organization\",\"@id\":\"https:\/\/festhalle-bayernland.de\/#organization\",\"name\":\"Festhalle Bayernland \u00ae\",\"url\":\"https:\/\/festhalle-bayernland.de\/\",\"logo\":{\"@type\":\"ImageObject\",\"inLanguage\":\"de\",\"@id\":\"https:\/\/festhalle-bayernland.de\/#\/schema\/logo\/image\/\",\"url\":\"https:\/\/festhalle-bayernland.de\/wp-content\/uploads\/2025\/01\/Festhalle-Bayernland-Logo-Gold.png\",\"contentUrl\":\"https:\/\/festhalle-bayernland.de\/wp-content\/uploads\/2025\/01\/Festhalle-Bayernland-Logo-Gold.png\",\"width\":1587,\"height\":1020,\"caption\":\"Festhalle Bayernland \u00ae\"},\"image\":{\"@id\":\"https:\/\/festhalle-bayernland.de\/#\/schema\/logo\/image\/\"},\"sameAs\":[\"https:\/\/www.facebook.com\/Festhalle.Bayernland\/\",\"https:\/\/www.instagram.com\/festhalle_bayernland\/\"]}]}<\/script>\n<!-- \/ Yoast SEO plugin. -->","yoast_head_json":{"title":"Kontakt &#187; Festhalle Bayernland\u00ae - Bayrisch, z\u00fcnftig und modern - das Festzelt seit 1971","description":"Kontakt &#187; Jetzt Tisch reservieren! &#187; Regionale Speisen \u2714 Tolle Stimmung \u2714 Wo nette Leute zu Freunden werden!","robots":{"index":"index","follow":"follow","max-snippet":"max-snippet:-1","max-image-preview":"max-image-preview:large","max-video-preview":"max-video-preview:-1"},"canonical":"https:\/\/festhalle-bayernland.de\/de\/kontakt\/","og_locale":"de_DE","og_type":"article","og_title":"Kontakt &#187; Festhalle Bayernland\u00ae - Bayrisch, z\u00fcnftig und modern - das Festzelt seit 1971","og_description":"Kontakt &#187; Jetzt Tisch reservieren! &#187; Regionale Speisen \u2714 Tolle Stimmung \u2714 Wo nette Leute zu Freunden werden!","og_url":"https:\/\/festhalle-bayernland.de\/de\/kontakt\/","og_site_name":"Festhalle Bayernland\u00ae - Bayrisch, z\u00fcnftig und modern - das Festzelt seit 1971","article_publisher":"https:\/\/www.facebook.com\/Festhalle.Bayernland\/","article_modified_time":"2025-12-02T14:45:01+00:00","og_image":[{"width":1587,"height":1020,"url":"https:\/\/festhalle-bayernland.de\/wp-content\/uploads\/2025\/01\/Festhalle-Bayernland-Logo-Gold.png","type":"image\/png"}],"twitter_card":"summary_large_image","schema":{"@context":"https:\/\/schema.org","@graph":[{"@type":"WebPage","@id":"https:\/\/festhalle-bayernland.de\/kontakt\/","url":"https:\/\/festhalle-bayernland.de\/kontakt\/","name":"Kontakt &#187; Festhalle Bayernland\u00ae - Bayrisch, z\u00fcnftig und modern - das Festzelt seit 1971","isPartOf":{"@id":"https:\/\/festhalle-bayernland.de\/#website"},"datePublished":"2025-02-15T07:21:05+00:00","dateModified":"2025-12-02T14:45:01+00:00","description":"Kontakt &#187; Jetzt Tisch reservieren! &#187; Regionale Speisen \u2714 Tolle Stimmung \u2714 Wo nette Leute zu Freunden werden!","breadcrumb":{"@id":"https:\/\/festhalle-bayernland.de\/kontakt\/#breadcrumb"},"inLanguage":"de","potentialAction":[{"@type":"ReadAction","target":["https:\/\/festhalle-bayernland.de\/kontakt\/"]}]},{"@type":"BreadcrumbList","@id":"https:\/\/festhalle-bayernland.de\/kontakt\/#breadcrumb","itemListElement":[{"@type":"ListItem","position":1,"name":"Startseite","item":"https:\/\/festhalle-bayernland.de\/"},{"@type":"ListItem","position":2,"name":"Kontakt"}]},{"@type":"WebSite","@id":"https:\/\/festhalle-bayernland.de\/#website","url":"https:\/\/festhalle-bayernland.de\/","name":"Festhalle Bayernland \u00ae","description":"... wo nette Leute zu Freunden werden.","publisher":{"@id":"https:\/\/festhalle-bayernland.de\/#organization"},"potentialAction":[{"@type":"SearchAction","target":{"@type":"EntryPoint","urlTemplate":"https:\/\/festhalle-bayernland.de\/?s={search_term_string}"},"query-input":{"@type":"PropertyValueSpecification","valueRequired":true,"valueName":"search_term_string"}}],"inLanguage":"de"},{"@type":"Organization","@id":"https:\/\/festhalle-bayernland.de\/#organization","name":"Festhalle Bayernland \u00ae","url":"https:\/\/festhalle-bayernland.de\/","logo":{"@type":"ImageObject","inLanguage":"de","@id":"https:\/\/festhalle-bayernland.de\/#\/schema\/logo\/image\/","url":"https:\/\/festhalle-bayernland.de\/wp-content\/uploads\/2025\/01\/Festhalle-Bayernland-Logo-Gold.png","contentUrl":"https:\/\/festhalle-bayernland.de\/wp-content\/uploads\/2025\/01\/Festhalle-Bayernland-Logo-Gold.png","width":1587,"height":1020,"caption":"Festhalle Bayernland \u00ae"},"image":{"@id":"https:\/\/festhalle-bayernland.de\/#\/schema\/logo\/image\/"},"sameAs":["https:\/\/www.facebook.com\/Festhalle.Bayernland\/","https:\/\/www.instagram.com\/festhalle_bayernland\/"]}]}},"_links":{"self":[{"href":"https:\/\/festhalle-bayernland.de\/de\/wp-json\/wp\/v2\/pages\/461","targetHints":{"allow":["GET"]}}],"collection":[{"href":"https:\/\/festhalle-bayernland.de\/de\/wp-json\/wp\/v2\/pages"}],"about":[{"href":"https:\/\/festhalle-bayernland.de\/de\/wp-json\/wp\/v2\/types\/page"}],"author":[{"embeddable":true,"href":"https:\/\/festhalle-bayernland.de\/de\/wp-json\/wp\/v2\/users\/2"}],"replies":[{"embeddable":true,"href":"https:\/\/festhalle-bayernland.de\/de\/wp-json\/wp\/v2\/comments?post=461"}],"version-history":[{"count":19,"href":"https:\/\/festhalle-bayernland.de\/de\/wp-json\/wp\/v2\/pages\/461\/revisions"}],"predecessor-version":[{"id":2828,"href":"https:\/\/festhalle-bayernland.de\/de\/wp-json\/wp\/v2\/pages\/461\/revisions\/2828"}],"wp:attachment":[{"href":"https:\/\/festhalle-bayernland.de\/de\/wp-json\/wp\/v2\/media?parent=461"}],"curies":[{"name":"wp","href":"https:\/\/api.w.org\/{rel}","templated":true}]}}